{"id":14180,"date":"2021-08-21T16:00:58","date_gmt":"2021-08-21T16:00:58","guid":{"rendered":"http:\/\/ciudadanosdelmundo.org\/?page_id=14180"},"modified":"2021-08-21T18:31:36","modified_gmt":"2021-08-21T18:31:36","slug":"actividades-2021","status":"publish","type":"page","link":"https:\/\/ciudadanosdelmundo.org\/?page_id=14180","title":{"rendered":"Actividades Fundaci\u00f3n 2021"},"content":{"rendered":"<p>[vc_row][vc_column width=\u00bb1\/1&#8243;]<h2 class=\"headline font-inherit fontsize-inherit fontweight-inherit lh-inherit align-center transform-inherit \" style=\"margin: 0 0 20px 0;\">ACTIVIDADES 2021<\/h2>[vc_row_inner][vc_column_inner width=\u00bb1\/6&#8243;]<a href=\"#marzo\" target=\"_self\" class=\"button color-2 small \" style=\"border-radius: 2px;\">MARZO<\/a>[\/vc_column_inner][vc_column_inner width=\u00bb1\/6&#8243;]<a href=\"#abril\" target=\"_self\" class=\"button color-2 small \" style=\"border-radius: 2px;\">ABRIL<\/a>[\/vc_column_inner][vc_column_inner width=\u00bb1\/6&#8243;]<a href=\"#mayo\" target=\"_self\" class=\"button color-2 small \" style=\"border-radius: 2px;\">MAYO<\/a>[\/vc_column_inner][vc_column_inner width=\u00bb1\/6&#8243;]<a href=\"#junio\" target=\"_self\" class=\"button color-2 small \" style=\"border-radius: 2px;\">JUNIO<\/a>[\/vc_column_inner][vc_column_inner width=\u00bb1\/6&#8243;]<a href=\"#agosto\" target=\"_self\" class=\"button color-2 small \" style=\"border-radius: 2px;\">AGOSTO<\/a>[\/vc_column_inner][vc_column_inner width=\u00bb1\/6&#8243;][\/vc_column_inner][\/vc_row_inner][vc_row_inner el_id=\u00bbmarzo\u00bb][vc_column_inner]<div class=\"newdivider align-center\" style=\"border-bottom-style: solid; border-color: #bfbfbf; border-bottom-width: 1px; margin-top: 20px; margin-bottom: 20px; width: 100%; \"><\/div><div class=\"clear\"><\/div><div class=\"divider-title align-center\" >MARZO 2021<\/div><div class=\"iconbox  wpb_content_element iconbox-style-4 icon-color-accent color-dark clearfix\"><div class=\"iconbox-icon\"><i class=\"fa fa-smile-o boxicon\" style=\"\"><\/i><\/div><div class=\"iconbox-content\"><h3>FESTEJANDO INFANCIAS<\/h3><p>\n<p class=\"p1\">Celebraci\u00f3n de cumplea\u00f1os de grupo de Ni\u00f1os y Ni\u00f1as del Barrio Nicole. La Matanza, Provincia de Buenos Aires<\/p>\n<p class=\"p1\">Visita: <span class=\"s1\"><a href=\"https:\/\/www.instagram.com\/festejandoinfancias\/?igshid=u5oerafsu4zo\">https:\/\/www.instagram.com\/festejandoinfancias\/?igshid=u5oerafsu4zo<\/a><\/span><\/p>\n<\/p><\/div><\/div>[\/vc_column_inner][\/vc_row_inner][vc_row_inner][vc_column_inner]<div class=\"gallery-style-2\">\n\t\t<style>\n\t\t\t#gallery-1 {\n\t\t\t\tmargin: auto;\n\t\t\t}\n\t\t\t#gallery-1 .gallery-item {\n\t\t\t\tfloat: left;\n\t\t\t\tmargin-top: 10px;\n\t\t\t\ttext-align: center;\n\t\t\t\twidth: 25%;\n\t\t\t}\n\t\t\t#gallery-1 img {\n\t\t\t\tborder: 2px solid #cfcfcf;\n\t\t\t}\n\t\t\t#gallery-1 .gallery-caption {\n\t\t\t\tmargin-left: 0;\n\t\t\t}\n\t\t\t\/* see gallery_shortcode() in wp-includes\/media.php *\/\n\t\t<\/style>\n\t\t<div id='gallery-1' class='gallery galleryid-14180 gallery-columns-4 gallery-size-thumbnail'><dl class='gallery-item'>\n\t\t\t<dt class='gallery-icon portrait'>\n\t\t\t\t<a rel=\"prettyPhoto[pp_gal]\" href='https:\/\/ciudadanosdelmundo.org\/wp-content\/uploads\/2021\/08\/MARZO-FESTEJANDO-INFANCIAS.jpeg'><img loading=\"lazy\" decoding=\"async\" width=\"150\" height=\"150\" src=\"https:\/\/ciudadanosdelmundo.org\/wp-content\/uploads\/2021\/08\/MARZO-FESTEJANDO-INFANCIAS-150x150.jpeg\" class=\"attachment-thumbnail size-thumbnail\" alt=\"\" srcset=\"https:\/\/ciudadanosdelmundo.org\/wp-content\/uploads\/2021\/08\/MARZO-FESTEJANDO-INFANCIAS-150x150.jpeg 150w, https:\/\/ciudadanosdelmundo.org\/wp-content\/uploads\/2021\/08\/MARZO-FESTEJANDO-INFANCIAS-80x80.jpeg 80w, https:\/\/ciudadanosdelmundo.org\/wp-content\/uploads\/2021\/08\/MARZO-FESTEJANDO-INFANCIAS-500x500.jpeg 500w\" sizes=\"auto, (max-width: 150px) 100vw, 150px\" \/><\/a>\n\t\t\t<\/dt><\/dl><dl class='gallery-item'>\n\t\t\t<dt class='gallery-icon landscape'>\n\t\t\t\t<a rel=\"prettyPhoto[pp_gal]\" href='https:\/\/ciudadanosdelmundo.org\/wp-content\/uploads\/2021\/08\/FESTEJANDO-INFANCIAS-FESTEJO-2.jpg'><img loading=\"lazy\" decoding=\"async\" width=\"150\" height=\"150\" src=\"https:\/\/ciudadanosdelmundo.org\/wp-content\/uploads\/2021\/08\/FESTEJANDO-INFANCIAS-FESTEJO-2-150x150.jpg\" class=\"attachment-thumbnail size-thumbnail\" alt=\"\" srcset=\"https:\/\/ciudadanosdelmundo.org\/wp-content\/uploads\/2021\/08\/FESTEJANDO-INFANCIAS-FESTEJO-2-150x150.jpg 150w, https:\/\/ciudadanosdelmundo.org\/wp-content\/uploads\/2021\/08\/FESTEJANDO-INFANCIAS-FESTEJO-2-80x80.jpg 80w, https:\/\/ciudadanosdelmundo.org\/wp-content\/uploads\/2021\/08\/FESTEJANDO-INFANCIAS-FESTEJO-2-500x500.jpg 500w\" sizes=\"auto, (max-width: 150px) 100vw, 150px\" \/><\/a>\n\t\t\t<\/dt><\/dl><dl class='gallery-item'>\n\t\t\t<dt class='gallery-icon landscape'>\n\t\t\t\t<a rel=\"prettyPhoto[pp_gal]\" href='https:\/\/ciudadanosdelmundo.org\/wp-content\/uploads\/2021\/08\/FESTEJANDO-INFANCIAS-FESTEJO.jpg'><img loading=\"lazy\" decoding=\"async\" width=\"150\" height=\"150\" src=\"https:\/\/ciudadanosdelmundo.org\/wp-content\/uploads\/2021\/08\/FESTEJANDO-INFANCIAS-FESTEJO-150x150.jpg\" class=\"attachment-thumbnail size-thumbnail\" alt=\"\" srcset=\"https:\/\/ciudadanosdelmundo.org\/wp-content\/uploads\/2021\/08\/FESTEJANDO-INFANCIAS-FESTEJO-150x150.jpg 150w, https:\/\/ciudadanosdelmundo.org\/wp-content\/uploads\/2021\/08\/FESTEJANDO-INFANCIAS-FESTEJO-80x80.jpg 80w, https:\/\/ciudadanosdelmundo.org\/wp-content\/uploads\/2021\/08\/FESTEJANDO-INFANCIAS-FESTEJO-500x500.jpg 500w\" sizes=\"auto, (max-width: 150px) 100vw, 150px\" \/><\/a>\n\t\t\t<\/dt><\/dl><dl class='gallery-item'>\n\t\t\t<dt class='gallery-icon landscape'>\n\t\t\t\t<a rel=\"prettyPhoto[pp_gal]\" href='https:\/\/ciudadanosdelmundo.org\/wp-content\/uploads\/2021\/08\/FESTEJANDO-INFANCIAS-FESTEJO-3.jpg'><img loading=\"lazy\" decoding=\"async\" width=\"150\" height=\"150\" src=\"https:\/\/ciudadanosdelmundo.org\/wp-content\/uploads\/2021\/08\/FESTEJANDO-INFANCIAS-FESTEJO-3-150x150.jpg\" class=\"attachment-thumbnail size-thumbnail\" alt=\"\" srcset=\"https:\/\/ciudadanosdelmundo.org\/wp-content\/uploads\/2021\/08\/FESTEJANDO-INFANCIAS-FESTEJO-3-150x150.jpg 150w, https:\/\/ciudadanosdelmundo.org\/wp-content\/uploads\/2021\/08\/FESTEJANDO-INFANCIAS-FESTEJO-3-80x80.jpg 80w, https:\/\/ciudadanosdelmundo.org\/wp-content\/uploads\/2021\/08\/FESTEJANDO-INFANCIAS-FESTEJO-3-500x500.jpg 500w\" sizes=\"auto, (max-width: 150px) 100vw, 150px\" \/><\/a>\n\t\t\t<\/dt><\/dl><br style=\"clear: both\" \/>\n\t\t<\/div>\n<\/div>[\/vc_column_inner][\/vc_row_inner]<div class=\"iconbox  wpb_content_element iconbox-style-4 icon-color-accent color-dark clearfix\"><div class=\"iconbox-icon\"><i class=\"fa fa-book boxicon\" style=\"\"><\/i><\/div><div class=\"iconbox-content\"><h3>COMIENZO CICLO LECTIVO EEPI NI\u00d1OS DEL MUNDO<\/h3><p>\n<p class=\"p1\">Balvanera, C.A.B.A.<span class=\"Apple-converted-space\">\u00a0<\/span><\/p>\n<\/p><\/div><\/div>[vc_row_inner][vc_column_inner]<div class=\"gallery-style-2\">\n\t\t<style>\n\t\t\t#gallery-2 {\n\t\t\t\tmargin: auto;\n\t\t\t}\n\t\t\t#gallery-2 .gallery-item {\n\t\t\t\tfloat: left;\n\t\t\t\tmargin-top: 10px;\n\t\t\t\ttext-align: center;\n\t\t\t\twidth: 25%;\n\t\t\t}\n\t\t\t#gallery-2 img {\n\t\t\t\tborder: 2px solid #cfcfcf;\n\t\t\t}\n\t\t\t#gallery-2 .gallery-caption {\n\t\t\t\tmargin-left: 0;\n\t\t\t}\n\t\t\t\/* see gallery_shortcode() in wp-includes\/media.php *\/\n\t\t<\/style>\n\t\t<div id='gallery-2' class='gallery galleryid-14180 gallery-columns-4 gallery-size-thumbnail'><dl class='gallery-item'>\n\t\t\t<dt class='gallery-icon landscape'>\n\t\t\t\t<a rel=\"prettyPhoto[pp_gal]\" href='https:\/\/ciudadanosdelmundo.org\/wp-content\/uploads\/2021\/08\/INICIO-DE-CLASES-3.jpg'><img loading=\"lazy\" decoding=\"async\" width=\"150\" height=\"150\" src=\"https:\/\/ciudadanosdelmundo.org\/wp-content\/uploads\/2021\/08\/INICIO-DE-CLASES-3-150x150.jpg\" class=\"attachment-thumbnail size-thumbnail\" alt=\"\" srcset=\"https:\/\/ciudadanosdelmundo.org\/wp-content\/uploads\/2021\/08\/INICIO-DE-CLASES-3-150x150.jpg 150w, https:\/\/ciudadanosdelmundo.org\/wp-content\/uploads\/2021\/08\/INICIO-DE-CLASES-3-80x80.jpg 80w, https:\/\/ciudadanosdelmundo.org\/wp-content\/uploads\/2021\/08\/INICIO-DE-CLASES-3-500x500.jpg 500w\" sizes=\"auto, (max-width: 150px) 100vw, 150px\" \/><\/a>\n\t\t\t<\/dt><\/dl><dl class='gallery-item'>\n\t\t\t<dt class='gallery-icon landscape'>\n\t\t\t\t<a rel=\"prettyPhoto[pp_gal]\" href='https:\/\/ciudadanosdelmundo.org\/wp-content\/uploads\/2021\/08\/INICIO-DE-CLASES-5.jpg'><img loading=\"lazy\" decoding=\"async\" width=\"150\" height=\"150\" src=\"https:\/\/ciudadanosdelmundo.org\/wp-content\/uploads\/2021\/08\/INICIO-DE-CLASES-5-150x150.jpg\" class=\"attachment-thumbnail size-thumbnail\" alt=\"\" srcset=\"https:\/\/ciudadanosdelmundo.org\/wp-content\/uploads\/2021\/08\/INICIO-DE-CLASES-5-150x150.jpg 150w, https:\/\/ciudadanosdelmundo.org\/wp-content\/uploads\/2021\/08\/INICIO-DE-CLASES-5-80x80.jpg 80w, https:\/\/ciudadanosdelmundo.org\/wp-content\/uploads\/2021\/08\/INICIO-DE-CLASES-5-500x500.jpg 500w\" sizes=\"auto, (max-width: 150px) 100vw, 150px\" \/><\/a>\n\t\t\t<\/dt><\/dl><dl class='gallery-item'>\n\t\t\t<dt class='gallery-icon landscape'>\n\t\t\t\t<a rel=\"prettyPhoto[pp_gal]\" href='https:\/\/ciudadanosdelmundo.org\/wp-content\/uploads\/2021\/08\/INICIO-DE-CLASES.jpeg'><img loading=\"lazy\" decoding=\"async\" width=\"150\" height=\"150\" src=\"https:\/\/ciudadanosdelmundo.org\/wp-content\/uploads\/2021\/08\/INICIO-DE-CLASES-150x150.jpeg\" class=\"attachment-thumbnail size-thumbnail\" alt=\"\" srcset=\"https:\/\/ciudadanosdelmundo.org\/wp-content\/uploads\/2021\/08\/INICIO-DE-CLASES-150x150.jpeg 150w, https:\/\/ciudadanosdelmundo.org\/wp-content\/uploads\/2021\/08\/INICIO-DE-CLASES-80x80.jpeg 80w, https:\/\/ciudadanosdelmundo.org\/wp-content\/uploads\/2021\/08\/INICIO-DE-CLASES-500x500.jpeg 500w\" sizes=\"auto, (max-width: 150px) 100vw, 150px\" \/><\/a>\n\t\t\t<\/dt><\/dl><dl class='gallery-item'>\n\t\t\t<dt class='gallery-icon portrait'>\n\t\t\t\t<a rel=\"prettyPhoto[pp_gal]\" href='https:\/\/ciudadanosdelmundo.org\/wp-content\/uploads\/2021\/08\/INICIO-DE-CLASES-4.jpg'><img loading=\"lazy\" decoding=\"async\" width=\"150\" height=\"150\" src=\"https:\/\/ciudadanosdelmundo.org\/wp-content\/uploads\/2021\/08\/INICIO-DE-CLASES-4-150x150.jpg\" class=\"attachment-thumbnail size-thumbnail\" alt=\"\" srcset=\"https:\/\/ciudadanosdelmundo.org\/wp-content\/uploads\/2021\/08\/INICIO-DE-CLASES-4-150x150.jpg 150w, https:\/\/ciudadanosdelmundo.org\/wp-content\/uploads\/2021\/08\/INICIO-DE-CLASES-4-80x80.jpg 80w, https:\/\/ciudadanosdelmundo.org\/wp-content\/uploads\/2021\/08\/INICIO-DE-CLASES-4-500x500.jpg 500w\" sizes=\"auto, (max-width: 150px) 100vw, 150px\" \/><\/a>\n\t\t\t<\/dt><\/dl><br style=\"clear: both\" \/>\n\t\t<\/div>\n<\/div>[\/vc_column_inner][\/vc_row_inner]<div class=\"iconbox  wpb_content_element iconbox-style-4 icon-color-accent color-dark clearfix\"><div class=\"iconbox-icon\"><i class=\"fa fa-cart-arrow-down boxicon\" style=\"\"><\/i><\/div><div class=\"iconbox-content\"><h3>FERIA AMERICANA<\/h3><p>\n<p class=\"p1\">Donaciones para hacer la Feria Americana para recaudar fondos para el Centro Comunitario del Barrio Nicole. La Matanza, Provincia de Buenos Aires<\/p>\n<\/p><\/div><\/div>[vc_row_inner][vc_column_inner]<div class=\"gallery-style-2\">\n\t\t<style>\n\t\t\t#gallery-3 {\n\t\t\t\tmargin: auto;\n\t\t\t}\n\t\t\t#gallery-3 .gallery-item {\n\t\t\t\tfloat: left;\n\t\t\t\tmargin-top: 10px;\n\t\t\t\ttext-align: center;\n\t\t\t\twidth: 25%;\n\t\t\t}\n\t\t\t#gallery-3 img {\n\t\t\t\tborder: 2px solid #cfcfcf;\n\t\t\t}\n\t\t\t#gallery-3 .gallery-caption {\n\t\t\t\tmargin-left: 0;\n\t\t\t}\n\t\t\t\/* see gallery_shortcode() in wp-includes\/media.php *\/\n\t\t<\/style>\n\t\t<div id='gallery-3' class='gallery galleryid-14180 gallery-columns-4 gallery-size-thumbnail'><dl class='gallery-item'>\n\t\t\t<dt class='gallery-icon landscape'>\n\t\t\t\t<a rel=\"prettyPhoto[pp_gal]\" href='https:\/\/ciudadanosdelmundo.org\/wp-content\/uploads\/2021\/08\/FERIA-AMERICANA-3.jpg'><img loading=\"lazy\" decoding=\"async\" width=\"150\" height=\"150\" src=\"https:\/\/ciudadanosdelmundo.org\/wp-content\/uploads\/2021\/08\/FERIA-AMERICANA-3-150x150.jpg\" class=\"attachment-thumbnail size-thumbnail\" alt=\"\" srcset=\"https:\/\/ciudadanosdelmundo.org\/wp-content\/uploads\/2021\/08\/FERIA-AMERICANA-3-150x150.jpg 150w, https:\/\/ciudadanosdelmundo.org\/wp-content\/uploads\/2021\/08\/FERIA-AMERICANA-3-80x80.jpg 80w\" sizes=\"auto, (max-width: 150px) 100vw, 150px\" \/><\/a>\n\t\t\t<\/dt><\/dl><dl class='gallery-item'>\n\t\t\t<dt class='gallery-icon landscape'>\n\t\t\t\t<a rel=\"prettyPhoto[pp_gal]\" href='https:\/\/ciudadanosdelmundo.org\/wp-content\/uploads\/2021\/08\/FERIA-AMERICANA.jpg'><img loading=\"lazy\" decoding=\"async\" width=\"150\" height=\"150\" src=\"https:\/\/ciudadanosdelmundo.org\/wp-content\/uploads\/2021\/08\/FERIA-AMERICANA-150x150.jpg\" class=\"attachment-thumbnail size-thumbnail\" alt=\"\" srcset=\"https:\/\/ciudadanosdelmundo.org\/wp-content\/uploads\/2021\/08\/FERIA-AMERICANA-150x150.jpg 150w, https:\/\/ciudadanosdelmundo.org\/wp-content\/uploads\/2021\/08\/FERIA-AMERICANA-80x80.jpg 80w\" sizes=\"auto, (max-width: 150px) 100vw, 150px\" \/><\/a>\n\t\t\t<\/dt><\/dl><dl class='gallery-item'>\n\t\t\t<dt class='gallery-icon landscape'>\n\t\t\t\t<a rel=\"prettyPhoto[pp_gal]\" href='https:\/\/ciudadanosdelmundo.org\/wp-content\/uploads\/2021\/08\/FERIA-AMERICANA-2.jpg'><img loading=\"lazy\" decoding=\"async\" width=\"150\" height=\"150\" src=\"https:\/\/ciudadanosdelmundo.org\/wp-content\/uploads\/2021\/08\/FERIA-AMERICANA-2-150x150.jpg\" class=\"attachment-thumbnail size-thumbnail\" alt=\"\" srcset=\"https:\/\/ciudadanosdelmundo.org\/wp-content\/uploads\/2021\/08\/FERIA-AMERICANA-2-150x150.jpg 150w, https:\/\/ciudadanosdelmundo.org\/wp-content\/uploads\/2021\/08\/FERIA-AMERICANA-2-80x80.jpg 80w\" sizes=\"auto, (max-width: 150px) 100vw, 150px\" \/><\/a>\n\t\t\t<\/dt><\/dl><dl class='gallery-item'>\n\t\t\t<dt class='gallery-icon landscape'>\n\t\t\t\t<a rel=\"prettyPhoto[pp_gal]\" href='https:\/\/ciudadanosdelmundo.org\/wp-content\/uploads\/2021\/08\/FERIA-AMERICANA-4.jpg'><img loading=\"lazy\" decoding=\"async\" width=\"150\" height=\"150\" src=\"https:\/\/ciudadanosdelmundo.org\/wp-content\/uploads\/2021\/08\/FERIA-AMERICANA-4-150x150.jpg\" class=\"attachment-thumbnail size-thumbnail\" alt=\"\" srcset=\"https:\/\/ciudadanosdelmundo.org\/wp-content\/uploads\/2021\/08\/FERIA-AMERICANA-4-150x150.jpg 150w, https:\/\/ciudadanosdelmundo.org\/wp-content\/uploads\/2021\/08\/FERIA-AMERICANA-4-80x80.jpg 80w\" sizes=\"auto, (max-width: 150px) 100vw, 150px\" \/><\/a>\n\t\t\t<\/dt><\/dl><br style=\"clear: both\" \/>\n\t\t<\/div>\n<\/div>[\/vc_column_inner][\/vc_row_inner]<div class=\"iconbox  wpb_content_element iconbox-style-4 icon-color-accent color-dark clearfix\"><div class=\"iconbox-icon\"><i class=\"fa fa-book boxicon\" style=\"\"><\/i><\/div><div class=\"iconbox-content\"><h3>ESCUELA DE LIDERES COMUNITARIOS \u2013 SEDE VIRREY DEL PINO<\/h3><p>\n<p class=\"p1\">Reuni\u00f3n Informativa de apertura de \u201cEscuela de L\u00edderes Comunitarios, transform\u00e1 tu comunidad\u201d<span class=\"Apple-converted-space\"> \u00a0<\/span><\/p>\n<p class=\"p1\">Sede Virrey del Pino, La Matanza, Provincia de Buenos Aires<\/p>\n<\/p><\/div><\/div>[vc_row_inner][vc_column_inner width=\u00bb1\/4&#8243;][\/vc_column_inner][vc_column_inner width=\u00bb1\/2&#8243;]<div class=\"gallery-style-2\">\n\t\t<style>\n\t\t\t#gallery-4 {\n\t\t\t\tmargin: auto;\n\t\t\t}\n\t\t\t#gallery-4 .gallery-item {\n\t\t\t\tfloat: left;\n\t\t\t\tmargin-top: 10px;\n\t\t\t\ttext-align: center;\n\t\t\t\twidth: 50%;\n\t\t\t}\n\t\t\t#gallery-4 img {\n\t\t\t\tborder: 2px solid #cfcfcf;\n\t\t\t}\n\t\t\t#gallery-4 .gallery-caption {\n\t\t\t\tmargin-left: 0;\n\t\t\t}\n\t\t\t\/* see gallery_shortcode() in wp-includes\/media.php *\/\n\t\t<\/style>\n\t\t<div id='gallery-4' class='gallery galleryid-14180 gallery-columns-2 gallery-size-thumbnail'><dl class='gallery-item'>\n\t\t\t<dt class='gallery-icon portrait'>\n\t\t\t\t<a rel=\"prettyPhoto[pp_gal]\" href='https:\/\/ciudadanosdelmundo.org\/wp-content\/uploads\/2021\/08\/VIRREY-DEL-PINO-ESCUELA-DE-LIDERES-2-CENTRO-COMUNITARIO-FUE-GISELA.jpg'><img loading=\"lazy\" decoding=\"async\" width=\"150\" height=\"150\" src=\"https:\/\/ciudadanosdelmundo.org\/wp-content\/uploads\/2021\/08\/VIRREY-DEL-PINO-ESCUELA-DE-LIDERES-2-CENTRO-COMUNITARIO-FUE-GISELA-150x150.jpg\" class=\"attachment-thumbnail size-thumbnail\" alt=\"\" srcset=\"https:\/\/ciudadanosdelmundo.org\/wp-content\/uploads\/2021\/08\/VIRREY-DEL-PINO-ESCUELA-DE-LIDERES-2-CENTRO-COMUNITARIO-FUE-GISELA-150x150.jpg 150w, https:\/\/ciudadanosdelmundo.org\/wp-content\/uploads\/2021\/08\/VIRREY-DEL-PINO-ESCUELA-DE-LIDERES-2-CENTRO-COMUNITARIO-FUE-GISELA-80x80.jpg 80w, https:\/\/ciudadanosdelmundo.org\/wp-content\/uploads\/2021\/08\/VIRREY-DEL-PINO-ESCUELA-DE-LIDERES-2-CENTRO-COMUNITARIO-FUE-GISELA-500x500.jpg 500w\" sizes=\"auto, (max-width: 150px) 100vw, 150px\" \/><\/a>\n\t\t\t<\/dt><\/dl><dl class='gallery-item'>\n\t\t\t<dt class='gallery-icon portrait'>\n\t\t\t\t<a rel=\"prettyPhoto[pp_gal]\" href='https:\/\/ciudadanosdelmundo.org\/wp-content\/uploads\/2021\/08\/VIRREY-DEL-PINO-ESCUELA-DE-LIDERES.jpg'><img loading=\"lazy\" decoding=\"async\" width=\"150\" height=\"150\" src=\"https:\/\/ciudadanosdelmundo.org\/wp-content\/uploads\/2021\/08\/VIRREY-DEL-PINO-ESCUELA-DE-LIDERES-150x150.jpg\" class=\"attachment-thumbnail size-thumbnail\" alt=\"\" srcset=\"https:\/\/ciudadanosdelmundo.org\/wp-content\/uploads\/2021\/08\/VIRREY-DEL-PINO-ESCUELA-DE-LIDERES-150x150.jpg 150w, https:\/\/ciudadanosdelmundo.org\/wp-content\/uploads\/2021\/08\/VIRREY-DEL-PINO-ESCUELA-DE-LIDERES-80x80.jpg 80w, https:\/\/ciudadanosdelmundo.org\/wp-content\/uploads\/2021\/08\/VIRREY-DEL-PINO-ESCUELA-DE-LIDERES-500x500.jpg 500w\" sizes=\"auto, (max-width: 150px) 100vw, 150px\" \/><\/a>\n\t\t\t<\/dt><\/dl><br style=\"clear: both\" \/>\n\t\t<\/div>\n<\/div>[\/vc_column_inner][vc_column_inner width=\u00bb1\/4&#8243;][\/vc_column_inner][\/vc_row_inner]<div class=\"iconbox  wpb_content_element iconbox-style-4 icon-color-accent color-dark clearfix\"><div class=\"iconbox-icon\"><i class=\"fa fa-book boxicon\" style=\"\"><\/i><\/div><div class=\"iconbox-content\"><h3>ESCUELA DE LIDERES COMUNITARIOS \u2013 SEDE VIRREY DEL PINO<\/h3><p>\n<p class=\"p1\">Inicio de clases \u201cEscuela de L\u00edderes Comunitarios, transform\u00e1 tu comunidad\u201d<span class=\"Apple-converted-space\">\u00a0<\/span><\/p>\n<p class=\"p1\">Sede Virrey del Pino, La Matanza, Provincia de Buenos Aires<\/p>\n<\/p><\/div><\/div>[vc_row_inner][vc_column_inner]<div class=\"gallery-style-2\">\n\t\t<style>\n\t\t\t#gallery-5 {\n\t\t\t\tmargin: auto;\n\t\t\t}\n\t\t\t#gallery-5 .gallery-item {\n\t\t\t\tfloat: left;\n\t\t\t\tmargin-top: 10px;\n\t\t\t\ttext-align: center;\n\t\t\t\twidth: 25%;\n\t\t\t}\n\t\t\t#gallery-5 img {\n\t\t\t\tborder: 2px solid #cfcfcf;\n\t\t\t}\n\t\t\t#gallery-5 .gallery-caption {\n\t\t\t\tmargin-left: 0;\n\t\t\t}\n\t\t\t\/* see gallery_shortcode() in wp-includes\/media.php *\/\n\t\t<\/style>\n\t\t<div id='gallery-5' class='gallery galleryid-14180 gallery-columns-4 gallery-size-thumbnail'><dl class='gallery-item'>\n\t\t\t<dt class='gallery-icon landscape'>\n\t\t\t\t<a rel=\"prettyPhoto[pp_gal]\" href='https:\/\/ciudadanosdelmundo.org\/wp-content\/uploads\/2021\/08\/ESCUELA-DE-LIDERES-CHEQUEAR-ES-EN-UNA-IGLESIA-4.jpg'><img loading=\"lazy\" decoding=\"async\" width=\"150\" height=\"150\" src=\"https:\/\/ciudadanosdelmundo.org\/wp-content\/uploads\/2021\/08\/ESCUELA-DE-LIDERES-CHEQUEAR-ES-EN-UNA-IGLESIA-4-150x150.jpg\" class=\"attachment-thumbnail size-thumbnail\" alt=\"\" srcset=\"https:\/\/ciudadanosdelmundo.org\/wp-content\/uploads\/2021\/08\/ESCUELA-DE-LIDERES-CHEQUEAR-ES-EN-UNA-IGLESIA-4-150x150.jpg 150w, https:\/\/ciudadanosdelmundo.org\/wp-content\/uploads\/2021\/08\/ESCUELA-DE-LIDERES-CHEQUEAR-ES-EN-UNA-IGLESIA-4-80x80.jpg 80w, https:\/\/ciudadanosdelmundo.org\/wp-content\/uploads\/2021\/08\/ESCUELA-DE-LIDERES-CHEQUEAR-ES-EN-UNA-IGLESIA-4-500x500.jpg 500w\" sizes=\"auto, (max-width: 150px) 100vw, 150px\" \/><\/a>\n\t\t\t<\/dt><\/dl><dl class='gallery-item'>\n\t\t\t<dt class='gallery-icon landscape'>\n\t\t\t\t<a rel=\"prettyPhoto[pp_gal]\" href='https:\/\/ciudadanosdelmundo.org\/wp-content\/uploads\/2021\/08\/ESCUELA-DE-LIDERES-CHEQUEAR-ES-EN-UNA-IGLESIA-7.jpg'><img loading=\"lazy\" decoding=\"async\" width=\"150\" height=\"150\" src=\"https:\/\/ciudadanosdelmundo.org\/wp-content\/uploads\/2021\/08\/ESCUELA-DE-LIDERES-CHEQUEAR-ES-EN-UNA-IGLESIA-7-150x150.jpg\" class=\"attachment-thumbnail size-thumbnail\" alt=\"\" srcset=\"https:\/\/ciudadanosdelmundo.org\/wp-content\/uploads\/2021\/08\/ESCUELA-DE-LIDERES-CHEQUEAR-ES-EN-UNA-IGLESIA-7-150x150.jpg 150w, https:\/\/ciudadanosdelmundo.org\/wp-content\/uploads\/2021\/08\/ESCUELA-DE-LIDERES-CHEQUEAR-ES-EN-UNA-IGLESIA-7-80x80.jpg 80w, https:\/\/ciudadanosdelmundo.org\/wp-content\/uploads\/2021\/08\/ESCUELA-DE-LIDERES-CHEQUEAR-ES-EN-UNA-IGLESIA-7-500x500.jpg 500w\" sizes=\"auto, (max-width: 150px) 100vw, 150px\" \/><\/a>\n\t\t\t<\/dt><\/dl><dl class='gallery-item'>\n\t\t\t<dt class='gallery-icon portrait'>\n\t\t\t\t<a rel=\"prettyPhoto[pp_gal]\" href='https:\/\/ciudadanosdelmundo.org\/wp-content\/uploads\/2021\/08\/ESCUELA-DE-LIDERES-CHEQUEAR-ES-EN-UNA-IGLESIA-3.jpg'><img loading=\"lazy\" decoding=\"async\" width=\"150\" height=\"150\" src=\"https:\/\/ciudadanosdelmundo.org\/wp-content\/uploads\/2021\/08\/ESCUELA-DE-LIDERES-CHEQUEAR-ES-EN-UNA-IGLESIA-3-150x150.jpg\" class=\"attachment-thumbnail size-thumbnail\" alt=\"\" srcset=\"https:\/\/ciudadanosdelmundo.org\/wp-content\/uploads\/2021\/08\/ESCUELA-DE-LIDERES-CHEQUEAR-ES-EN-UNA-IGLESIA-3-150x150.jpg 150w, https:\/\/ciudadanosdelmundo.org\/wp-content\/uploads\/2021\/08\/ESCUELA-DE-LIDERES-CHEQUEAR-ES-EN-UNA-IGLESIA-3-80x80.jpg 80w, https:\/\/ciudadanosdelmundo.org\/wp-content\/uploads\/2021\/08\/ESCUELA-DE-LIDERES-CHEQUEAR-ES-EN-UNA-IGLESIA-3-500x500.jpg 500w\" sizes=\"auto, (max-width: 150px) 100vw, 150px\" \/><\/a>\n\t\t\t<\/dt><\/dl><dl class='gallery-item'>\n\t\t\t<dt class='gallery-icon landscape'>\n\t\t\t\t<a rel=\"prettyPhoto[pp_gal]\" href='https:\/\/ciudadanosdelmundo.org\/wp-content\/uploads\/2021\/08\/ESCUELA-DE-LIDERES-CHEQUEAR-ES-EN-UNA-IGLESIA-2.jpg'><img loading=\"lazy\" decoding=\"async\" width=\"150\" height=\"150\" src=\"https:\/\/ciudadanosdelmundo.org\/wp-content\/uploads\/2021\/08\/ESCUELA-DE-LIDERES-CHEQUEAR-ES-EN-UNA-IGLESIA-2-150x150.jpg\" class=\"attachment-thumbnail size-thumbnail\" alt=\"\" srcset=\"https:\/\/ciudadanosdelmundo.org\/wp-content\/uploads\/2021\/08\/ESCUELA-DE-LIDERES-CHEQUEAR-ES-EN-UNA-IGLESIA-2-150x150.jpg 150w, https:\/\/ciudadanosdelmundo.org\/wp-content\/uploads\/2021\/08\/ESCUELA-DE-LIDERES-CHEQUEAR-ES-EN-UNA-IGLESIA-2-80x80.jpg 80w, https:\/\/ciudadanosdelmundo.org\/wp-content\/uploads\/2021\/08\/ESCUELA-DE-LIDERES-CHEQUEAR-ES-EN-UNA-IGLESIA-2-500x500.jpg 500w\" sizes=\"auto, (max-width: 150px) 100vw, 150px\" \/><\/a>\n\t\t\t<\/dt><\/dl><br style=\"clear: both\" \/><dl class='gallery-item'>\n\t\t\t<dt class='gallery-icon landscape'>\n\t\t\t\t<a rel=\"prettyPhoto[pp_gal]\" href='https:\/\/ciudadanosdelmundo.org\/wp-content\/uploads\/2021\/08\/ESCUELA-DE-LIDERES-CHEQUEAR-ES-EN-UNA-IGLESIA.jpg'><img loading=\"lazy\" decoding=\"async\" width=\"150\" height=\"150\" src=\"https:\/\/ciudadanosdelmundo.org\/wp-content\/uploads\/2021\/08\/ESCUELA-DE-LIDERES-CHEQUEAR-ES-EN-UNA-IGLESIA-150x150.jpg\" class=\"attachment-thumbnail size-thumbnail\" alt=\"\" srcset=\"https:\/\/ciudadanosdelmundo.org\/wp-content\/uploads\/2021\/08\/ESCUELA-DE-LIDERES-CHEQUEAR-ES-EN-UNA-IGLESIA-150x150.jpg 150w, https:\/\/ciudadanosdelmundo.org\/wp-content\/uploads\/2021\/08\/ESCUELA-DE-LIDERES-CHEQUEAR-ES-EN-UNA-IGLESIA-80x80.jpg 80w, https:\/\/ciudadanosdelmundo.org\/wp-content\/uploads\/2021\/08\/ESCUELA-DE-LIDERES-CHEQUEAR-ES-EN-UNA-IGLESIA-500x500.jpg 500w\" sizes=\"auto, (max-width: 150px) 100vw, 150px\" \/><\/a>\n\t\t\t<\/dt><\/dl><dl class='gallery-item'>\n\t\t\t<dt class='gallery-icon landscape'>\n\t\t\t\t<a rel=\"prettyPhoto[pp_gal]\" href='https:\/\/ciudadanosdelmundo.org\/wp-content\/uploads\/2021\/08\/ESCUELA-DE-LIDERES-CHEQUEAR-ES-EN-UNA-IGLESIA-9.jpg'><img loading=\"lazy\" decoding=\"async\" width=\"150\" height=\"150\" src=\"https:\/\/ciudadanosdelmundo.org\/wp-content\/uploads\/2021\/08\/ESCUELA-DE-LIDERES-CHEQUEAR-ES-EN-UNA-IGLESIA-9-150x150.jpg\" class=\"attachment-thumbnail size-thumbnail\" alt=\"\" srcset=\"https:\/\/ciudadanosdelmundo.org\/wp-content\/uploads\/2021\/08\/ESCUELA-DE-LIDERES-CHEQUEAR-ES-EN-UNA-IGLESIA-9-150x150.jpg 150w, https:\/\/ciudadanosdelmundo.org\/wp-content\/uploads\/2021\/08\/ESCUELA-DE-LIDERES-CHEQUEAR-ES-EN-UNA-IGLESIA-9-80x80.jpg 80w, https:\/\/ciudadanosdelmundo.org\/wp-content\/uploads\/2021\/08\/ESCUELA-DE-LIDERES-CHEQUEAR-ES-EN-UNA-IGLESIA-9-500x500.jpg 500w\" sizes=\"auto, (max-width: 150px) 100vw, 150px\" \/><\/a>\n\t\t\t<\/dt><\/dl><dl class='gallery-item'>\n\t\t\t<dt class='gallery-icon landscape'>\n\t\t\t\t<a rel=\"prettyPhoto[pp_gal]\" href='https:\/\/ciudadanosdelmundo.org\/wp-content\/uploads\/2021\/08\/ESCUELA-DE-LIDERES-CHEQUEAR-ES-EN-UNA-IGLESIA-5.jpg'><img loading=\"lazy\" decoding=\"async\" width=\"150\" height=\"150\" src=\"https:\/\/ciudadanosdelmundo.org\/wp-content\/uploads\/2021\/08\/ESCUELA-DE-LIDERES-CHEQUEAR-ES-EN-UNA-IGLESIA-5-150x150.jpg\" class=\"attachment-thumbnail size-thumbnail\" alt=\"\" srcset=\"https:\/\/ciudadanosdelmundo.org\/wp-content\/uploads\/2021\/08\/ESCUELA-DE-LIDERES-CHEQUEAR-ES-EN-UNA-IGLESIA-5-150x150.jpg 150w, https:\/\/ciudadanosdelmundo.org\/wp-content\/uploads\/2021\/08\/ESCUELA-DE-LIDERES-CHEQUEAR-ES-EN-UNA-IGLESIA-5-80x80.jpg 80w, https:\/\/ciudadanosdelmundo.org\/wp-content\/uploads\/2021\/08\/ESCUELA-DE-LIDERES-CHEQUEAR-ES-EN-UNA-IGLESIA-5-500x500.jpg 500w\" sizes=\"auto, (max-width: 150px) 100vw, 150px\" \/><\/a>\n\t\t\t<\/dt><\/dl><dl class='gallery-item'>\n\t\t\t<dt class='gallery-icon landscape'>\n\t\t\t\t<a rel=\"prettyPhoto[pp_gal]\" href='https:\/\/ciudadanosdelmundo.org\/wp-content\/uploads\/2021\/08\/ESCUELA-DE-LIDERES-CHEQUEAR-ES-EN-UNA-IGLESIA-6.jpg'><img loading=\"lazy\" decoding=\"async\" width=\"150\" height=\"150\" src=\"https:\/\/ciudadanosdelmundo.org\/wp-content\/uploads\/2021\/08\/ESCUELA-DE-LIDERES-CHEQUEAR-ES-EN-UNA-IGLESIA-6-150x150.jpg\" class=\"attachment-thumbnail size-thumbnail\" alt=\"\" srcset=\"https:\/\/ciudadanosdelmundo.org\/wp-content\/uploads\/2021\/08\/ESCUELA-DE-LIDERES-CHEQUEAR-ES-EN-UNA-IGLESIA-6-150x150.jpg 150w, https:\/\/ciudadanosdelmundo.org\/wp-content\/uploads\/2021\/08\/ESCUELA-DE-LIDERES-CHEQUEAR-ES-EN-UNA-IGLESIA-6-80x80.jpg 80w, https:\/\/ciudadanosdelmundo.org\/wp-content\/uploads\/2021\/08\/ESCUELA-DE-LIDERES-CHEQUEAR-ES-EN-UNA-IGLESIA-6-500x500.jpg 500w\" sizes=\"auto, (max-width: 150px) 100vw, 150px\" \/><\/a>\n\t\t\t<\/dt><\/dl><br style=\"clear: both\" \/>\n\t\t<\/div>\n<\/div>[\/vc_column_inner][\/vc_row_inner]<div class=\"iconbox  wpb_content_element iconbox-style-4 icon-color-accent color-dark clearfix\"><div class=\"iconbox-icon\"><i class=\"fa fa-book boxicon\" style=\"\"><\/i><\/div><div class=\"iconbox-content\"><h3>ESCUELA DE LIDERES COMUNITARIOS \u2013 SEDE GONZALEZ CATAN<\/h3><p>\n<p class=\"p1\">Inicio de clases \u201cEscuela de L\u00edderes Comunitarios, transform\u00e1 tu comunidad\u201d<span class=\"Apple-converted-space\">\u00a0<\/span><\/p>\n<p class=\"p1\">Sede Gonz\u00e1lez Cat\u00e1n, La Matanza, Provincia de Buenos Aires<span class=\"Apple-converted-space\">\u00a0<\/span><\/p>\n<\/p><\/div><\/div>[vc_row_inner][vc_column_inner]<div class=\"gallery-style-2\">\n\t\t<style>\n\t\t\t#gallery-6 {\n\t\t\t\tmargin: auto;\n\t\t\t}\n\t\t\t#gallery-6 .gallery-item {\n\t\t\t\tfloat: left;\n\t\t\t\tmargin-top: 10px;\n\t\t\t\ttext-align: center;\n\t\t\t\twidth: 25%;\n\t\t\t}\n\t\t\t#gallery-6 img {\n\t\t\t\tborder: 2px solid #cfcfcf;\n\t\t\t}\n\t\t\t#gallery-6 .gallery-caption {\n\t\t\t\tmargin-left: 0;\n\t\t\t}\n\t\t\t\/* see gallery_shortcode() in wp-includes\/media.php *\/\n\t\t<\/style>\n\t\t<div id='gallery-6' class='gallery galleryid-14180 gallery-columns-4 gallery-size-thumbnail'><dl class='gallery-item'>\n\t\t\t<dt class='gallery-icon landscape'>\n\t\t\t\t<a rel=\"prettyPhoto[pp_gal]\" href='https:\/\/ciudadanosdelmundo.org\/wp-content\/uploads\/2021\/08\/ESCUELA-DE-LIDERES-GONZALEZ-CATAN-CREO-LA-QUE-FUI-YO-2.jpg'><img loading=\"lazy\" decoding=\"async\" width=\"150\" height=\"150\" src=\"https:\/\/ciudadanosdelmundo.org\/wp-content\/uploads\/2021\/08\/ESCUELA-DE-LIDERES-GONZALEZ-CATAN-CREO-LA-QUE-FUI-YO-2-150x150.jpg\" class=\"attachment-thumbnail size-thumbnail\" alt=\"\" srcset=\"https:\/\/ciudadanosdelmundo.org\/wp-content\/uploads\/2021\/08\/ESCUELA-DE-LIDERES-GONZALEZ-CATAN-CREO-LA-QUE-FUI-YO-2-150x150.jpg 150w, https:\/\/ciudadanosdelmundo.org\/wp-content\/uploads\/2021\/08\/ESCUELA-DE-LIDERES-GONZALEZ-CATAN-CREO-LA-QUE-FUI-YO-2-80x80.jpg 80w, https:\/\/ciudadanosdelmundo.org\/wp-content\/uploads\/2021\/08\/ESCUELA-DE-LIDERES-GONZALEZ-CATAN-CREO-LA-QUE-FUI-YO-2-500x500.jpg 500w\" sizes=\"auto, (max-width: 150px) 100vw, 150px\" \/><\/a>\n\t\t\t<\/dt><\/dl><dl class='gallery-item'>\n\t\t\t<dt class='gallery-icon landscape'>\n\t\t\t\t<a rel=\"prettyPhoto[pp_gal]\" href='https:\/\/ciudadanosdelmundo.org\/wp-content\/uploads\/2021\/08\/ESCUELA-DE-LIDERES-GONZALEZ-CATAN-CREO-LA-QUE-FUI-YO-3.jpg'><img loading=\"lazy\" decoding=\"async\" width=\"150\" height=\"150\" src=\"https:\/\/ciudadanosdelmundo.org\/wp-content\/uploads\/2021\/08\/ESCUELA-DE-LIDERES-GONZALEZ-CATAN-CREO-LA-QUE-FUI-YO-3-150x150.jpg\" class=\"attachment-thumbnail size-thumbnail\" alt=\"\" srcset=\"https:\/\/ciudadanosdelmundo.org\/wp-content\/uploads\/2021\/08\/ESCUELA-DE-LIDERES-GONZALEZ-CATAN-CREO-LA-QUE-FUI-YO-3-150x150.jpg 150w, https:\/\/ciudadanosdelmundo.org\/wp-content\/uploads\/2021\/08\/ESCUELA-DE-LIDERES-GONZALEZ-CATAN-CREO-LA-QUE-FUI-YO-3-80x80.jpg 80w, https:\/\/ciudadanosdelmundo.org\/wp-content\/uploads\/2021\/08\/ESCUELA-DE-LIDERES-GONZALEZ-CATAN-CREO-LA-QUE-FUI-YO-3-500x500.jpg 500w\" sizes=\"auto, (max-width: 150px) 100vw, 150px\" \/><\/a>\n\t\t\t<\/dt><\/dl><dl class='gallery-item'>\n\t\t\t<dt class='gallery-icon landscape'>\n\t\t\t\t<a rel=\"prettyPhoto[pp_gal]\" href='https:\/\/ciudadanosdelmundo.org\/wp-content\/uploads\/2021\/08\/ESCUELA-DE-LIDERES-GONZALEZ-CATAN-CREO-LA-QUE-FUI-YO-4.jpg'><img loading=\"lazy\" decoding=\"async\" width=\"150\" height=\"150\" src=\"https:\/\/ciudadanosdelmundo.org\/wp-content\/uploads\/2021\/08\/ESCUELA-DE-LIDERES-GONZALEZ-CATAN-CREO-LA-QUE-FUI-YO-4-150x150.jpg\" class=\"attachment-thumbnail size-thumbnail\" alt=\"\" srcset=\"https:\/\/ciudadanosdelmundo.org\/wp-content\/uploads\/2021\/08\/ESCUELA-DE-LIDERES-GONZALEZ-CATAN-CREO-LA-QUE-FUI-YO-4-150x150.jpg 150w, https:\/\/ciudadanosdelmundo.org\/wp-content\/uploads\/2021\/08\/ESCUELA-DE-LIDERES-GONZALEZ-CATAN-CREO-LA-QUE-FUI-YO-4-80x80.jpg 80w, https:\/\/ciudadanosdelmundo.org\/wp-content\/uploads\/2021\/08\/ESCUELA-DE-LIDERES-GONZALEZ-CATAN-CREO-LA-QUE-FUI-YO-4-500x500.jpg 500w\" sizes=\"auto, (max-width: 150px) 100vw, 150px\" \/><\/a>\n\t\t\t<\/dt><\/dl><dl class='gallery-item'>\n\t\t\t<dt class='gallery-icon landscape'>\n\t\t\t\t<a rel=\"prettyPhoto[pp_gal]\" href='https:\/\/ciudadanosdelmundo.org\/wp-content\/uploads\/2021\/08\/ESCUELA-DE-LIDERES-GONZALEZ-CATAN-CREO-LA-QUE-FUI-YO.jpg'><img loading=\"lazy\" decoding=\"async\" width=\"150\" height=\"150\" src=\"https:\/\/ciudadanosdelmundo.org\/wp-content\/uploads\/2021\/08\/ESCUELA-DE-LIDERES-GONZALEZ-CATAN-CREO-LA-QUE-FUI-YO-150x150.jpg\" class=\"attachment-thumbnail size-thumbnail\" alt=\"\" srcset=\"https:\/\/ciudadanosdelmundo.org\/wp-content\/uploads\/2021\/08\/ESCUELA-DE-LIDERES-GONZALEZ-CATAN-CREO-LA-QUE-FUI-YO-150x150.jpg 150w, https:\/\/ciudadanosdelmundo.org\/wp-content\/uploads\/2021\/08\/ESCUELA-DE-LIDERES-GONZALEZ-CATAN-CREO-LA-QUE-FUI-YO-80x80.jpg 80w, https:\/\/ciudadanosdelmundo.org\/wp-content\/uploads\/2021\/08\/ESCUELA-DE-LIDERES-GONZALEZ-CATAN-CREO-LA-QUE-FUI-YO-500x500.jpg 500w\" sizes=\"auto, (max-width: 150px) 100vw, 150px\" \/><\/a>\n\t\t\t<\/dt><\/dl><br style=\"clear: both\" \/>\n\t\t<\/div>\n<\/div>[\/vc_column_inner][\/vc_row_inner]<div class=\"iconbox  wpb_content_element iconbox-style-4 icon-color-accent color-dark clearfix\"><div class=\"iconbox-icon\"><i class=\"fa fa-spoon boxicon\" style=\"\"><\/i><\/div><div class=\"iconbox-content\"><h3>CAMPA\u00d1A DONACION DE ALIMENTOS<\/h3><p>\n<p class=\"p1\">Sede Gonz\u00e1lez Cat\u00e1n, La Matanza, Provincia de Buenos Aires<span class=\"Apple-converted-space\">\u00a0<\/span><\/p>\n<\/p><\/div><\/div>[vc_row_inner][vc_column_inner width=\u00bb1\/4&#8243;][\/vc_column_inner][vc_column_inner width=\u00bb1\/2&#8243;]<div class=\"gallery-style-2\">\n\t\t<style>\n\t\t\t#gallery-7 {\n\t\t\t\tmargin: auto;\n\t\t\t}\n\t\t\t#gallery-7 .gallery-item {\n\t\t\t\tfloat: left;\n\t\t\t\tmargin-top: 10px;\n\t\t\t\ttext-align: center;\n\t\t\t\twidth: 100%;\n\t\t\t}\n\t\t\t#gallery-7 img {\n\t\t\t\tborder: 2px solid #cfcfcf;\n\t\t\t}\n\t\t\t#gallery-7 .gallery-caption {\n\t\t\t\tmargin-left: 0;\n\t\t\t}\n\t\t\t\/* see gallery_shortcode() in wp-includes\/media.php *\/\n\t\t<\/style>\n\t\t<div id='gallery-7' class='gallery galleryid-14180 gallery-columns-1 gallery-size-thumbnail'><dl class='gallery-item'>\n\t\t\t<dt class='gallery-icon portrait'>\n\t\t\t\t<a rel=\"prettyPhoto[pp_gal]\" href='https:\/\/ciudadanosdelmundo.org\/wp-content\/uploads\/2021\/08\/CAMPAN\u0303A-DE-DONACION-DE-ALIMENTOS.jpg'><img loading=\"lazy\" decoding=\"async\" width=\"150\" height=\"150\" src=\"https:\/\/ciudadanosdelmundo.org\/wp-content\/uploads\/2021\/08\/CAMPAN\u0303A-DE-DONACION-DE-ALIMENTOS-150x150.jpg\" class=\"attachment-thumbnail size-thumbnail\" alt=\"\" srcset=\"https:\/\/ciudadanosdelmundo.org\/wp-content\/uploads\/2021\/08\/CAMPAN\u0303A-DE-DONACION-DE-ALIMENTOS-150x150.jpg 150w, https:\/\/ciudadanosdelmundo.org\/wp-content\/uploads\/2021\/08\/CAMPAN\u0303A-DE-DONACION-DE-ALIMENTOS-80x80.jpg 80w, https:\/\/ciudadanosdelmundo.org\/wp-content\/uploads\/2021\/08\/CAMPAN\u0303A-DE-DONACION-DE-ALIMENTOS-500x500.jpg 500w\" sizes=\"auto, (max-width: 150px) 100vw, 150px\" \/><\/a>\n\t\t\t<\/dt><\/dl><br style=\"clear: both\" \/>\n\t\t<\/div>\n<\/div>[\/vc_column_inner][vc_column_inner width=\u00bb1\/4&#8243;][\/vc_column_inner][\/vc_row_inner][\/vc_column][\/vc_row][vc_row row_id=\u00bbabril\u00bb][vc_column width=\u00bb1\/1&#8243;]<div class=\"newdivider align-center\" style=\"border-bottom-style: solid; border-color: #bfbfbf; border-bottom-width: 1px; margin-top: 20px; margin-bottom: 20px; width: 100%; \"><\/div><div class=\"clear\"><\/div><div class=\"divider-title align-center\" >ABRIL 2021<\/div><div class=\"iconbox  wpb_content_element iconbox-style-4 icon-color-accent color-dark clearfix\"><div class=\"iconbox-icon\"><i class=\"fa fa-child boxicon\" style=\"\"><\/i><\/div><div class=\"iconbox-content\"><h3>DONACION DE INDUMENTARIA<\/h3><p>\n<p class=\"p1\">Barrio Nicole. La Matanza, Provincia de Buenos Aires<\/p>\n<\/p><\/div><\/div>[vc_row_inner][vc_column_inner]<div class=\"gallery-style-2\">\n\t\t<style>\n\t\t\t#gallery-8 {\n\t\t\t\tmargin: auto;\n\t\t\t}\n\t\t\t#gallery-8 .gallery-item {\n\t\t\t\tfloat: left;\n\t\t\t\tmargin-top: 10px;\n\t\t\t\ttext-align: center;\n\t\t\t\twidth: 25%;\n\t\t\t}\n\t\t\t#gallery-8 img {\n\t\t\t\tborder: 2px solid #cfcfcf;\n\t\t\t}\n\t\t\t#gallery-8 .gallery-caption {\n\t\t\t\tmargin-left: 0;\n\t\t\t}\n\t\t\t\/* see gallery_shortcode() in wp-includes\/media.php *\/\n\t\t<\/style>\n\t\t<div id='gallery-8' class='gallery galleryid-14180 gallery-columns-4 gallery-size-thumbnail'><dl class='gallery-item'>\n\t\t\t<dt class='gallery-icon landscape'>\n\t\t\t\t<a rel=\"prettyPhoto[pp_gal]\" href='https:\/\/ciudadanosdelmundo.org\/wp-content\/uploads\/2021\/08\/DONACION-DE-ROPA-4.jpg'><img loading=\"lazy\" decoding=\"async\" width=\"150\" height=\"150\" src=\"https:\/\/ciudadanosdelmundo.org\/wp-content\/uploads\/2021\/08\/DONACION-DE-ROPA-4-150x150.jpg\" class=\"attachment-thumbnail size-thumbnail\" alt=\"\" srcset=\"https:\/\/ciudadanosdelmundo.org\/wp-content\/uploads\/2021\/08\/DONACION-DE-ROPA-4-150x150.jpg 150w, https:\/\/ciudadanosdelmundo.org\/wp-content\/uploads\/2021\/08\/DONACION-DE-ROPA-4-80x80.jpg 80w, https:\/\/ciudadanosdelmundo.org\/wp-content\/uploads\/2021\/08\/DONACION-DE-ROPA-4-500x500.jpg 500w\" sizes=\"auto, (max-width: 150px) 100vw, 150px\" \/><\/a>\n\t\t\t<\/dt><\/dl><dl class='gallery-item'>\n\t\t\t<dt class='gallery-icon portrait'>\n\t\t\t\t<a rel=\"prettyPhoto[pp_gal]\" href='https:\/\/ciudadanosdelmundo.org\/wp-content\/uploads\/2021\/08\/DONACION-DE-ROPA-2.jpg'><img loading=\"lazy\" decoding=\"async\" width=\"150\" height=\"150\" src=\"https:\/\/ciudadanosdelmundo.org\/wp-content\/uploads\/2021\/08\/DONACION-DE-ROPA-2-150x150.jpg\" class=\"attachment-thumbnail size-thumbnail\" alt=\"\" srcset=\"https:\/\/ciudadanosdelmundo.org\/wp-content\/uploads\/2021\/08\/DONACION-DE-ROPA-2-150x150.jpg 150w, https:\/\/ciudadanosdelmundo.org\/wp-content\/uploads\/2021\/08\/DONACION-DE-ROPA-2-80x80.jpg 80w, https:\/\/ciudadanosdelmundo.org\/wp-content\/uploads\/2021\/08\/DONACION-DE-ROPA-2-500x500.jpg 500w\" sizes=\"auto, (max-width: 150px) 100vw, 150px\" \/><\/a>\n\t\t\t<\/dt><\/dl><dl class='gallery-item'>\n\t\t\t<dt class='gallery-icon portrait'>\n\t\t\t\t<a rel=\"prettyPhoto[pp_gal]\" href='https:\/\/ciudadanosdelmundo.org\/wp-content\/uploads\/2021\/08\/DONACION-DE-ROPA-1.jpg'><img loading=\"lazy\" decoding=\"async\" width=\"150\" height=\"150\" src=\"https:\/\/ciudadanosdelmundo.org\/wp-content\/uploads\/2021\/08\/DONACION-DE-ROPA-1-150x150.jpg\" class=\"attachment-thumbnail size-thumbnail\" alt=\"\" srcset=\"https:\/\/ciudadanosdelmundo.org\/wp-content\/uploads\/2021\/08\/DONACION-DE-ROPA-1-150x150.jpg 150w, https:\/\/ciudadanosdelmundo.org\/wp-content\/uploads\/2021\/08\/DONACION-DE-ROPA-1-80x80.jpg 80w, https:\/\/ciudadanosdelmundo.org\/wp-content\/uploads\/2021\/08\/DONACION-DE-ROPA-1-500x500.jpg 500w\" sizes=\"auto, (max-width: 150px) 100vw, 150px\" \/><\/a>\n\t\t\t<\/dt><\/dl><dl class='gallery-item'>\n\t\t\t<dt class='gallery-icon landscape'>\n\t\t\t\t<a rel=\"prettyPhoto[pp_gal]\" href='https:\/\/ciudadanosdelmundo.org\/wp-content\/uploads\/2021\/08\/DONACION-DE-ROPA-5.jpg'><img loading=\"lazy\" decoding=\"async\" width=\"150\" height=\"150\" src=\"https:\/\/ciudadanosdelmundo.org\/wp-content\/uploads\/2021\/08\/DONACION-DE-ROPA-5-150x150.jpg\" class=\"attachment-thumbnail size-thumbnail\" alt=\"\" srcset=\"https:\/\/ciudadanosdelmundo.org\/wp-content\/uploads\/2021\/08\/DONACION-DE-ROPA-5-150x150.jpg 150w, https:\/\/ciudadanosdelmundo.org\/wp-content\/uploads\/2021\/08\/DONACION-DE-ROPA-5-80x80.jpg 80w, https:\/\/ciudadanosdelmundo.org\/wp-content\/uploads\/2021\/08\/DONACION-DE-ROPA-5-500x500.jpg 500w\" sizes=\"auto, (max-width: 150px) 100vw, 150px\" \/><\/a>\n\t\t\t<\/dt><\/dl><br style=\"clear: both\" \/><dl class='gallery-item'>\n\t\t\t<dt class='gallery-icon landscape'>\n\t\t\t\t<a rel=\"prettyPhoto[pp_gal]\" href='https:\/\/ciudadanosdelmundo.org\/wp-content\/uploads\/2021\/08\/DONACION-DE-ROPA-3.jpg'><img loading=\"lazy\" decoding=\"async\" width=\"150\" height=\"150\" src=\"https:\/\/ciudadanosdelmundo.org\/wp-content\/uploads\/2021\/08\/DONACION-DE-ROPA-3-150x150.jpg\" class=\"attachment-thumbnail size-thumbnail\" alt=\"\" srcset=\"https:\/\/ciudadanosdelmundo.org\/wp-content\/uploads\/2021\/08\/DONACION-DE-ROPA-3-150x150.jpg 150w, https:\/\/ciudadanosdelmundo.org\/wp-content\/uploads\/2021\/08\/DONACION-DE-ROPA-3-80x80.jpg 80w, https:\/\/ciudadanosdelmundo.org\/wp-content\/uploads\/2021\/08\/DONACION-DE-ROPA-3-500x500.jpg 500w\" sizes=\"auto, (max-width: 150px) 100vw, 150px\" \/><\/a>\n\t\t\t<\/dt><\/dl><dl class='gallery-item'>\n\t\t\t<dt class='gallery-icon portrait'>\n\t\t\t\t<a rel=\"prettyPhoto[pp_gal]\" href='https:\/\/ciudadanosdelmundo.org\/wp-content\/uploads\/2021\/08\/DONACION-DE-ROPA.jpg'><img loading=\"lazy\" decoding=\"async\" width=\"150\" height=\"150\" src=\"https:\/\/ciudadanosdelmundo.org\/wp-content\/uploads\/2021\/08\/DONACION-DE-ROPA-150x150.jpg\" class=\"attachment-thumbnail size-thumbnail\" alt=\"\" srcset=\"https:\/\/ciudadanosdelmundo.org\/wp-content\/uploads\/2021\/08\/DONACION-DE-ROPA-150x150.jpg 150w, https:\/\/ciudadanosdelmundo.org\/wp-content\/uploads\/2021\/08\/DONACION-DE-ROPA-80x80.jpg 80w, https:\/\/ciudadanosdelmundo.org\/wp-content\/uploads\/2021\/08\/DONACION-DE-ROPA-500x500.jpg 500w\" sizes=\"auto, (max-width: 150px) 100vw, 150px\" \/><\/a>\n\t\t\t<\/dt><\/dl>\n\t\t\t<br style='clear: both' \/>\n\t\t<\/div>\n<\/div>[\/vc_column_inner][\/vc_row_inner][\/vc_column][\/vc_row][vc_row row_id=\u00bbmayo\u00bb][vc_column width=\u00bb1\/1&#8243;]<div class=\"newdivider align-center\" style=\"border-bottom-style: solid; border-color: #bfbfbf; border-bottom-width: 1px; margin-top: 20px; margin-bottom: 20px; width: 100%; \"><\/div><div class=\"clear\"><\/div><div class=\"divider-title align-center\" >MAYO 2021<\/div><div class=\"iconbox  wpb_content_element iconbox-style-4 icon-color-accent color-dark clearfix\"><div class=\"iconbox-icon\"><i class=\"fa fa-book boxicon\" style=\"\"><\/i><\/div><div class=\"iconbox-content\"><h3>EGRESO DE ALUMNOS DE LA ESCUELA DE LIDERES COMUNITARIOS<\/h3><p>\n<p class=\"p1\">Sede Virrey del Pino. La Matanza, Provincia de Buenos Aires<\/p>\n<\/p><\/div><\/div>[vc_row_inner][vc_column_inner]<div class=\"gallery-style-2\">\n\t\t<style>\n\t\t\t#gallery-9 {\n\t\t\t\tmargin: auto;\n\t\t\t}\n\t\t\t#gallery-9 .gallery-item {\n\t\t\t\tfloat: left;\n\t\t\t\tmargin-top: 10px;\n\t\t\t\ttext-align: center;\n\t\t\t\twidth: 25%;\n\t\t\t}\n\t\t\t#gallery-9 img {\n\t\t\t\tborder: 2px solid #cfcfcf;\n\t\t\t}\n\t\t\t#gallery-9 .gallery-caption {\n\t\t\t\tmargin-left: 0;\n\t\t\t}\n\t\t\t\/* see gallery_shortcode() in wp-includes\/media.php *\/\n\t\t<\/style>\n\t\t<div id='gallery-9' class='gallery galleryid-14180 gallery-columns-4 gallery-size-thumbnail'><dl class='gallery-item'>\n\t\t\t<dt class='gallery-icon landscape'>\n\t\t\t\t<a rel=\"prettyPhoto[pp_gal]\" href='https:\/\/ciudadanosdelmundo.org\/wp-content\/uploads\/2021\/08\/EGRESADOS-ESCUELA-DE-LIDERES-VIRREY-DEL-PINO-3.jpg'><img loading=\"lazy\" decoding=\"async\" width=\"150\" height=\"150\" src=\"https:\/\/ciudadanosdelmundo.org\/wp-content\/uploads\/2021\/08\/EGRESADOS-ESCUELA-DE-LIDERES-VIRREY-DEL-PINO-3-150x150.jpg\" class=\"attachment-thumbnail size-thumbnail\" alt=\"\" srcset=\"https:\/\/ciudadanosdelmundo.org\/wp-content\/uploads\/2021\/08\/EGRESADOS-ESCUELA-DE-LIDERES-VIRREY-DEL-PINO-3-150x150.jpg 150w, https:\/\/ciudadanosdelmundo.org\/wp-content\/uploads\/2021\/08\/EGRESADOS-ESCUELA-DE-LIDERES-VIRREY-DEL-PINO-3-80x80.jpg 80w, https:\/\/ciudadanosdelmundo.org\/wp-content\/uploads\/2021\/08\/EGRESADOS-ESCUELA-DE-LIDERES-VIRREY-DEL-PINO-3-500x500.jpg 500w\" sizes=\"auto, (max-width: 150px) 100vw, 150px\" \/><\/a>\n\t\t\t<\/dt><\/dl><dl class='gallery-item'>\n\t\t\t<dt class='gallery-icon landscape'>\n\t\t\t\t<a rel=\"prettyPhoto[pp_gal]\" href='https:\/\/ciudadanosdelmundo.org\/wp-content\/uploads\/2021\/08\/EGRESADOS-ESCUELA-DE-LIDERES-VIRREY-DEL-PINO-2.jpg'><img loading=\"lazy\" decoding=\"async\" width=\"150\" height=\"150\" src=\"https:\/\/ciudadanosdelmundo.org\/wp-content\/uploads\/2021\/08\/EGRESADOS-ESCUELA-DE-LIDERES-VIRREY-DEL-PINO-2-150x150.jpg\" class=\"attachment-thumbnail size-thumbnail\" alt=\"\" srcset=\"https:\/\/ciudadanosdelmundo.org\/wp-content\/uploads\/2021\/08\/EGRESADOS-ESCUELA-DE-LIDERES-VIRREY-DEL-PINO-2-150x150.jpg 150w, https:\/\/ciudadanosdelmundo.org\/wp-content\/uploads\/2021\/08\/EGRESADOS-ESCUELA-DE-LIDERES-VIRREY-DEL-PINO-2-80x80.jpg 80w, https:\/\/ciudadanosdelmundo.org\/wp-content\/uploads\/2021\/08\/EGRESADOS-ESCUELA-DE-LIDERES-VIRREY-DEL-PINO-2-500x500.jpg 500w\" sizes=\"auto, (max-width: 150px) 100vw, 150px\" \/><\/a>\n\t\t\t<\/dt><\/dl><dl class='gallery-item'>\n\t\t\t<dt class='gallery-icon landscape'>\n\t\t\t\t<a rel=\"prettyPhoto[pp_gal]\" href='https:\/\/ciudadanosdelmundo.org\/wp-content\/uploads\/2021\/08\/EGRESADOS-ESCUELA-DE-LIDERES-VIRREY-DEL-PINO-1.jpg'><img loading=\"lazy\" decoding=\"async\" width=\"150\" height=\"150\" src=\"https:\/\/ciudadanosdelmundo.org\/wp-content\/uploads\/2021\/08\/EGRESADOS-ESCUELA-DE-LIDERES-VIRREY-DEL-PINO-1-150x150.jpg\" class=\"attachment-thumbnail size-thumbnail\" alt=\"\" srcset=\"https:\/\/ciudadanosdelmundo.org\/wp-content\/uploads\/2021\/08\/EGRESADOS-ESCUELA-DE-LIDERES-VIRREY-DEL-PINO-1-150x150.jpg 150w, https:\/\/ciudadanosdelmundo.org\/wp-content\/uploads\/2021\/08\/EGRESADOS-ESCUELA-DE-LIDERES-VIRREY-DEL-PINO-1-80x80.jpg 80w, https:\/\/ciudadanosdelmundo.org\/wp-content\/uploads\/2021\/08\/EGRESADOS-ESCUELA-DE-LIDERES-VIRREY-DEL-PINO-1-500x500.jpg 500w\" sizes=\"auto, (max-width: 150px) 100vw, 150px\" \/><\/a>\n\t\t\t<\/dt><\/dl><dl class='gallery-item'>\n\t\t\t<dt class='gallery-icon landscape'>\n\t\t\t\t<a rel=\"prettyPhoto[pp_gal]\" href='https:\/\/ciudadanosdelmundo.org\/wp-content\/uploads\/2021\/08\/EGRESADOS-ESCUELA-DE-LIDERES-VIRREY-DEL-PINO.jpg'><img loading=\"lazy\" decoding=\"async\" width=\"150\" height=\"150\" src=\"https:\/\/ciudadanosdelmundo.org\/wp-content\/uploads\/2021\/08\/EGRESADOS-ESCUELA-DE-LIDERES-VIRREY-DEL-PINO-150x150.jpg\" class=\"attachment-thumbnail size-thumbnail\" alt=\"\" srcset=\"https:\/\/ciudadanosdelmundo.org\/wp-content\/uploads\/2021\/08\/EGRESADOS-ESCUELA-DE-LIDERES-VIRREY-DEL-PINO-150x150.jpg 150w, https:\/\/ciudadanosdelmundo.org\/wp-content\/uploads\/2021\/08\/EGRESADOS-ESCUELA-DE-LIDERES-VIRREY-DEL-PINO-80x80.jpg 80w, https:\/\/ciudadanosdelmundo.org\/wp-content\/uploads\/2021\/08\/EGRESADOS-ESCUELA-DE-LIDERES-VIRREY-DEL-PINO-500x500.jpg 500w\" sizes=\"auto, (max-width: 150px) 100vw, 150px\" \/><\/a>\n\t\t\t<\/dt><\/dl><br style=\"clear: both\" \/>\n\t\t<\/div>\n<\/div>[\/vc_column_inner][\/vc_row_inner][\/vc_column][\/vc_row][vc_row row_id=\u00bbjunio\u00bb][vc_column width=\u00bb1\/1&#8243;]<div class=\"newdivider align-center\" style=\"border-bottom-style: solid; border-color: #bfbfbf; border-bottom-width: 1px; margin-top: 20px; margin-bottom: 20px; width: 100%; \"><\/div><div class=\"clear\"><\/div><div class=\"divider-title align-center\" >JUNIO 2021<\/div><div class=\"iconbox  wpb_content_element iconbox-style-4 icon-color-accent color-dark clearfix\"><div class=\"iconbox-icon\"><i class=\"fa fa-book boxicon\" style=\"\"><\/i><\/div><div class=\"iconbox-content\"><h3>EGRESO DE ALUMNOS DE LA ESCUELA DE LIDERES COMUNITARIOS<\/h3><p>\n<p class=\"p1\">Sede Gonz\u00e1lez Cat\u00e1n. La Matanza, Provincia de Buenos Aires<\/p>\n<\/p><\/div><\/div>[vc_row_inner][vc_column_inner]<div class=\"gallery-style-2\">\n\t\t<style>\n\t\t\t#gallery-10 {\n\t\t\t\tmargin: auto;\n\t\t\t}\n\t\t\t#gallery-10 .gallery-item {\n\t\t\t\tfloat: left;\n\t\t\t\tmargin-top: 10px;\n\t\t\t\ttext-align: center;\n\t\t\t\twidth: 25%;\n\t\t\t}\n\t\t\t#gallery-10 img {\n\t\t\t\tborder: 2px solid #cfcfcf;\n\t\t\t}\n\t\t\t#gallery-10 .gallery-caption {\n\t\t\t\tmargin-left: 0;\n\t\t\t}\n\t\t\t\/* see gallery_shortcode() in wp-includes\/media.php *\/\n\t\t<\/style>\n\t\t<div id='gallery-10' class='gallery galleryid-14180 gallery-columns-4 gallery-size-thumbnail'><dl class='gallery-item'>\n\t\t\t<dt class='gallery-icon landscape'>\n\t\t\t\t<a rel=\"prettyPhoto[pp_gal]\" href='https:\/\/ciudadanosdelmundo.org\/wp-content\/uploads\/2021\/08\/EGRESADOS-ESCUELA-DE-LIDERES-COMUNITARIOS-GONZALEZ-CATAN-4.jpg'><img loading=\"lazy\" decoding=\"async\" width=\"150\" height=\"150\" src=\"https:\/\/ciudadanosdelmundo.org\/wp-content\/uploads\/2021\/08\/EGRESADOS-ESCUELA-DE-LIDERES-COMUNITARIOS-GONZALEZ-CATAN-4-150x150.jpg\" class=\"attachment-thumbnail size-thumbnail\" alt=\"\" srcset=\"https:\/\/ciudadanosdelmundo.org\/wp-content\/uploads\/2021\/08\/EGRESADOS-ESCUELA-DE-LIDERES-COMUNITARIOS-GONZALEZ-CATAN-4-150x150.jpg 150w, https:\/\/ciudadanosdelmundo.org\/wp-content\/uploads\/2021\/08\/EGRESADOS-ESCUELA-DE-LIDERES-COMUNITARIOS-GONZALEZ-CATAN-4-80x80.jpg 80w, https:\/\/ciudadanosdelmundo.org\/wp-content\/uploads\/2021\/08\/EGRESADOS-ESCUELA-DE-LIDERES-COMUNITARIOS-GONZALEZ-CATAN-4-500x500.jpg 500w\" sizes=\"auto, (max-width: 150px) 100vw, 150px\" \/><\/a>\n\t\t\t<\/dt><\/dl><dl class='gallery-item'>\n\t\t\t<dt class='gallery-icon landscape'>\n\t\t\t\t<a rel=\"prettyPhoto[pp_gal]\" href='https:\/\/ciudadanosdelmundo.org\/wp-content\/uploads\/2021\/08\/EGRESADOS-ESCUELA-DE-LIDERES-COMUNITARIOS-GONZALEZ-CATAN.jpg'><img loading=\"lazy\" decoding=\"async\" width=\"150\" height=\"150\" src=\"https:\/\/ciudadanosdelmundo.org\/wp-content\/uploads\/2021\/08\/EGRESADOS-ESCUELA-DE-LIDERES-COMUNITARIOS-GONZALEZ-CATAN-150x150.jpg\" class=\"attachment-thumbnail size-thumbnail\" alt=\"\" srcset=\"https:\/\/ciudadanosdelmundo.org\/wp-content\/uploads\/2021\/08\/EGRESADOS-ESCUELA-DE-LIDERES-COMUNITARIOS-GONZALEZ-CATAN-150x150.jpg 150w, https:\/\/ciudadanosdelmundo.org\/wp-content\/uploads\/2021\/08\/EGRESADOS-ESCUELA-DE-LIDERES-COMUNITARIOS-GONZALEZ-CATAN-80x80.jpg 80w, https:\/\/ciudadanosdelmundo.org\/wp-content\/uploads\/2021\/08\/EGRESADOS-ESCUELA-DE-LIDERES-COMUNITARIOS-GONZALEZ-CATAN-500x500.jpg 500w\" sizes=\"auto, (max-width: 150px) 100vw, 150px\" \/><\/a>\n\t\t\t<\/dt><\/dl><dl class='gallery-item'>\n\t\t\t<dt class='gallery-icon landscape'>\n\t\t\t\t<a rel=\"prettyPhoto[pp_gal]\" href='https:\/\/ciudadanosdelmundo.org\/wp-content\/uploads\/2021\/08\/EGRESADOS-ESCUELA-DE-LIDERES-COMUNITARIOS-GONZALEZ-CATAN-2.jpg'><img loading=\"lazy\" decoding=\"async\" width=\"150\" height=\"150\" src=\"https:\/\/ciudadanosdelmundo.org\/wp-content\/uploads\/2021\/08\/EGRESADOS-ESCUELA-DE-LIDERES-COMUNITARIOS-GONZALEZ-CATAN-2-150x150.jpg\" class=\"attachment-thumbnail size-thumbnail\" alt=\"\" srcset=\"https:\/\/ciudadanosdelmundo.org\/wp-content\/uploads\/2021\/08\/EGRESADOS-ESCUELA-DE-LIDERES-COMUNITARIOS-GONZALEZ-CATAN-2-150x150.jpg 150w, https:\/\/ciudadanosdelmundo.org\/wp-content\/uploads\/2021\/08\/EGRESADOS-ESCUELA-DE-LIDERES-COMUNITARIOS-GONZALEZ-CATAN-2-80x80.jpg 80w, https:\/\/ciudadanosdelmundo.org\/wp-content\/uploads\/2021\/08\/EGRESADOS-ESCUELA-DE-LIDERES-COMUNITARIOS-GONZALEZ-CATAN-2-500x500.jpg 500w\" sizes=\"auto, (max-width: 150px) 100vw, 150px\" \/><\/a>\n\t\t\t<\/dt><\/dl><dl class='gallery-item'>\n\t\t\t<dt class='gallery-icon landscape'>\n\t\t\t\t<a rel=\"prettyPhoto[pp_gal]\" href='https:\/\/ciudadanosdelmundo.org\/wp-content\/uploads\/2021\/08\/EGRESADOS-ESCUELA-DE-LIDERES-COMUNITARIOS-GONZALEZ-CATAN-3.jpg'><img loading=\"lazy\" decoding=\"async\" width=\"150\" height=\"150\" src=\"https:\/\/ciudadanosdelmundo.org\/wp-content\/uploads\/2021\/08\/EGRESADOS-ESCUELA-DE-LIDERES-COMUNITARIOS-GONZALEZ-CATAN-3-150x150.jpg\" class=\"attachment-thumbnail size-thumbnail\" alt=\"\" srcset=\"https:\/\/ciudadanosdelmundo.org\/wp-content\/uploads\/2021\/08\/EGRESADOS-ESCUELA-DE-LIDERES-COMUNITARIOS-GONZALEZ-CATAN-3-150x150.jpg 150w, https:\/\/ciudadanosdelmundo.org\/wp-content\/uploads\/2021\/08\/EGRESADOS-ESCUELA-DE-LIDERES-COMUNITARIOS-GONZALEZ-CATAN-3-80x80.jpg 80w, https:\/\/ciudadanosdelmundo.org\/wp-content\/uploads\/2021\/08\/EGRESADOS-ESCUELA-DE-LIDERES-COMUNITARIOS-GONZALEZ-CATAN-3-500x500.jpg 500w\" sizes=\"auto, (max-width: 150px) 100vw, 150px\" \/><\/a>\n\t\t\t<\/dt><\/dl><br style=\"clear: both\" \/>\n\t\t<\/div>\n<\/div>[\/vc_column_inner][\/vc_row_inner][\/vc_column][\/vc_row][vc_row row_id=\u00bbagosto\u00bb][vc_column width=\u00bb1\/1&#8243;]<div class=\"newdivider align-center\" style=\"border-bottom-style: solid; border-color: #bfbfbf; border-bottom-width: 1px; margin-top: 20px; margin-bottom: 20px; width: 100%; \"><\/div><div class=\"clear\"><\/div><div class=\"divider-title align-center\" >AGOSTO 2021<\/div><div class=\"iconbox  wpb_content_element iconbox-style-4 icon-color-accent color-dark clearfix\"><div class=\"iconbox-icon\"><i class=\"fa fa-book boxicon\" style=\"\"><\/i><\/div><div class=\"iconbox-content\"><h3>DONACION PARA FESTEJO DEL DIA DE LA NI\u00d1EZ<\/h3><p>\n<p class=\"p1\">San Isidro, Provincia de Buenos Aires<\/p>\n<\/p><\/div><\/div>[vc_row_inner][vc_column_inner]<div class=\"gallery-style-2\">\n\t\t<style>\n\t\t\t#gallery-11 {\n\t\t\t\tmargin: auto;\n\t\t\t}\n\t\t\t#gallery-11 .gallery-item {\n\t\t\t\tfloat: left;\n\t\t\t\tmargin-top: 10px;\n\t\t\t\ttext-align: center;\n\t\t\t\twidth: 25%;\n\t\t\t}\n\t\t\t#gallery-11 img {\n\t\t\t\tborder: 2px solid #cfcfcf;\n\t\t\t}\n\t\t\t#gallery-11 .gallery-caption {\n\t\t\t\tmargin-left: 0;\n\t\t\t}\n\t\t\t\/* see gallery_shortcode() in wp-includes\/media.php *\/\n\t\t<\/style>\n\t\t<div id='gallery-11' class='gallery galleryid-14180 gallery-columns-4 gallery-size-thumbnail'><dl class='gallery-item'>\n\t\t\t<dt class='gallery-icon landscape'>\n\t\t\t\t<a rel=\"prettyPhoto[pp_gal]\" href='https:\/\/ciudadanosdelmundo.org\/wp-content\/uploads\/2021\/08\/SAN-ISIDRO-7.jpg'><img loading=\"lazy\" decoding=\"async\" width=\"150\" height=\"150\" src=\"https:\/\/ciudadanosdelmundo.org\/wp-content\/uploads\/2021\/08\/SAN-ISIDRO-7-150x150.jpg\" class=\"attachment-thumbnail size-thumbnail\" alt=\"\" srcset=\"https:\/\/ciudadanosdelmundo.org\/wp-content\/uploads\/2021\/08\/SAN-ISIDRO-7-150x150.jpg 150w, https:\/\/ciudadanosdelmundo.org\/wp-content\/uploads\/2021\/08\/SAN-ISIDRO-7-80x80.jpg 80w, https:\/\/ciudadanosdelmundo.org\/wp-content\/uploads\/2021\/08\/SAN-ISIDRO-7-500x500.jpg 500w, https:\/\/ciudadanosdelmundo.org\/wp-content\/uploads\/2021\/08\/SAN-ISIDRO-7-1000x1000.jpg 1000w\" sizes=\"auto, (max-width: 150px) 100vw, 150px\" \/><\/a>\n\t\t\t<\/dt><\/dl><dl class='gallery-item'>\n\t\t\t<dt class='gallery-icon landscape'>\n\t\t\t\t<a rel=\"prettyPhoto[pp_gal]\" href='https:\/\/ciudadanosdelmundo.org\/wp-content\/uploads\/2021\/08\/SAN-ISIDRO-9.jpg'><img loading=\"lazy\" decoding=\"async\" width=\"150\" height=\"150\" src=\"https:\/\/ciudadanosdelmundo.org\/wp-content\/uploads\/2021\/08\/SAN-ISIDRO-9-150x150.jpg\" class=\"attachment-thumbnail size-thumbnail\" alt=\"\" srcset=\"https:\/\/ciudadanosdelmundo.org\/wp-content\/uploads\/2021\/08\/SAN-ISIDRO-9-150x150.jpg 150w, https:\/\/ciudadanosdelmundo.org\/wp-content\/uploads\/2021\/08\/SAN-ISIDRO-9-80x80.jpg 80w, https:\/\/ciudadanosdelmundo.org\/wp-content\/uploads\/2021\/08\/SAN-ISIDRO-9-500x500.jpg 500w\" sizes=\"auto, (max-width: 150px) 100vw, 150px\" \/><\/a>\n\t\t\t<\/dt><\/dl><dl class='gallery-item'>\n\t\t\t<dt class='gallery-icon landscape'>\n\t\t\t\t<a rel=\"prettyPhoto[pp_gal]\" href='https:\/\/ciudadanosdelmundo.org\/wp-content\/uploads\/2021\/08\/SAN-ISIDRO-8.jpg'><img loading=\"lazy\" decoding=\"async\" width=\"150\" height=\"150\" src=\"https:\/\/ciudadanosdelmundo.org\/wp-content\/uploads\/2021\/08\/SAN-ISIDRO-8-150x150.jpg\" class=\"attachment-thumbnail size-thumbnail\" alt=\"\" srcset=\"https:\/\/ciudadanosdelmundo.org\/wp-content\/uploads\/2021\/08\/SAN-ISIDRO-8-150x150.jpg 150w, https:\/\/ciudadanosdelmundo.org\/wp-content\/uploads\/2021\/08\/SAN-ISIDRO-8-80x80.jpg 80w, https:\/\/ciudadanosdelmundo.org\/wp-content\/uploads\/2021\/08\/SAN-ISIDRO-8-500x500.jpg 500w\" sizes=\"auto, (max-width: 150px) 100vw, 150px\" \/><\/a>\n\t\t\t<\/dt><\/dl><dl class='gallery-item'>\n\t\t\t<dt class='gallery-icon landscape'>\n\t\t\t\t<a rel=\"prettyPhoto[pp_gal]\" href='https:\/\/ciudadanosdelmundo.org\/wp-content\/uploads\/2021\/08\/SAN-ISIDRO-5.jpg'><img loading=\"lazy\" decoding=\"async\" width=\"150\" height=\"150\" src=\"https:\/\/ciudadanosdelmundo.org\/wp-content\/uploads\/2021\/08\/SAN-ISIDRO-5-150x150.jpg\" class=\"attachment-thumbnail size-thumbnail\" alt=\"\" srcset=\"https:\/\/ciudadanosdelmundo.org\/wp-content\/uploads\/2021\/08\/SAN-ISIDRO-5-150x150.jpg 150w, https:\/\/ciudadanosdelmundo.org\/wp-content\/uploads\/2021\/08\/SAN-ISIDRO-5-80x80.jpg 80w, https:\/\/ciudadanosdelmundo.org\/wp-content\/uploads\/2021\/08\/SAN-ISIDRO-5-500x500.jpg 500w, https:\/\/ciudadanosdelmundo.org\/wp-content\/uploads\/2021\/08\/SAN-ISIDRO-5-1000x1000.jpg 1000w\" sizes=\"auto, (max-width: 150px) 100vw, 150px\" \/><\/a>\n\t\t\t<\/dt><\/dl><br style=\"clear: both\" \/>\n\t\t<\/div>\n<\/div>[\/vc_column_inner][\/vc_row_inner]<div class=\"iconbox  wpb_content_element iconbox-style-4 icon-color-accent color-dark clearfix\"><div class=\"iconbox-icon\"><i class=\"fa fa-book boxicon\" style=\"\"><\/i><\/div><div class=\"iconbox-content\"><h3>DONACION PARA FESTEJO DEL DIA DE LA NI\u00d1EZ <\/h3><p>\n<p class=\"p1\">Barrio Nicole, La Matanza, Provincia de Buenos Aires<\/p>\n<\/p><\/div><\/div>[vc_row_inner][vc_column_inner]<div class=\"gallery-style-2\">\n\t\t<style>\n\t\t\t#gallery-12 {\n\t\t\t\tmargin: auto;\n\t\t\t}\n\t\t\t#gallery-12 .gallery-item {\n\t\t\t\tfloat: left;\n\t\t\t\tmargin-top: 10px;\n\t\t\t\ttext-align: center;\n\t\t\t\twidth: 25%;\n\t\t\t}\n\t\t\t#gallery-12 img {\n\t\t\t\tborder: 2px solid #cfcfcf;\n\t\t\t}\n\t\t\t#gallery-12 .gallery-caption {\n\t\t\t\tmargin-left: 0;\n\t\t\t}\n\t\t\t\/* see gallery_shortcode() in wp-includes\/media.php *\/\n\t\t<\/style>\n\t\t<div id='gallery-12' class='gallery galleryid-14180 gallery-columns-4 gallery-size-thumbnail'><dl class='gallery-item'>\n\t\t\t<dt class='gallery-icon landscape'>\n\t\t\t\t<a rel=\"prettyPhoto[pp_gal]\" href='https:\/\/ciudadanosdelmundo.org\/wp-content\/uploads\/2021\/08\/8.jpg'><img loading=\"lazy\" decoding=\"async\" width=\"150\" height=\"150\" src=\"https:\/\/ciudadanosdelmundo.org\/wp-content\/uploads\/2021\/08\/8-150x150.jpg\" class=\"attachment-thumbnail size-thumbnail\" alt=\"\" srcset=\"https:\/\/ciudadanosdelmundo.org\/wp-content\/uploads\/2021\/08\/8-150x150.jpg 150w, https:\/\/ciudadanosdelmundo.org\/wp-content\/uploads\/2021\/08\/8-80x80.jpg 80w, https:\/\/ciudadanosdelmundo.org\/wp-content\/uploads\/2021\/08\/8-500x500.jpg 500w\" sizes=\"auto, (max-width: 150px) 100vw, 150px\" \/><\/a>\n\t\t\t<\/dt><\/dl><dl class='gallery-item'>\n\t\t\t<dt class='gallery-icon landscape'>\n\t\t\t\t<a rel=\"prettyPhoto[pp_gal]\" href='https:\/\/ciudadanosdelmundo.org\/wp-content\/uploads\/2021\/08\/9.jpg'><img loading=\"lazy\" decoding=\"async\" width=\"150\" height=\"150\" src=\"https:\/\/ciudadanosdelmundo.org\/wp-content\/uploads\/2021\/08\/9-150x150.jpg\" class=\"attachment-thumbnail size-thumbnail\" alt=\"\" srcset=\"https:\/\/ciudadanosdelmundo.org\/wp-content\/uploads\/2021\/08\/9-150x150.jpg 150w, https:\/\/ciudadanosdelmundo.org\/wp-content\/uploads\/2021\/08\/9-80x80.jpg 80w, https:\/\/ciudadanosdelmundo.org\/wp-content\/uploads\/2021\/08\/9-500x500.jpg 500w\" sizes=\"auto, (max-width: 150px) 100vw, 150px\" \/><\/a>\n\t\t\t<\/dt><\/dl><dl class='gallery-item'>\n\t\t\t<dt class='gallery-icon landscape'>\n\t\t\t\t<a rel=\"prettyPhoto[pp_gal]\" href='https:\/\/ciudadanosdelmundo.org\/wp-content\/uploads\/2021\/08\/12.jpg'><img loading=\"lazy\" decoding=\"async\" width=\"150\" height=\"150\" src=\"https:\/\/ciudadanosdelmundo.org\/wp-content\/uploads\/2021\/08\/12-150x150.jpg\" class=\"attachment-thumbnail size-thumbnail\" alt=\"\" srcset=\"https:\/\/ciudadanosdelmundo.org\/wp-content\/uploads\/2021\/08\/12-150x150.jpg 150w, https:\/\/ciudadanosdelmundo.org\/wp-content\/uploads\/2021\/08\/12-80x80.jpg 80w, https:\/\/ciudadanosdelmundo.org\/wp-content\/uploads\/2021\/08\/12-500x500.jpg 500w\" sizes=\"auto, (max-width: 150px) 100vw, 150px\" \/><\/a>\n\t\t\t<\/dt><\/dl><dl class='gallery-item'>\n\t\t\t<dt class='gallery-icon landscape'>\n\t\t\t\t<a rel=\"prettyPhoto[pp_gal]\" href='https:\/\/ciudadanosdelmundo.org\/wp-content\/uploads\/2021\/08\/11.jpg'><img loading=\"lazy\" decoding=\"async\" width=\"150\" height=\"150\" src=\"https:\/\/ciudadanosdelmundo.org\/wp-content\/uploads\/2021\/08\/11-150x150.jpg\" class=\"attachment-thumbnail size-thumbnail\" alt=\"\" srcset=\"https:\/\/ciudadanosdelmundo.org\/wp-content\/uploads\/2021\/08\/11-150x150.jpg 150w, https:\/\/ciudadanosdelmundo.org\/wp-content\/uploads\/2021\/08\/11-80x80.jpg 80w, https:\/\/ciudadanosdelmundo.org\/wp-content\/uploads\/2021\/08\/11-500x500.jpg 500w\" sizes=\"auto, (max-width: 150px) 100vw, 150px\" \/><\/a>\n\t\t\t<\/dt><\/dl><br style=\"clear: both\" \/><dl class='gallery-item'>\n\t\t\t<dt class='gallery-icon landscape'>\n\t\t\t\t<a rel=\"prettyPhoto[pp_gal]\" href='https:\/\/ciudadanosdelmundo.org\/wp-content\/uploads\/2021\/08\/10.jpg'><img loading=\"lazy\" decoding=\"async\" width=\"150\" height=\"150\" src=\"https:\/\/ciudadanosdelmundo.org\/wp-content\/uploads\/2021\/08\/10-150x150.jpg\" class=\"attachment-thumbnail size-thumbnail\" alt=\"\" srcset=\"https:\/\/ciudadanosdelmundo.org\/wp-content\/uploads\/2021\/08\/10-150x150.jpg 150w, https:\/\/ciudadanosdelmundo.org\/wp-content\/uploads\/2021\/08\/10-80x80.jpg 80w, https:\/\/ciudadanosdelmundo.org\/wp-content\/uploads\/2021\/08\/10-500x500.jpg 500w\" sizes=\"auto, (max-width: 150px) 100vw, 150px\" \/><\/a>\n\t\t\t<\/dt><\/dl><dl class='gallery-item'>\n\t\t\t<dt class='gallery-icon landscape'>\n\t\t\t\t<a rel=\"prettyPhoto[pp_gal]\" href='https:\/\/ciudadanosdelmundo.org\/wp-content\/uploads\/2021\/08\/6.jpg'><img loading=\"lazy\" decoding=\"async\" width=\"150\" height=\"150\" src=\"https:\/\/ciudadanosdelmundo.org\/wp-content\/uploads\/2021\/08\/6-150x150.jpg\" class=\"attachment-thumbnail size-thumbnail\" alt=\"\" srcset=\"https:\/\/ciudadanosdelmundo.org\/wp-content\/uploads\/2021\/08\/6-150x150.jpg 150w, https:\/\/ciudadanosdelmundo.org\/wp-content\/uploads\/2021\/08\/6-80x80.jpg 80w, https:\/\/ciudadanosdelmundo.org\/wp-content\/uploads\/2021\/08\/6-500x500.jpg 500w\" sizes=\"auto, (max-width: 150px) 100vw, 150px\" \/><\/a>\n\t\t\t<\/dt><\/dl>\n\t\t\t<br style='clear: both' \/>\n\t\t<\/div>\n<\/div>[\/vc_column_inner][\/vc_row_inner][\/vc_column][\/vc_row]<\/p>\n","protected":false},"excerpt":{"rendered":"<p>[vc_row][vc_column width=\u00bb1\/1&#8243;][vc_row_inner][vc_column_inner width=\u00bb1\/6&#8243;][\/vc_column_inner][vc_column_inner width=\u00bb1\/6&#8243;][\/vc_column_inner][vc_column_inner width=\u00bb1\/6&#8243;][\/vc_column_inner][vc_column_inner width=\u00bb1\/6&#8243;][\/vc_column_inner][vc_column_inner width=\u00bb1\/6&#8243;][\/vc_column_inner][vc_column_inner width=\u00bb1\/6&#8243;][\/vc_column_inner][\/vc_row_inner][vc_row_inner el_id=\u00bbmarzo\u00bb][vc_column_inner][\/vc_column_inner][\/vc_row_inner][vc_row_inner][vc_column_inner][\/vc_column_inner][\/vc_row_inner][vc_row_inner][vc_column_inner][\/vc_column_inner][\/vc_row_inner][vc_row_inner][vc_column_inner][\/vc_column_inner][\/vc_row_inner][vc_row_inner][vc_column_inner width=\u00bb1\/4&#8243;][\/vc_column_inner][vc_column_inner width=\u00bb1\/2&#8243;][\/vc_column_inner][vc_column_inner width=\u00bb1\/4&#8243;][\/vc_column_inner][\/vc_row_inner][vc_row_inner][vc_column_inner][\/vc_column_inner][\/vc_row_inner][vc_row_inner][vc_column_inner][\/vc_column_inner][\/vc_row_inner][vc_row_inner][vc_column_inner width=\u00bb1\/4&#8243;][\/vc_column_inner][vc_column_inner width=\u00bb1\/2&#8243;][\/vc_column_inner][vc_column_inner width=\u00bb1\/4&#8243;][\/vc_column_inner][\/vc_row_inner][\/vc_column][\/vc_row][vc_row row_id=\u00bbabril\u00bb][vc_column width=\u00bb1\/1&#8243;][vc_row_inner][vc_column_inner][\/vc_column_inner][\/vc_row_inner][\/vc_column][\/vc_row][vc_row row_id=\u00bbmayo\u00bb][vc_column width=\u00bb1\/1&#8243;][vc_row_inner][vc_column_inner][\/vc_column_inner][\/vc_row_inner][\/vc_column][\/vc_row][vc_row row_id=\u00bbjunio\u00bb][vc_column width=\u00bb1\/1&#8243;][vc_row_inner][vc_column_inner][\/vc_column_inner][\/vc_row_inner][\/vc_column][\/vc_row][vc_row row_id=\u00bbagosto\u00bb][vc_column width=\u00bb1\/1&#8243;][vc_row_inner][vc_column_inner][\/vc_column_inner][\/vc_row_inner][vc_row_inner][vc_column_inner][\/vc_column_inner][\/vc_row_inner][\/vc_column][\/vc_row]<\/p>\n","protected":false},"author":1,"featured_media":0,"parent":0,"menu_order":0,"comment_status":"closed","ping_status":"closed","template":"","meta":{"footnotes":""},"class_list":["post-14180","page","type-page","status-publish","hentry"],"_links":{"self":[{"href":"https:\/\/ciudadanosdelmundo.org\/index.php?rest_route=\/wp\/v2\/pages\/14180","targetHints":{"allow":["GET"]}}],"collection":[{"href":"https:\/\/ciudadanosdelmundo.org\/index.php?rest_route=\/wp\/v2\/pages"}],"about":[{"href":"https:\/\/ciudadanosdelmundo.org\/index.php?rest_route=\/wp\/v2\/types\/page"}],"author":[{"embeddable":true,"href":"https:\/\/ciudadanosdelmundo.org\/index.php?rest_route=\/wp\/v2\/users\/1"}],"replies":[{"embeddable":true,"href":"https:\/\/ciudadanosdelmundo.org\/index.php?rest_route=%2Fwp%2Fv2%2Fcomments&post=14180"}],"version-history":[{"count":23,"href":"https:\/\/ciudadanosdelmundo.org\/index.php?rest_route=\/wp\/v2\/pages\/14180\/revisions"}],"predecessor-version":[{"id":14189,"href":"https:\/\/ciudadanosdelmundo.org\/index.php?rest_route=\/wp\/v2\/pages\/14180\/revisions\/14189"}],"wp:attachment":[{"href":"https:\/\/ciudadanosdelmundo.org\/index.php?rest_route=%2Fwp%2Fv2%2Fmedia&parent=14180"}],"curies":[{"name":"wp","href":"https:\/\/api.w.org\/{rel}","templated":true}]}}