{"id":14160,"date":"2021-07-12T21:08:54","date_gmt":"2021-07-12T21:08:54","guid":{"rendered":"http:\/\/ciudadanosdelmundo.org\/?page_id=14160"},"modified":"2021-07-12T21:16:48","modified_gmt":"2021-07-12T21:16:48","slug":"publicaciones","status":"publish","type":"page","link":"https:\/\/ciudadanosdelmundo.org\/?page_id=14160","title":{"rendered":"Publicaciones"},"content":{"rendered":"<p>[vc_row][vc_column width=\u00bb1\/1&#8243;]<div class=\"latest-blog horizontal clearfix\"><div class=\"latest-blog-list horizontal vc_col-sm-4 clearfix wpb_content_element\">\n\t\t\t\t\t\t\t<div class=\"blog-list-item-thumb\"><a href=\"https:\/\/ciudadanosdelmundo.org\/?p=13873\" title=\"Barriletes al viento por el Dia de la Bandera\"><img decoding=\"async\" src=\"https:\/\/ciudadanosdelmundo.org\/wp-content\/uploads\/2018\/06\/barriletes-150x150.jpg\" alt=\"Barriletes al viento por el Dia de la Bandera\" \/><\/a><\/div>\n\t\t\t\t\t\t  \t<div class=\"blog-list-item-description\">\n\t\t\t\t\t\t\t\t<h3><a href=\"https:\/\/ciudadanosdelmundo.org\/?p=13873\" title=\"Barriletes al viento por el Dia de la Bandera\">Barriletes al viento por el Dia de la Bandera<\/a><\/h3>\n\t\t\t\t\t\t\t  \t<div class=\"blog-list-item-excerpt\">\u00abSembramos ilusi\u00f3n\u00bb. Con esa premisa, las docentes del jard\u00edn \u00abRayito de Sol\u00bb, en Virrey del Pino, La Matanza, trabajaron junto a los chicos.. <a href=\"https:\/\/ciudadanosdelmundo.org\/?p=13873\">Read More &rarr;<\/a><\/div>\n\t\t\t\t\t\t\t<\/div>\n\t\t\t\t\t  \t<\/div><div class=\"latest-blog-list horizontal vc_col-sm-4 clearfix wpb_content_element\">\n\t\t\t\t\t\t\t<div class=\"blog-list-item-thumb\"><a href=\"https:\/\/ciudadanosdelmundo.org\/?p=13815\" title=\"Alertamos por casos de desnutrici\u00f3n en La Matanza\"><img decoding=\"async\" src=\"https:\/\/ciudadanosdelmundo.org\/wp-content\/uploads\/2018\/06\/Captura-de-pantalla-2018-06-11-a-las-4.57.23-p.m.-150x150.png\" alt=\"Alertamos por casos de desnutrici\u00f3n en La Matanza\" \/><\/a><\/div>\n\t\t\t\t\t\t  \t<div class=\"blog-list-item-description\">\n\t\t\t\t\t\t\t\t<h3><a href=\"https:\/\/ciudadanosdelmundo.org\/?p=13815\" title=\"Alertamos por casos de desnutrici\u00f3n en La Matanza\">Alertamos por casos de desnutrici\u00f3n en La Matanza<\/a><\/h3>\n\t\t\t\t\t\t\t  \t<div class=\"blog-list-item-excerpt\">La Fundaci\u00f3n Ciudadanos del Mundo revel\u00f3 que en los \u00faltimos meses se incrementaron los casos de desnutrici\u00f3n entre los 1200 chicos de 2.. <a href=\"https:\/\/ciudadanosdelmundo.org\/?p=13815\">Read More &rarr;<\/a><\/div>\n\t\t\t\t\t\t\t<\/div>\n\t\t\t\t\t  \t<\/div><div class=\"latest-blog-list horizontal vc_col-sm-4 clearfix wpb_content_element\">\n\t\t\t\t\t\t\t<div class=\"blog-list-item-thumb\"><a href=\"https:\/\/ciudadanosdelmundo.org\/?p=13819\" title=\"\u00abRayito de sol\u00bb: Ciudadanos del Mundo inaugur\u00f3 un nuevo jard\u00edn en La Matanza\"><img decoding=\"async\" src=\"https:\/\/ciudadanosdelmundo.org\/wp-content\/uploads\/2018\/06\/8-150x150.jpg\" alt=\"\u00abRayito de sol\u00bb: Ciudadanos del Mundo inaugur\u00f3 un nuevo jard\u00edn en La Matanza\" \/><\/a><\/div>\n\t\t\t\t\t\t  \t<div class=\"blog-list-item-description\">\n\t\t\t\t\t\t\t\t<h3><a href=\"https:\/\/ciudadanosdelmundo.org\/?p=13819\" title=\"\u00abRayito de sol\u00bb: Ciudadanos del Mundo inaugur\u00f3 un nuevo jard\u00edn en La Matanza\">\u00abRayito de sol\u00bb: Ciudadanos del Mundo inaugur\u00f3 un nuevo jard\u00edn en La Matanza<\/a><\/h3>\n\t\t\t\t\t\t\t  \t<div class=\"blog-list-item-excerpt\">La fundaci\u00f3n Ciudadanos del Mundo inaugur\u00f3 hoy un nuevo jard\u00edn comunitario de primera infancia en Virrey del Pino, La Matanza. \u00abRayito de Sol\u00bb.. <a href=\"https:\/\/ciudadanosdelmundo.org\/?p=13819\">Read More &rarr;<\/a><\/div>\n\t\t\t\t\t\t\t<\/div>\n\t\t\t\t\t  \t<\/div><div class=\"latest-blog-list horizontal vc_col-sm-4 clearfix wpb_content_element\">\n\t\t\t\t\t\t\t<div class=\"blog-list-item-thumb\"><a href=\"https:\/\/ciudadanosdelmundo.org\/?p=13821\" title=\"\u00abJesus de Bel\u00e9n\u00bb: nuestro jard\u00edn modelo abri\u00f3 sus puertas a la comunidad\"><img decoding=\"async\" src=\"https:\/\/ciudadanosdelmundo.org\/wp-content\/uploads\/2018\/06\/nenes1-150x150.jpg\" alt=\"\u00abJesus de Bel\u00e9n\u00bb: nuestro jard\u00edn modelo abri\u00f3 sus puertas a la comunidad\" \/><\/a><\/div>\n\t\t\t\t\t\t  \t<div class=\"blog-list-item-description\">\n\t\t\t\t\t\t\t\t<h3><a href=\"https:\/\/ciudadanosdelmundo.org\/?p=13821\" title=\"\u00abJesus de Bel\u00e9n\u00bb: nuestro jard\u00edn modelo abri\u00f3 sus puertas a la comunidad\">\u00abJesus de Bel\u00e9n\u00bb: nuestro jard\u00edn modelo abri\u00f3 sus puertas a la comunidad<\/a><\/h3>\n\t\t\t\t\t\t\t  \t<div class=\"blog-list-item-excerpt\">Unos 180 chicos y chicas de entre dos y cinco a\u00f1os en situaci\u00f3n de vulnerabilidad social comenzaron el ciclo lectivo 2018 en el.. <a href=\"https:\/\/ciudadanosdelmundo.org\/?p=13821\">Read More &rarr;<\/a><\/div>\n\t\t\t\t\t\t\t<\/div>\n\t\t\t\t\t  \t<\/div><\/div>[\/vc_column][\/vc_row]<\/p>\n","protected":false},"excerpt":{"rendered":"<p>[vc_row][vc_column width=\u00bb1\/1&#8243;][\/vc_column][\/vc_row]<\/p>\n","protected":false},"author":1,"featured_media":0,"parent":0,"menu_order":0,"comment_status":"closed","ping_status":"closed","template":"","meta":{"footnotes":""},"class_list":["post-14160","page","type-page","status-publish","hentry"],"_links":{"self":[{"href":"https:\/\/ciudadanosdelmundo.org\/index.php?rest_route=\/wp\/v2\/pages\/14160","targetHints":{"allow":["GET"]}}],"collection":[{"href":"https:\/\/ciudadanosdelmundo.org\/index.php?rest_route=\/wp\/v2\/pages"}],"about":[{"href":"https:\/\/ciudadanosdelmundo.org\/index.php?rest_route=\/wp\/v2\/types\/page"}],"author":[{"embeddable":true,"href":"https:\/\/ciudadanosdelmundo.org\/index.php?rest_route=\/wp\/v2\/users\/1"}],"replies":[{"embeddable":true,"href":"https:\/\/ciudadanosdelmundo.org\/index.php?rest_route=%2Fwp%2Fv2%2Fcomments&post=14160"}],"version-history":[{"count":6,"href":"https:\/\/ciudadanosdelmundo.org\/index.php?rest_route=\/wp\/v2\/pages\/14160\/revisions"}],"predecessor-version":[{"id":14166,"href":"https:\/\/ciudadanosdelmundo.org\/index.php?rest_route=\/wp\/v2\/pages\/14160\/revisions\/14166"}],"wp:attachment":[{"href":"https:\/\/ciudadanosdelmundo.org\/index.php?rest_route=%2Fwp%2Fv2%2Fmedia&parent=14160"}],"curies":[{"name":"wp","href":"https:\/\/api.w.org\/{rel}","templated":true}]}}