{"id":13764,"date":"2017-12-29T20:57:50","date_gmt":"2017-12-29T20:57:50","guid":{"rendered":"http:\/\/ciudadanosdelmundo.org\/sitio\/?page_id=13764"},"modified":"2017-12-29T21:16:06","modified_gmt":"2017-12-29T21:16:06","slug":"genero","status":"publish","type":"page","link":"https:\/\/ciudadanosdelmundo.org\/?page_id=13764","title":{"rendered":"G\u00e9nero"},"content":{"rendered":"<p>[vc_section][vc_row][vc_column column_padding=\u00bbpadding-5&#8243; column_center=\u00bbtrue\u00bb width=\u00bb1\/3&#8243;]<h3 class=\"headline font-inherit fontsize-xl fontweight-600 lh-inherit align-left transform-uppercase \" style=\"margin: 0 0 20px 0;\">EL PROYECTO<\/h3><div class=\"newdivider align-left\" style=\"border-bottom-style: solid; border-color: #00aeef; border-bottom-width: 3px; margin-top: 0; margin-bottom: 0; width: 120px; \"><\/div><div class=\"clear\"><\/div>[\/vc_column][vc_column width=\u00bb2\/3&#8243;][vc_column_text]<\/p>\n<p class=\"p1\"><span class=\"s1\">El trabajo de g\u00e9nero es un \u00e1rea nueva que la Fundaci\u00f3n implementa a partir de agosto de 2017.<\/span><\/p>\n<p class=\"p1\"><span class=\"s1\">Ello implica el lanzamiento en breve de una convocatoria para organizar el \u00e1rea y planificar tareas que colaboren con esa poblaci\u00f3n vulnerable, tan agredida en este \u00faltimo per\u00edodo en la Rep\u00fablica Argentina.<\/span><\/p>\n<p>[\/vc_column_text][\/vc_column][\/vc_row][\/vc_section][vc_section full_width=\u00bbstretch_row\u00bb css=\u00bb.vc_custom_1514581424543{background-color: #f7f7f7 !important;}\u00bb][vc_row][vc_column column_padding=\u00bbpadding-5&#8243; column_center=\u00bbtrue\u00bb width=\u00bb2\/3&#8243;][vc_column_text]<\/p>\n<ul class=\"ul1\">\n<li class=\"li1\"><span class=\"s2\"><i>Talleres<\/i>: la Fundaci\u00f3n planea realizar talleres, foros y conferencias sobre problem\u00e1ticas de g\u00e9nero, para concientizar y socializar sobre los diversos temas que hacen a la problem\u00e1tica de g\u00e9nero, como la violencia dom\u00e9stica, la paridad salarial, los femicidios, etc.<\/span><\/li>\n<li class=\"li1\"><span class=\"s2\"><i>Asesor\u00eda de g\u00e9nero:<\/i> buscaremos la implementaci\u00f3n de una asesor\u00eda de g\u00e9nero con car\u00e1cter permanente para la asistencia de las mujeres de la zona de influencia de la Fundaci\u00f3n.<\/span><\/li>\n<\/ul>\n<p>[\/vc_column_text][\/vc_column][vc_column width=\u00bb1\/3&#8243;]<h3 class=\"headline font-inherit fontsize-xl fontweight-600 lh-inherit align-left transform-uppercase \" style=\"margin: 0 0 20px 0;\">Talleres y asistencia<\/h3><div class=\"newdivider align-left\" style=\"border-bottom-style: solid; border-color: #00aeef; border-bottom-width: 3px; margin-top: 0; margin-bottom: 0; width: 120px; \"><\/div><div class=\"clear\"><\/div>[\/vc_column][\/vc_row][\/vc_section][vc_section][vc_row][vc_column column_padding=\u00bbpadding-5&#8243; column_center=\u00bbtrue\u00bb width=\u00bb1\/3&#8243;]<h3 class=\"headline font-inherit fontsize-xl fontweight-600 lh-inherit align-left transform-uppercase \" style=\"margin: 0 0 20px 0;\">Econom\u00eda social y solidaria<\/h3><div class=\"newdivider align-left\" style=\"border-bottom-style: solid; border-color: #00aeef; border-bottom-width: 3px; margin-top: 0; margin-bottom: 0; width: 120px; \"><\/div><div class=\"clear\"><\/div>[\/vc_column][vc_column width=\u00bb2\/3&#8243;][vc_column_text]<\/p>\n<p class=\"p1\"><span class=\"s1\">Promoci\u00f3n y establecimiento de un n\u00facleo de econom\u00eda social y solidaria que permita reproducir ingresos aut\u00f3nomos para mujeres en situaci\u00f3n de vulnerabilidad. <\/span><\/p>\n<ul class=\"ul1\">\n<li class=\"li1\"><span class=\"s1\">La producci\u00f3n de pan, ropa, artesan\u00edas, muebles, etc. son algunos de los elementos que pueden agregar dinero a las econom\u00edas menos resistentes.<\/span><\/li>\n<\/ul>\n<p class=\"p2\"><span class=\"s1\">La Fundaci\u00f3n se propone organizar e impulsar la realizaci\u00f3n de estas actividades.<\/span><\/p>\n<p>[\/vc_column_text][\/vc_column][\/vc_row][\/vc_section][vc_section full_width=\u00bbstretch_row\u00bb css=\u00bb.vc_custom_1514582171812{margin-bottom: -40px !important;background-image: url(http:\/\/ciudadanosdelmundo.org\/sitio\/wp-content\/uploads\/2017\/12\/fondo5-1.jpg?id=13777) !important;background-position: center !important;background-repeat: no-repeat !important;background-size: cover !important;}\u00bb][vc_row text_color=\u00bblight\u00bb text_align=\u00bbcenter\u00bb top_padding=\u00bb60&#8243; bottom_padding=\u00bb60&#8243;][vc_column width=\u00bb1\/1&#8243;]<div class=\"divider-title align-center\" >Microcr\u00e9ditos<\/div>[vc_column_text]<\/p>\n<p class=\"p1\"><span class=\"s1\">Parte de la recuperaci\u00f3n de la gesti\u00f3n de microcr\u00e9ditos tendr\u00e1 como destino a las mujeres en situaci\u00f3n de vulnerabilidad.<\/span><\/p>\n<p>[\/vc_column_text][\/vc_column][\/vc_row][\/vc_section]<\/p>\n","protected":false},"excerpt":{"rendered":"<p>[vc_section][vc_row][vc_column column_padding=\u00bbpadding-5&#8243; column_center=\u00bbtrue\u00bb width=\u00bb1\/3&#8243;][\/vc_column][vc_column width=\u00bb2\/3&#8243;][vc_column_text] El trabajo de g\u00e9nero es un \u00e1rea nueva que la Fundaci\u00f3n implementa a partir de agosto de 2017. Ello implica el lanzamiento en breve de una convocatoria para organizar el \u00e1rea y planificar tareas que colaboren con esa poblaci\u00f3n vulnerable, tan agredida en este \u00faltimo per\u00edodo en la Rep\u00fablica Argentina. [\/vc_column_text][\/vc_column][\/vc_row][\/vc_section][vc_section full_width=\u00bbstretch_row\u00bb css=\u00bb.vc_custom_1514581424543{background-color: #f7f7f7 !important;}\u00bb][vc_row][vc_column column_padding=\u00bbpadding-5&#8243; column_center=\u00bbtrue\u00bb width=\u00bb2\/3&#8243;][vc_column_text] Talleres: la Fundaci\u00f3n planea realizar talleres, foros y conferencias sobre problem\u00e1ticas de g\u00e9nero, para concientizar y socializar sobre los diversos temas que hacen a la problem\u00e1tica de g\u00e9nero, como la violencia dom\u00e9stica, la paridad salarial, los femicidios, etc. Asesor\u00eda de g\u00e9nero: buscaremos la implementaci\u00f3n de una asesor\u00eda de g\u00e9nero con car\u00e1cter permanente para la asistencia de las mujeres de la zona de influencia de la Fundaci\u00f3n. [\/vc_column_text][\/vc_column][vc_column width=\u00bb1\/3&#8243;][\/vc_column][\/vc_row][\/vc_section][vc_section][vc_row][vc_column column_padding=\u00bbpadding-5&#8243; column_center=\u00bbtrue\u00bb width=\u00bb1\/3&#8243;][\/vc_column][vc_column width=\u00bb2\/3&#8243;][vc_column_text] Promoci\u00f3n y establecimiento de un n\u00facleo de econom\u00eda social y solidaria que permita reproducir ingresos aut\u00f3nomos para mujeres en situaci\u00f3n de vulnerabilidad. La producci\u00f3n de pan, ropa, artesan\u00edas, muebles, etc. son algunos de los elementos que pueden agregar dinero a las econom\u00edas menos resistentes. La Fundaci\u00f3n se propone organizar e impulsar la realizaci\u00f3n de estas actividades. [\/vc_column_text][\/vc_column][\/vc_row][\/vc_section][vc_section full_width=\u00bbstretch_row\u00bb css=\u00bb.vc_custom_1514582171812{margin-bottom: -40px !important;background-image: url(http:\/\/ciudadanosdelmundo.org\/sitio\/wp-content\/uploads\/2017\/12\/fondo5-1.jpg?id=13777) !important;background-position: center !important;background-repeat: [&hellip;]<\/p>\n","protected":false},"author":1,"featured_media":0,"parent":0,"menu_order":0,"comment_status":"closed","ping_status":"closed","template":"","meta":{"footnotes":""},"class_list":["post-13764","page","type-page","status-publish","hentry"],"_links":{"self":[{"href":"https:\/\/ciudadanosdelmundo.org\/index.php?rest_route=\/wp\/v2\/pages\/13764","targetHints":{"allow":["GET"]}}],"collection":[{"href":"https:\/\/ciudadanosdelmundo.org\/index.php?rest_route=\/wp\/v2\/pages"}],"about":[{"href":"https:\/\/ciudadanosdelmundo.org\/index.php?rest_route=\/wp\/v2\/types\/page"}],"author":[{"embeddable":true,"href":"https:\/\/ciudadanosdelmundo.org\/index.php?rest_route=\/wp\/v2\/users\/1"}],"replies":[{"embeddable":true,"href":"https:\/\/ciudadanosdelmundo.org\/index.php?rest_route=%2Fwp%2Fv2%2Fcomments&post=13764"}],"version-history":[{"count":14,"href":"https:\/\/ciudadanosdelmundo.org\/index.php?rest_route=\/wp\/v2\/pages\/13764\/revisions"}],"predecessor-version":[{"id":13781,"href":"https:\/\/ciudadanosdelmundo.org\/index.php?rest_route=\/wp\/v2\/pages\/13764\/revisions\/13781"}],"wp:attachment":[{"href":"https:\/\/ciudadanosdelmundo.org\/index.php?rest_route=%2Fwp%2Fv2%2Fmedia&parent=13764"}],"curies":[{"name":"wp","href":"https:\/\/api.w.org\/{rel}","templated":true}]}}