{"id":13713,"date":"2017-12-29T19:39:15","date_gmt":"2017-12-29T19:39:15","guid":{"rendered":"http:\/\/ciudadanosdelmundo.org\/sitio\/?page_id=13713"},"modified":"2017-12-29T20:29:54","modified_gmt":"2017-12-29T20:29:54","slug":"la-matanza","status":"publish","type":"page","link":"https:\/\/ciudadanosdelmundo.org\/?page_id=13713","title":{"rendered":"La Matanza"},"content":{"rendered":"<p>[vc_section][vc_row top_padding=\u00bb40&#8243; bottom_padding=\u00bb40&#8243;][vc_column width=\u00bb1\/2&#8243;][vc_column_text]<\/p>\n<p class=\"p1\"><span class=\"s1\">En mayo de 2017 comenzamos con las obras en los jardines de La Matanza.<\/span><span class=\"s2\"><br \/>\n<\/span><span class=\"s1\">Se pusieron en marcha las obras en los jardines comunitarios Jes\u00fas de Bel\u00e9n (Virrey del Pino) y Huellitas de Colores (Gonz\u00e1lez Cat\u00e1n) mientras en el km 46 empez\u00e1bamos la etapa de demolici\u00f3n para luego comenzar a levantar la estructura de un nuevo jard\u00edn. En los otros jardines ya avanzamos con la colocaci\u00f3n de piso y construcci\u00f3n de salas. <\/span><\/p>\n<p>[\/vc_column_text][\/vc_column][vc_column width=\u00bb1\/2&#8243;]<div class=\"gallery-style-2\">\n\t\t<style>\n\t\t\t#gallery-1 {\n\t\t\t\tmargin: auto;\n\t\t\t}\n\t\t\t#gallery-1 .gallery-item {\n\t\t\t\tfloat: left;\n\t\t\t\tmargin-top: 10px;\n\t\t\t\ttext-align: center;\n\t\t\t\twidth: 16%;\n\t\t\t}\n\t\t\t#gallery-1 img {\n\t\t\t\tborder: 2px solid #cfcfcf;\n\t\t\t}\n\t\t\t#gallery-1 .gallery-caption {\n\t\t\t\tmargin-left: 0;\n\t\t\t}\n\t\t\t\/* see gallery_shortcode() in wp-includes\/media.php *\/\n\t\t<\/style>\n\t\t<div id='gallery-1' class='gallery galleryid-13713 gallery-columns-6 gallery-size-thumbnail'><dl class='gallery-item'>\n\t\t\t<dt class='gallery-icon landscape'>\n\t\t\t\t<a rel=\"prettyPhoto[pp_gal]\" href='https:\/\/ciudadanosdelmundo.org\/wp-content\/uploads\/2017\/12\/foto-135.jpg'><img loading=\"lazy\" decoding=\"async\" width=\"150\" height=\"150\" src=\"https:\/\/ciudadanosdelmundo.org\/wp-content\/uploads\/2017\/12\/foto-135-150x150.jpg\" class=\"attachment-thumbnail size-thumbnail\" alt=\"\" srcset=\"https:\/\/ciudadanosdelmundo.org\/wp-content\/uploads\/2017\/12\/foto-135-150x150.jpg 150w, https:\/\/ciudadanosdelmundo.org\/wp-content\/uploads\/2017\/12\/foto-135-80x80.jpg 80w, https:\/\/ciudadanosdelmundo.org\/wp-content\/uploads\/2017\/12\/foto-135-500x500.jpg 500w\" sizes=\"auto, (max-width: 150px) 100vw, 150px\" \/><\/a>\n\t\t\t<\/dt><\/dl><dl class='gallery-item'>\n\t\t\t<dt class='gallery-icon landscape'>\n\t\t\t\t<a rel=\"prettyPhoto[pp_gal]\" href='https:\/\/ciudadanosdelmundo.org\/wp-content\/uploads\/2017\/12\/foto-134.jpg'><img loading=\"lazy\" decoding=\"async\" width=\"150\" height=\"150\" src=\"https:\/\/ciudadanosdelmundo.org\/wp-content\/uploads\/2017\/12\/foto-134-150x150.jpg\" class=\"attachment-thumbnail size-thumbnail\" alt=\"\" srcset=\"https:\/\/ciudadanosdelmundo.org\/wp-content\/uploads\/2017\/12\/foto-134-150x150.jpg 150w, https:\/\/ciudadanosdelmundo.org\/wp-content\/uploads\/2017\/12\/foto-134-80x80.jpg 80w, https:\/\/ciudadanosdelmundo.org\/wp-content\/uploads\/2017\/12\/foto-134-500x500.jpg 500w\" sizes=\"auto, (max-width: 150px) 100vw, 150px\" \/><\/a>\n\t\t\t<\/dt><\/dl><dl class='gallery-item'>\n\t\t\t<dt class='gallery-icon landscape'>\n\t\t\t\t<a rel=\"prettyPhoto[pp_gal]\" href='https:\/\/ciudadanosdelmundo.org\/wp-content\/uploads\/2017\/12\/foto-133.jpg'><img loading=\"lazy\" decoding=\"async\" width=\"150\" height=\"150\" src=\"https:\/\/ciudadanosdelmundo.org\/wp-content\/uploads\/2017\/12\/foto-133-150x150.jpg\" class=\"attachment-thumbnail size-thumbnail\" alt=\"\" srcset=\"https:\/\/ciudadanosdelmundo.org\/wp-content\/uploads\/2017\/12\/foto-133-150x150.jpg 150w, https:\/\/ciudadanosdelmundo.org\/wp-content\/uploads\/2017\/12\/foto-133-80x80.jpg 80w, https:\/\/ciudadanosdelmundo.org\/wp-content\/uploads\/2017\/12\/foto-133-500x500.jpg 500w\" sizes=\"auto, (max-width: 150px) 100vw, 150px\" \/><\/a>\n\t\t\t<\/dt><\/dl><dl class='gallery-item'>\n\t\t\t<dt class='gallery-icon landscape'>\n\t\t\t\t<a rel=\"prettyPhoto[pp_gal]\" href='https:\/\/ciudadanosdelmundo.org\/wp-content\/uploads\/2017\/12\/foto-132.jpg'><img loading=\"lazy\" decoding=\"async\" width=\"150\" height=\"150\" src=\"https:\/\/ciudadanosdelmundo.org\/wp-content\/uploads\/2017\/12\/foto-132-150x150.jpg\" class=\"attachment-thumbnail size-thumbnail\" alt=\"\" srcset=\"https:\/\/ciudadanosdelmundo.org\/wp-content\/uploads\/2017\/12\/foto-132-150x150.jpg 150w, https:\/\/ciudadanosdelmundo.org\/wp-content\/uploads\/2017\/12\/foto-132-80x80.jpg 80w, https:\/\/ciudadanosdelmundo.org\/wp-content\/uploads\/2017\/12\/foto-132-500x500.jpg 500w\" sizes=\"auto, (max-width: 150px) 100vw, 150px\" \/><\/a>\n\t\t\t<\/dt><\/dl><dl class='gallery-item'>\n\t\t\t<dt class='gallery-icon portrait'>\n\t\t\t\t<a rel=\"prettyPhoto[pp_gal]\" href='https:\/\/ciudadanosdelmundo.org\/wp-content\/uploads\/2017\/12\/foto-131.jpg'><img loading=\"lazy\" decoding=\"async\" width=\"150\" height=\"150\" src=\"https:\/\/ciudadanosdelmundo.org\/wp-content\/uploads\/2017\/12\/foto-131-150x150.jpg\" class=\"attachment-thumbnail size-thumbnail\" alt=\"\" srcset=\"https:\/\/ciudadanosdelmundo.org\/wp-content\/uploads\/2017\/12\/foto-131-150x150.jpg 150w, https:\/\/ciudadanosdelmundo.org\/wp-content\/uploads\/2017\/12\/foto-131-80x80.jpg 80w, https:\/\/ciudadanosdelmundo.org\/wp-content\/uploads\/2017\/12\/foto-131-500x500.jpg 500w\" sizes=\"auto, (max-width: 150px) 100vw, 150px\" \/><\/a>\n\t\t\t<\/dt><\/dl><dl class='gallery-item'>\n\t\t\t<dt class='gallery-icon portrait'>\n\t\t\t\t<a rel=\"prettyPhoto[pp_gal]\" href='https:\/\/ciudadanosdelmundo.org\/wp-content\/uploads\/2017\/12\/foto-130.jpg'><img loading=\"lazy\" decoding=\"async\" width=\"150\" height=\"150\" src=\"https:\/\/ciudadanosdelmundo.org\/wp-content\/uploads\/2017\/12\/foto-130-150x150.jpg\" class=\"attachment-thumbnail size-thumbnail\" alt=\"\" srcset=\"https:\/\/ciudadanosdelmundo.org\/wp-content\/uploads\/2017\/12\/foto-130-150x150.jpg 150w, https:\/\/ciudadanosdelmundo.org\/wp-content\/uploads\/2017\/12\/foto-130-80x80.jpg 80w, https:\/\/ciudadanosdelmundo.org\/wp-content\/uploads\/2017\/12\/foto-130-500x500.jpg 500w\" sizes=\"auto, (max-width: 150px) 100vw, 150px\" \/><\/a>\n\t\t\t<\/dt><\/dl><br style=\"clear: both\" \/><dl class='gallery-item'>\n\t\t\t<dt class='gallery-icon portrait'>\n\t\t\t\t<a rel=\"prettyPhoto[pp_gal]\" href='https:\/\/ciudadanosdelmundo.org\/wp-content\/uploads\/2017\/12\/foto-129.jpg'><img loading=\"lazy\" decoding=\"async\" width=\"150\" height=\"150\" src=\"https:\/\/ciudadanosdelmundo.org\/wp-content\/uploads\/2017\/12\/foto-129-150x150.jpg\" class=\"attachment-thumbnail size-thumbnail\" alt=\"\" srcset=\"https:\/\/ciudadanosdelmundo.org\/wp-content\/uploads\/2017\/12\/foto-129-150x150.jpg 150w, https:\/\/ciudadanosdelmundo.org\/wp-content\/uploads\/2017\/12\/foto-129-80x80.jpg 80w, https:\/\/ciudadanosdelmundo.org\/wp-content\/uploads\/2017\/12\/foto-129-500x500.jpg 500w\" sizes=\"auto, (max-width: 150px) 100vw, 150px\" \/><\/a>\n\t\t\t<\/dt><\/dl><dl class='gallery-item'>\n\t\t\t<dt class='gallery-icon portrait'>\n\t\t\t\t<a rel=\"prettyPhoto[pp_gal]\" href='https:\/\/ciudadanosdelmundo.org\/wp-content\/uploads\/2017\/12\/foto-128.jpg'><img loading=\"lazy\" decoding=\"async\" width=\"150\" height=\"150\" src=\"https:\/\/ciudadanosdelmundo.org\/wp-content\/uploads\/2017\/12\/foto-128-150x150.jpg\" class=\"attachment-thumbnail size-thumbnail\" alt=\"\" srcset=\"https:\/\/ciudadanosdelmundo.org\/wp-content\/uploads\/2017\/12\/foto-128-150x150.jpg 150w, https:\/\/ciudadanosdelmundo.org\/wp-content\/uploads\/2017\/12\/foto-128-80x80.jpg 80w, https:\/\/ciudadanosdelmundo.org\/wp-content\/uploads\/2017\/12\/foto-128-500x500.jpg 500w\" sizes=\"auto, (max-width: 150px) 100vw, 150px\" \/><\/a>\n\t\t\t<\/dt><\/dl><dl class='gallery-item'>\n\t\t\t<dt class='gallery-icon portrait'>\n\t\t\t\t<a rel=\"prettyPhoto[pp_gal]\" href='https:\/\/ciudadanosdelmundo.org\/wp-content\/uploads\/2017\/12\/foto-127.jpg'><img loading=\"lazy\" decoding=\"async\" width=\"150\" height=\"150\" src=\"https:\/\/ciudadanosdelmundo.org\/wp-content\/uploads\/2017\/12\/foto-127-150x150.jpg\" class=\"attachment-thumbnail size-thumbnail\" alt=\"\" srcset=\"https:\/\/ciudadanosdelmundo.org\/wp-content\/uploads\/2017\/12\/foto-127-150x150.jpg 150w, https:\/\/ciudadanosdelmundo.org\/wp-content\/uploads\/2017\/12\/foto-127-80x80.jpg 80w, https:\/\/ciudadanosdelmundo.org\/wp-content\/uploads\/2017\/12\/foto-127-500x500.jpg 500w\" sizes=\"auto, (max-width: 150px) 100vw, 150px\" \/><\/a>\n\t\t\t<\/dt><\/dl><dl class='gallery-item'>\n\t\t\t<dt class='gallery-icon portrait'>\n\t\t\t\t<a rel=\"prettyPhoto[pp_gal]\" href='https:\/\/ciudadanosdelmundo.org\/wp-content\/uploads\/2017\/12\/foto-126.jpg'><img loading=\"lazy\" decoding=\"async\" width=\"150\" height=\"150\" src=\"https:\/\/ciudadanosdelmundo.org\/wp-content\/uploads\/2017\/12\/foto-126-150x150.jpg\" class=\"attachment-thumbnail size-thumbnail\" alt=\"\" srcset=\"https:\/\/ciudadanosdelmundo.org\/wp-content\/uploads\/2017\/12\/foto-126-150x150.jpg 150w, https:\/\/ciudadanosdelmundo.org\/wp-content\/uploads\/2017\/12\/foto-126-80x80.jpg 80w, https:\/\/ciudadanosdelmundo.org\/wp-content\/uploads\/2017\/12\/foto-126-500x500.jpg 500w\" sizes=\"auto, (max-width: 150px) 100vw, 150px\" \/><\/a>\n\t\t\t<\/dt><\/dl><dl class='gallery-item'>\n\t\t\t<dt class='gallery-icon portrait'>\n\t\t\t\t<a rel=\"prettyPhoto[pp_gal]\" href='https:\/\/ciudadanosdelmundo.org\/wp-content\/uploads\/2017\/12\/foto-125.jpg'><img loading=\"lazy\" decoding=\"async\" width=\"150\" height=\"150\" src=\"https:\/\/ciudadanosdelmundo.org\/wp-content\/uploads\/2017\/12\/foto-125-150x150.jpg\" class=\"attachment-thumbnail size-thumbnail\" alt=\"\" srcset=\"https:\/\/ciudadanosdelmundo.org\/wp-content\/uploads\/2017\/12\/foto-125-150x150.jpg 150w, https:\/\/ciudadanosdelmundo.org\/wp-content\/uploads\/2017\/12\/foto-125-80x80.jpg 80w, https:\/\/ciudadanosdelmundo.org\/wp-content\/uploads\/2017\/12\/foto-125-500x500.jpg 500w\" sizes=\"auto, (max-width: 150px) 100vw, 150px\" \/><\/a>\n\t\t\t<\/dt><\/dl><dl class='gallery-item'>\n\t\t\t<dt class='gallery-icon portrait'>\n\t\t\t\t<a rel=\"prettyPhoto[pp_gal]\" href='https:\/\/ciudadanosdelmundo.org\/wp-content\/uploads\/2017\/12\/foto-124.jpg'><img loading=\"lazy\" decoding=\"async\" width=\"150\" height=\"150\" src=\"https:\/\/ciudadanosdelmundo.org\/wp-content\/uploads\/2017\/12\/foto-124-150x150.jpg\" class=\"attachment-thumbnail size-thumbnail\" alt=\"\" srcset=\"https:\/\/ciudadanosdelmundo.org\/wp-content\/uploads\/2017\/12\/foto-124-150x150.jpg 150w, https:\/\/ciudadanosdelmundo.org\/wp-content\/uploads\/2017\/12\/foto-124-80x80.jpg 80w, https:\/\/ciudadanosdelmundo.org\/wp-content\/uploads\/2017\/12\/foto-124-500x500.jpg 500w\" sizes=\"auto, (max-width: 150px) 100vw, 150px\" \/><\/a>\n\t\t\t<\/dt><\/dl><br style=\"clear: both\" \/>\n\t\t<\/div>\n<\/div>[\/vc_column][\/vc_row][\/vc_section][vc_section full_width=\u00bbstretch_row\u00bb css=\u00bb.vc_custom_1514577021545{background-color: #f7f7f7 !important;}\u00bb][vc_row top_padding=\u00bb40&#8243; bottom_padding=\u00bb40&#8243;][vc_column width=\u00bb1\/2&#8243;]<div class=\"flexslider wpb_content_element\"><ul class=\"slides\"><li><img decoding=\"async\" src=\"https:\/\/ciudadanosdelmundo.org\/wp-content\/uploads\/2017\/12\/foto-121.jpg\" alt=\"\" \/><\/li><li><img decoding=\"async\" src=\"https:\/\/ciudadanosdelmundo.org\/wp-content\/uploads\/2017\/12\/foto-122.jpg\" alt=\"\" \/><\/li><\/ul><\/div>[\/vc_column][vc_column column_center=\u00bbtrue\u00bb width=\u00bb1\/2&#8243;][vc_column_text]<\/p>\n<p class=\"p1\"><span class=\"s1\">En el mes de marzo de 2017 firmamos los convenios para la implementaci\u00f3n del Plan Nacional de Primera Infancia en 13 jardines comunitarios de La Matanza. Agradecemos a la Licenciada Lorena R\u00edos, Subsecretaria de Primera Infancia, Anal\u00eda Sager, Secretaria Ejecutiva de COCEDIC, Ricardo Zanfardini, Director de Gesti\u00f3n de los Centros de Desarrollo Infantil Comunitarios y a Natalia Krainz, del equipo de COCEDIC, por toda su colaboraci\u00f3n desde el Ministerio de Desarrollo Social de la Naci\u00f3n para poder concretar los convenios.<\/span><\/p>\n<p>[\/vc_column_text][\/vc_column][\/vc_row][\/vc_section][vc_section][vc_row][vc_column width=\u00bb1\/1&#8243;]<div class=\"divider-title align-center\" >Capacitaci\u00f3n en La Matanza<\/div>[vc_column_text]<\/p>\n<p class=\"p1\"><span class=\"s1\">En noviembre de 2016 la Fundaci\u00f3n realiz\u00f3 en el Sal\u00f3n Malvinas Argentinas del Palacio Municipal de La Matanza, el primer encuentro del ciclo de capacitaciones con jardines de La Matanza, implementado en el marco de nuestra participaci\u00f3n en el Plan Nacional de Primera Infancia. Compartimos con todo el equipo de los 13 jardines que estamos acompa\u00f1ando (directivos, docentes y auxiliares), las distintas dimensiones del Proyecto Educativo Reggio Emilia, a partir de una presentaci\u00f3n a cargo de la Prof. Florencia Conforti. <\/span><\/p>\n<p>[\/vc_column_text]<div class=\"gallery-style-2\">\n\t\t<style>\n\t\t\t#gallery-2 {\n\t\t\t\tmargin: auto;\n\t\t\t}\n\t\t\t#gallery-2 .gallery-item {\n\t\t\t\tfloat: left;\n\t\t\t\tmargin-top: 10px;\n\t\t\t\ttext-align: center;\n\t\t\t\twidth: 16%;\n\t\t\t}\n\t\t\t#gallery-2 img {\n\t\t\t\tborder: 2px solid #cfcfcf;\n\t\t\t}\n\t\t\t#gallery-2 .gallery-caption {\n\t\t\t\tmargin-left: 0;\n\t\t\t}\n\t\t\t\/* see gallery_shortcode() in wp-includes\/media.php *\/\n\t\t<\/style>\n\t\t<div id='gallery-2' class='gallery galleryid-13713 gallery-columns-6 gallery-size-thumbnail'><dl class='gallery-item'>\n\t\t\t<dt class='gallery-icon landscape'>\n\t\t\t\t<a rel=\"prettyPhoto[pp_gal]\" href='https:\/\/ciudadanosdelmundo.org\/wp-content\/uploads\/2017\/12\/foto-136.jpg'><img loading=\"lazy\" decoding=\"async\" width=\"150\" height=\"150\" src=\"https:\/\/ciudadanosdelmundo.org\/wp-content\/uploads\/2017\/12\/foto-136-150x150.jpg\" class=\"attachment-thumbnail size-thumbnail\" alt=\"\" srcset=\"https:\/\/ciudadanosdelmundo.org\/wp-content\/uploads\/2017\/12\/foto-136-150x150.jpg 150w, https:\/\/ciudadanosdelmundo.org\/wp-content\/uploads\/2017\/12\/foto-136-80x80.jpg 80w, https:\/\/ciudadanosdelmundo.org\/wp-content\/uploads\/2017\/12\/foto-136-500x500.jpg 500w\" sizes=\"auto, (max-width: 150px) 100vw, 150px\" \/><\/a>\n\t\t\t<\/dt><\/dl><dl class='gallery-item'>\n\t\t\t<dt class='gallery-icon landscape'>\n\t\t\t\t<a rel=\"prettyPhoto[pp_gal]\" href='https:\/\/ciudadanosdelmundo.org\/wp-content\/uploads\/2017\/12\/foto-137.jpg'><img loading=\"lazy\" decoding=\"async\" width=\"150\" height=\"150\" src=\"https:\/\/ciudadanosdelmundo.org\/wp-content\/uploads\/2017\/12\/foto-137-150x150.jpg\" class=\"attachment-thumbnail size-thumbnail\" alt=\"\" srcset=\"https:\/\/ciudadanosdelmundo.org\/wp-content\/uploads\/2017\/12\/foto-137-150x150.jpg 150w, https:\/\/ciudadanosdelmundo.org\/wp-content\/uploads\/2017\/12\/foto-137-80x80.jpg 80w, https:\/\/ciudadanosdelmundo.org\/wp-content\/uploads\/2017\/12\/foto-137-500x500.jpg 500w\" sizes=\"auto, (max-width: 150px) 100vw, 150px\" \/><\/a>\n\t\t\t<\/dt><\/dl><dl class='gallery-item'>\n\t\t\t<dt class='gallery-icon landscape'>\n\t\t\t\t<a rel=\"prettyPhoto[pp_gal]\" href='https:\/\/ciudadanosdelmundo.org\/wp-content\/uploads\/2017\/12\/foto-138.jpg'><img loading=\"lazy\" decoding=\"async\" width=\"150\" height=\"150\" src=\"https:\/\/ciudadanosdelmundo.org\/wp-content\/uploads\/2017\/12\/foto-138-150x150.jpg\" class=\"attachment-thumbnail size-thumbnail\" alt=\"\" srcset=\"https:\/\/ciudadanosdelmundo.org\/wp-content\/uploads\/2017\/12\/foto-138-150x150.jpg 150w, https:\/\/ciudadanosdelmundo.org\/wp-content\/uploads\/2017\/12\/foto-138-80x80.jpg 80w, https:\/\/ciudadanosdelmundo.org\/wp-content\/uploads\/2017\/12\/foto-138-500x500.jpg 500w\" sizes=\"auto, (max-width: 150px) 100vw, 150px\" \/><\/a>\n\t\t\t<\/dt><\/dl><dl class='gallery-item'>\n\t\t\t<dt class='gallery-icon landscape'>\n\t\t\t\t<a rel=\"prettyPhoto[pp_gal]\" href='https:\/\/ciudadanosdelmundo.org\/wp-content\/uploads\/2017\/12\/foto-140.jpg'><img loading=\"lazy\" decoding=\"async\" width=\"150\" height=\"150\" src=\"https:\/\/ciudadanosdelmundo.org\/wp-content\/uploads\/2017\/12\/foto-140-150x150.jpg\" class=\"attachment-thumbnail size-thumbnail\" alt=\"\" srcset=\"https:\/\/ciudadanosdelmundo.org\/wp-content\/uploads\/2017\/12\/foto-140-150x150.jpg 150w, https:\/\/ciudadanosdelmundo.org\/wp-content\/uploads\/2017\/12\/foto-140-80x80.jpg 80w, https:\/\/ciudadanosdelmundo.org\/wp-content\/uploads\/2017\/12\/foto-140-500x500.jpg 500w\" sizes=\"auto, (max-width: 150px) 100vw, 150px\" \/><\/a>\n\t\t\t<\/dt><\/dl><dl class='gallery-item'>\n\t\t\t<dt class='gallery-icon landscape'>\n\t\t\t\t<a rel=\"prettyPhoto[pp_gal]\" href='https:\/\/ciudadanosdelmundo.org\/wp-content\/uploads\/2017\/12\/foto-141.jpg'><img loading=\"lazy\" decoding=\"async\" width=\"150\" height=\"150\" src=\"https:\/\/ciudadanosdelmundo.org\/wp-content\/uploads\/2017\/12\/foto-141-150x150.jpg\" class=\"attachment-thumbnail size-thumbnail\" alt=\"\" srcset=\"https:\/\/ciudadanosdelmundo.org\/wp-content\/uploads\/2017\/12\/foto-141-150x150.jpg 150w, https:\/\/ciudadanosdelmundo.org\/wp-content\/uploads\/2017\/12\/foto-141-80x80.jpg 80w, https:\/\/ciudadanosdelmundo.org\/wp-content\/uploads\/2017\/12\/foto-141-500x500.jpg 500w\" sizes=\"auto, (max-width: 150px) 100vw, 150px\" \/><\/a>\n\t\t\t<\/dt><\/dl><dl class='gallery-item'>\n\t\t\t<dt class='gallery-icon landscape'>\n\t\t\t\t<a rel=\"prettyPhoto[pp_gal]\" href='https:\/\/ciudadanosdelmundo.org\/wp-content\/uploads\/2017\/12\/foto-142.jpg'><img loading=\"lazy\" decoding=\"async\" width=\"150\" height=\"150\" src=\"https:\/\/ciudadanosdelmundo.org\/wp-content\/uploads\/2017\/12\/foto-142-150x150.jpg\" class=\"attachment-thumbnail size-thumbnail\" alt=\"\" srcset=\"https:\/\/ciudadanosdelmundo.org\/wp-content\/uploads\/2017\/12\/foto-142-150x150.jpg 150w, https:\/\/ciudadanosdelmundo.org\/wp-content\/uploads\/2017\/12\/foto-142-80x80.jpg 80w, https:\/\/ciudadanosdelmundo.org\/wp-content\/uploads\/2017\/12\/foto-142-500x500.jpg 500w\" sizes=\"auto, (max-width: 150px) 100vw, 150px\" \/><\/a>\n\t\t\t<\/dt><\/dl><br style=\"clear: both\" \/><dl class='gallery-item'>\n\t\t\t<dt class='gallery-icon landscape'>\n\t\t\t\t<a rel=\"prettyPhoto[pp_gal]\" href='https:\/\/ciudadanosdelmundo.org\/wp-content\/uploads\/2017\/12\/foto-143.jpg'><img loading=\"lazy\" decoding=\"async\" width=\"150\" height=\"150\" src=\"https:\/\/ciudadanosdelmundo.org\/wp-content\/uploads\/2017\/12\/foto-143-150x150.jpg\" class=\"attachment-thumbnail size-thumbnail\" alt=\"\" srcset=\"https:\/\/ciudadanosdelmundo.org\/wp-content\/uploads\/2017\/12\/foto-143-150x150.jpg 150w, https:\/\/ciudadanosdelmundo.org\/wp-content\/uploads\/2017\/12\/foto-143-80x80.jpg 80w, https:\/\/ciudadanosdelmundo.org\/wp-content\/uploads\/2017\/12\/foto-143-500x500.jpg 500w\" sizes=\"auto, (max-width: 150px) 100vw, 150px\" \/><\/a>\n\t\t\t<\/dt><\/dl>\n\t\t\t<br style='clear: both' \/>\n\t\t<\/div>\n<\/div>[\/vc_column][\/vc_row][\/vc_section][vc_section full_width=\u00bbstretch_row\u00bb css=\u00bb.vc_custom_1514579399801{margin-bottom: -40px !important;background-color: #f7f7f7 !important;}\u00bb][vc_row top_padding=\u00bb40&#8243; bottom_padding=\u00bb40&#8243;][vc_column width=\u00bb1\/1&#8243;]<div class=\"divider-title align-center\" >Reuni\u00f3n en Casa Rosada<\/div>[vc_column_text]<\/p>\n<p class=\"p1\"><span class=\"s1\">Participamos con otras organizaciones sociales de una reuni\u00f3n con el Director de Gesti\u00f3n de los Centros de Desarrollo Infantil Comunitarios, del Ministerio de Desarrollo Social de La Naci\u00f3n, Ricardo Zanfardini, a fin de comenzar a trabajar en conjunto por la creaci\u00f3n de Centros de Primera Infancia en La Matanza.<\/span><\/p>\n<p>[\/vc_column_text]<div class=\"gallery-style-2\">\n\t\t<style>\n\t\t\t#gallery-3 {\n\t\t\t\tmargin: auto;\n\t\t\t}\n\t\t\t#gallery-3 .gallery-item {\n\t\t\t\tfloat: left;\n\t\t\t\tmargin-top: 10px;\n\t\t\t\ttext-align: center;\n\t\t\t\twidth: 16%;\n\t\t\t}\n\t\t\t#gallery-3 img {\n\t\t\t\tborder: 2px solid #cfcfcf;\n\t\t\t}\n\t\t\t#gallery-3 .gallery-caption {\n\t\t\t\tmargin-left: 0;\n\t\t\t}\n\t\t\t\/* see gallery_shortcode() in wp-includes\/media.php *\/\n\t\t<\/style>\n\t\t<div id='gallery-3' class='gallery galleryid-13713 gallery-columns-6 gallery-size-thumbnail'><dl class='gallery-item'>\n\t\t\t<dt class='gallery-icon landscape'>\n\t\t\t\t<a rel=\"prettyPhoto[pp_gal]\" href='https:\/\/ciudadanosdelmundo.org\/wp-content\/uploads\/2017\/12\/foto-145.jpg'><img loading=\"lazy\" decoding=\"async\" width=\"150\" height=\"150\" src=\"https:\/\/ciudadanosdelmundo.org\/wp-content\/uploads\/2017\/12\/foto-145-150x150.jpg\" class=\"attachment-thumbnail size-thumbnail\" alt=\"\" srcset=\"https:\/\/ciudadanosdelmundo.org\/wp-content\/uploads\/2017\/12\/foto-145-150x150.jpg 150w, https:\/\/ciudadanosdelmundo.org\/wp-content\/uploads\/2017\/12\/foto-145-80x80.jpg 80w, https:\/\/ciudadanosdelmundo.org\/wp-content\/uploads\/2017\/12\/foto-145-500x500.jpg 500w\" sizes=\"auto, (max-width: 150px) 100vw, 150px\" \/><\/a>\n\t\t\t<\/dt><\/dl><dl class='gallery-item'>\n\t\t\t<dt class='gallery-icon landscape'>\n\t\t\t\t<a rel=\"prettyPhoto[pp_gal]\" href='https:\/\/ciudadanosdelmundo.org\/wp-content\/uploads\/2017\/12\/foto-146.jpg'><img loading=\"lazy\" decoding=\"async\" width=\"150\" height=\"150\" src=\"https:\/\/ciudadanosdelmundo.org\/wp-content\/uploads\/2017\/12\/foto-146-150x150.jpg\" class=\"attachment-thumbnail size-thumbnail\" alt=\"\" srcset=\"https:\/\/ciudadanosdelmundo.org\/wp-content\/uploads\/2017\/12\/foto-146-150x150.jpg 150w, https:\/\/ciudadanosdelmundo.org\/wp-content\/uploads\/2017\/12\/foto-146-80x80.jpg 80w, https:\/\/ciudadanosdelmundo.org\/wp-content\/uploads\/2017\/12\/foto-146-500x500.jpg 500w\" sizes=\"auto, (max-width: 150px) 100vw, 150px\" \/><\/a>\n\t\t\t<\/dt><\/dl><dl class='gallery-item'>\n\t\t\t<dt class='gallery-icon landscape'>\n\t\t\t\t<a rel=\"prettyPhoto[pp_gal]\" href='https:\/\/ciudadanosdelmundo.org\/wp-content\/uploads\/2017\/12\/foto-147.jpg'><img loading=\"lazy\" decoding=\"async\" width=\"150\" height=\"150\" src=\"https:\/\/ciudadanosdelmundo.org\/wp-content\/uploads\/2017\/12\/foto-147-150x150.jpg\" class=\"attachment-thumbnail size-thumbnail\" alt=\"\" srcset=\"https:\/\/ciudadanosdelmundo.org\/wp-content\/uploads\/2017\/12\/foto-147-150x150.jpg 150w, https:\/\/ciudadanosdelmundo.org\/wp-content\/uploads\/2017\/12\/foto-147-80x80.jpg 80w, https:\/\/ciudadanosdelmundo.org\/wp-content\/uploads\/2017\/12\/foto-147-500x500.jpg 500w\" sizes=\"auto, (max-width: 150px) 100vw, 150px\" \/><\/a>\n\t\t\t<\/dt><\/dl><dl class='gallery-item'>\n\t\t\t<dt class='gallery-icon landscape'>\n\t\t\t\t<a rel=\"prettyPhoto[pp_gal]\" href='https:\/\/ciudadanosdelmundo.org\/wp-content\/uploads\/2017\/12\/foto-148.jpg'><img loading=\"lazy\" decoding=\"async\" width=\"150\" height=\"150\" src=\"https:\/\/ciudadanosdelmundo.org\/wp-content\/uploads\/2017\/12\/foto-148-150x150.jpg\" class=\"attachment-thumbnail size-thumbnail\" alt=\"\" srcset=\"https:\/\/ciudadanosdelmundo.org\/wp-content\/uploads\/2017\/12\/foto-148-150x150.jpg 150w, https:\/\/ciudadanosdelmundo.org\/wp-content\/uploads\/2017\/12\/foto-148-80x80.jpg 80w, https:\/\/ciudadanosdelmundo.org\/wp-content\/uploads\/2017\/12\/foto-148-500x500.jpg 500w\" sizes=\"auto, (max-width: 150px) 100vw, 150px\" \/><\/a>\n\t\t\t<\/dt><\/dl><dl class='gallery-item'>\n\t\t\t<dt class='gallery-icon landscape'>\n\t\t\t\t<a rel=\"prettyPhoto[pp_gal]\" href='https:\/\/ciudadanosdelmundo.org\/wp-content\/uploads\/2017\/12\/foto-149.jpg'><img loading=\"lazy\" decoding=\"async\" width=\"150\" height=\"150\" src=\"https:\/\/ciudadanosdelmundo.org\/wp-content\/uploads\/2017\/12\/foto-149-150x150.jpg\" class=\"attachment-thumbnail size-thumbnail\" alt=\"\" srcset=\"https:\/\/ciudadanosdelmundo.org\/wp-content\/uploads\/2017\/12\/foto-149-150x150.jpg 150w, https:\/\/ciudadanosdelmundo.org\/wp-content\/uploads\/2017\/12\/foto-149-80x80.jpg 80w, https:\/\/ciudadanosdelmundo.org\/wp-content\/uploads\/2017\/12\/foto-149-500x500.jpg 500w\" sizes=\"auto, (max-width: 150px) 100vw, 150px\" \/><\/a>\n\t\t\t<\/dt><\/dl>\n\t\t\t<br style='clear: both' \/>\n\t\t<\/div>\n<\/div>[\/vc_column][\/vc_row][\/vc_section]<\/p>\n","protected":false},"excerpt":{"rendered":"<p>[vc_section][vc_row top_padding=\u00bb40&#8243; bottom_padding=\u00bb40&#8243;][vc_column width=\u00bb1\/2&#8243;][vc_column_text] En mayo de 2017 comenzamos con las obras en los jardines de La Matanza. Se pusieron en marcha las obras en los jardines comunitarios Jes\u00fas de Bel\u00e9n (Virrey del Pino) y Huellitas de Colores (Gonz\u00e1lez Cat\u00e1n) mientras en el km 46 empez\u00e1bamos la etapa de demolici\u00f3n para luego comenzar a levantar la estructura de un nuevo jard\u00edn. En los otros jardines ya avanzamos con la colocaci\u00f3n de piso y construcci\u00f3n de salas. [\/vc_column_text][\/vc_column][vc_column width=\u00bb1\/2&#8243;][\/vc_column][\/vc_row][\/vc_section][vc_section full_width=\u00bbstretch_row\u00bb css=\u00bb.vc_custom_1514577021545{background-color: #f7f7f7 !important;}\u00bb][vc_row top_padding=\u00bb40&#8243; bottom_padding=\u00bb40&#8243;][vc_column width=\u00bb1\/2&#8243;][\/vc_column][vc_column column_center=\u00bbtrue\u00bb width=\u00bb1\/2&#8243;][vc_column_text] En el mes de marzo de 2017 firmamos los convenios para la implementaci\u00f3n del Plan Nacional de Primera Infancia en 13 jardines comunitarios de La Matanza. Agradecemos a la Licenciada Lorena R\u00edos, Subsecretaria de Primera Infancia, Anal\u00eda Sager, Secretaria Ejecutiva de COCEDIC, Ricardo Zanfardini, Director de Gesti\u00f3n de los Centros de Desarrollo Infantil Comunitarios y a Natalia Krainz, del equipo de COCEDIC, por toda su colaboraci\u00f3n desde el Ministerio de Desarrollo Social de la Naci\u00f3n para poder concretar los convenios. [\/vc_column_text][\/vc_column][\/vc_row][\/vc_section][vc_section][vc_row][vc_column width=\u00bb1\/1&#8243;][vc_column_text] En noviembre de 2016 la Fundaci\u00f3n realiz\u00f3 en el Sal\u00f3n Malvinas Argentinas del Palacio Municipal de La Matanza, el primer encuentro del ciclo de capacitaciones con jardines de La Matanza, implementado [&hellip;]<\/p>\n","protected":false},"author":1,"featured_media":0,"parent":0,"menu_order":0,"comment_status":"closed","ping_status":"closed","template":"","meta":{"footnotes":""},"class_list":["post-13713","page","type-page","status-publish","hentry"],"_links":{"self":[{"href":"https:\/\/ciudadanosdelmundo.org\/index.php?rest_route=\/wp\/v2\/pages\/13713","targetHints":{"allow":["GET"]}}],"collection":[{"href":"https:\/\/ciudadanosdelmundo.org\/index.php?rest_route=\/wp\/v2\/pages"}],"about":[{"href":"https:\/\/ciudadanosdelmundo.org\/index.php?rest_route=\/wp\/v2\/types\/page"}],"author":[{"embeddable":true,"href":"https:\/\/ciudadanosdelmundo.org\/index.php?rest_route=\/wp\/v2\/users\/1"}],"replies":[{"embeddable":true,"href":"https:\/\/ciudadanosdelmundo.org\/index.php?rest_route=%2Fwp%2Fv2%2Fcomments&post=13713"}],"version-history":[{"count":13,"href":"https:\/\/ciudadanosdelmundo.org\/index.php?rest_route=\/wp\/v2\/pages\/13713\/revisions"}],"predecessor-version":[{"id":13758,"href":"https:\/\/ciudadanosdelmundo.org\/index.php?rest_route=\/wp\/v2\/pages\/13713\/revisions\/13758"}],"wp:attachment":[{"href":"https:\/\/ciudadanosdelmundo.org\/index.php?rest_route=%2Fwp%2Fv2%2Fmedia&parent=13713"}],"curies":[{"name":"wp","href":"https:\/\/api.w.org\/{rel}","templated":true}]}}