{"id":13630,"date":"2017-12-29T18:16:22","date_gmt":"2017-12-29T18:16:22","guid":{"rendered":"http:\/\/ciudadanosdelmundo.org\/sitio\/?page_id=13630"},"modified":"2017-12-29T19:14:27","modified_gmt":"2017-12-29T19:14:27","slug":"concepto-pedagogico","status":"publish","type":"page","link":"https:\/\/ciudadanosdelmundo.org\/?page_id=13630","title":{"rendered":"Concepto pedag\u00f3gico"},"content":{"rendered":"<p>[vc_section][vc_row][vc_column width=\u00bb1\/1&#8243;]<div class=\"divider-title align-center\" >Concepto pedag\u00f3gico Reggio Emilia<\/div>[vc_column_text]<\/p>\n<p class=\"p1\"><span class=\"s1\">Los jardines de la Fundaci\u00f3n trabajan con el concepto pedag\u00f3gico de Reggio Emilia. Esta pedagog\u00eda novedosa fue implementada en nuestro Jard\u00edn Ni\u00f1os del Mundo por iniciativa del gobierno de la Ciudad de Buenos Aires.<\/span><\/p>\n<p class=\"p2\"><span class=\"s1\">Reconocida mundialmente como una de las mejores propuestas educativas para la primera infancia, naci\u00f3 en 1945 en el norte de Italia, en la ciudad de Reggio Emilia. <\/span><\/p>\n<p class=\"p1\"><span class=\"s1\">El concepto pedag\u00f3gico Reggio Emilia se caracteriza por fomentar la autonom\u00eda, la creatividad y la responsabilidad de los ni\u00f1os en primera infancia. Esta pedagog\u00eda se propuso repensar las relaciones entre arte, educaci\u00f3n y sociedad, en contextos cr\u00edticos de necesidad de reconstrucci\u00f3n social y revalorizaci\u00f3n del sujeto.<\/span><\/p>\n<p class=\"p1\"><span class=\"s1\">Hay una fuerte convivencia con el arte a partir del concepto de aprendizaje con alegr\u00eda y de un docente disponible desde lo l\u00fadico y con una apertura mental que le permita contemplar los matices en los que se mueve la mirada infantil. <\/span><\/p>\n<p class=\"p1\"><span class=\"s1\">Otra caracter\u00edstica distintiva es la profunda interacci\u00f3n grupal entre los miembros del equipo docente, que da lugar a una gesti\u00f3n colegiada, \u00a0la importancia otorgada al ambiente como interlocutor educativo y la presencia del \u201catelier\u201d (un espacio en el cual los ni\u00f1os pueden\u00a0expresarse a trav\u00e9s de la m\u00fasica, la pintura y sus m\u00faltiples lenguajes).<\/span><\/p>\n<p>[\/vc_column_text][\/vc_column][\/vc_row][\/vc_section][vc_section full_width=\u00bbstretch_row_content\u00bb css=\u00bb.vc_custom_1514572935267{background-position: center !important;background-repeat: no-repeat !important;background-size: cover !important;}\u00bb][vc_row type=\u00bbfull_width_section\u00bb bottom_padding=\u00bb0&#8243;][vc_column bg_image=\u00bb13637&#8243; column_padding=\u00bbpadding-3&#8243; column_center=\u00bbtrue\u00bb width=\u00bb1\/2&#8243;][\/vc_column][vc_column bg_color=\u00bb#353535&#8243; column_padding=\u00bbpadding-5&#8243; column_center=\u00bbtrue\u00bb text_color=\u00bblight\u00bb width=\u00bb1\/2&#8243;]<div class=\"divider-title align-left\" >Jard\u00edn ni\u00f1os del Mundo<\/div>[vc_column_text]<\/p>\n<p class=\"p1\"><span class=\"s1\">A partir de nuestra experiencia de trabajo en la Ciudad de Buenos Aires, fuimos percibiendo una serie de problem\u00e1ticas que exced\u00edan a la condici\u00f3n de migrante y afectaban a sectores m\u00e1s vulnerables, entre los que se incluyen los migrantes. Por lo tanto, en coincidencia con los objetivos y valores que promovemos, observamos que el trabajo con los migrantes necesitaba ser parte de un proyecto m\u00e1s amplio.\u00a0<\/span><\/p>\n<p class=\"p1\"><span class=\"s1\">Entre las problem\u00e1ticas relevadas en este sentido, encontramos la educaci\u00f3n de la primera infancia, sobre todo en familias en situaci\u00f3n de vulnerabilidad social. Entendemos que la vulnerabilidad socioeducativa es un problema general en las comunidades vulnerables, de manera que al abordar un proyecto dedicado a la educaci\u00f3n de la primera infancia, estamos realizando un aporte significativo a la comunidad en general y a su vez una contribuci\u00f3n concreta con nuestra poblaci\u00f3n objetivo, al trabajar con las familias y el barrio las tem\u00e1ticas de la inclusi\u00f3n, el respeto por la diversidad, la identidad y los derechos humanos. <\/span><\/p>\n<p class=\"p1\"><span class=\"s1\">En base a este diagn\u00f3stico, encontramos en el Programa Primera Infancia una respuesta concreta desde la pol\u00edtica p\u00fablica para responder ante esta problem\u00e1tica. La cual consideramos de gran inter\u00e9s por su propuesta de vinculaci\u00f3n entre el Estado y las organizaciones de la sociedad civil. Es por este motivo que nos proponemos participar de la gesti\u00f3n asociada de un Espacio de Primera Infancia en conjunto con el Ministerio de Educaci\u00f3n del Gobierno de la Ciudad de Buenos Aires.<span class=\"Apple-converted-space\">\u00a0 \u00a0<\/span><\/span><\/p>\n<p>[\/vc_column_text][\/vc_column][\/vc_row][\/vc_section][vc_section][vc_row top_padding=\u00bb40&#8243; bottom_padding=\u00bb40&#8243;][vc_column width=\u00bb1\/1&#8243;]<div class=\"divider-title align-center\" >Espacio Educativo de Primera Infancia \u2013 EEPI La Rioja 1610. A\u00f1o 2014<\/div>[vc_column_text]<\/p>\n<p class=\"p1\"><span class=\"s1\">La primera sede del Espacio Educativo de Primera Infancia gestionado por la Fundaci\u00f3n Ciudadanos del Mundo estuvo situada en la calle La Rioja 1610. All\u00ed 90 ni\u00f1os de 2 y 3 a\u00f1os recib\u00edan educaci\u00f3n de primera calidad dentro de un programa elaborado y sustentado por el gobierno de la Ciudad de Buenos Aires.<\/span><\/p>\n<p class=\"p1\"><span class=\"s1\">A comienzos del a\u00f1o 2017 el EEPI La Rioja se traslado a su actual sede de la calle M\u00e9xico.<\/span><\/p>\n<p>[\/vc_column_text]<div class=\"gallery-style-2\">\n\t\t<style>\n\t\t\t#gallery-1 {\n\t\t\t\tmargin: auto;\n\t\t\t}\n\t\t\t#gallery-1 .gallery-item {\n\t\t\t\tfloat: left;\n\t\t\t\tmargin-top: 10px;\n\t\t\t\ttext-align: center;\n\t\t\t\twidth: 16%;\n\t\t\t}\n\t\t\t#gallery-1 img {\n\t\t\t\tborder: 2px solid #cfcfcf;\n\t\t\t}\n\t\t\t#gallery-1 .gallery-caption {\n\t\t\t\tmargin-left: 0;\n\t\t\t}\n\t\t\t\/* see gallery_shortcode() in wp-includes\/media.php *\/\n\t\t<\/style>\n\t\t<div id='gallery-1' class='gallery galleryid-13630 gallery-columns-6 gallery-size-thumbnail'><dl class='gallery-item'>\n\t\t\t<dt class='gallery-icon landscape'>\n\t\t\t\t<a rel=\"prettyPhoto[pp_gal]\" href='https:\/\/ciudadanosdelmundo.org\/wp-content\/uploads\/2017\/12\/foto-46-1.jpg'><img loading=\"lazy\" decoding=\"async\" width=\"150\" height=\"150\" src=\"https:\/\/ciudadanosdelmundo.org\/wp-content\/uploads\/2017\/12\/foto-46-1-150x150.jpg\" class=\"attachment-thumbnail size-thumbnail\" alt=\"\" srcset=\"https:\/\/ciudadanosdelmundo.org\/wp-content\/uploads\/2017\/12\/foto-46-1-150x150.jpg 150w, https:\/\/ciudadanosdelmundo.org\/wp-content\/uploads\/2017\/12\/foto-46-1-80x80.jpg 80w, https:\/\/ciudadanosdelmundo.org\/wp-content\/uploads\/2017\/12\/foto-46-1-500x500.jpg 500w, https:\/\/ciudadanosdelmundo.org\/wp-content\/uploads\/2017\/12\/foto-46-1-1000x1000.jpg 1000w\" sizes=\"auto, (max-width: 150px) 100vw, 150px\" \/><\/a>\n\t\t\t<\/dt><\/dl><dl class='gallery-item'>\n\t\t\t<dt class='gallery-icon portrait'>\n\t\t\t\t<a rel=\"prettyPhoto[pp_gal]\" href='https:\/\/ciudadanosdelmundo.org\/wp-content\/uploads\/2017\/12\/foto-48.jpg'><img loading=\"lazy\" decoding=\"async\" width=\"150\" height=\"150\" src=\"https:\/\/ciudadanosdelmundo.org\/wp-content\/uploads\/2017\/12\/foto-48-150x150.jpg\" class=\"attachment-thumbnail size-thumbnail\" alt=\"\" srcset=\"https:\/\/ciudadanosdelmundo.org\/wp-content\/uploads\/2017\/12\/foto-48-150x150.jpg 150w, https:\/\/ciudadanosdelmundo.org\/wp-content\/uploads\/2017\/12\/foto-48-80x80.jpg 80w, https:\/\/ciudadanosdelmundo.org\/wp-content\/uploads\/2017\/12\/foto-48-500x500.jpg 500w, https:\/\/ciudadanosdelmundo.org\/wp-content\/uploads\/2017\/12\/foto-48-1000x1000.jpg 1000w\" sizes=\"auto, (max-width: 150px) 100vw, 150px\" \/><\/a>\n\t\t\t<\/dt><\/dl><dl class='gallery-item'>\n\t\t\t<dt class='gallery-icon landscape'>\n\t\t\t\t<a rel=\"prettyPhoto[pp_gal]\" href='https:\/\/ciudadanosdelmundo.org\/wp-content\/uploads\/2017\/12\/foto-49.jpg'><img loading=\"lazy\" decoding=\"async\" width=\"150\" height=\"150\" src=\"https:\/\/ciudadanosdelmundo.org\/wp-content\/uploads\/2017\/12\/foto-49-150x150.jpg\" class=\"attachment-thumbnail size-thumbnail\" alt=\"\" srcset=\"https:\/\/ciudadanosdelmundo.org\/wp-content\/uploads\/2017\/12\/foto-49-150x150.jpg 150w, https:\/\/ciudadanosdelmundo.org\/wp-content\/uploads\/2017\/12\/foto-49-80x80.jpg 80w, https:\/\/ciudadanosdelmundo.org\/wp-content\/uploads\/2017\/12\/foto-49-500x500.jpg 500w, https:\/\/ciudadanosdelmundo.org\/wp-content\/uploads\/2017\/12\/foto-49-1000x1000.jpg 1000w\" sizes=\"auto, (max-width: 150px) 100vw, 150px\" \/><\/a>\n\t\t\t<\/dt><\/dl><dl class='gallery-item'>\n\t\t\t<dt class='gallery-icon landscape'>\n\t\t\t\t<a rel=\"prettyPhoto[pp_gal]\" href='https:\/\/ciudadanosdelmundo.org\/wp-content\/uploads\/2017\/12\/foto-55.jpg'><img loading=\"lazy\" decoding=\"async\" width=\"150\" height=\"150\" src=\"https:\/\/ciudadanosdelmundo.org\/wp-content\/uploads\/2017\/12\/foto-55-150x150.jpg\" class=\"attachment-thumbnail size-thumbnail\" alt=\"\" srcset=\"https:\/\/ciudadanosdelmundo.org\/wp-content\/uploads\/2017\/12\/foto-55-150x150.jpg 150w, https:\/\/ciudadanosdelmundo.org\/wp-content\/uploads\/2017\/12\/foto-55-80x80.jpg 80w, https:\/\/ciudadanosdelmundo.org\/wp-content\/uploads\/2017\/12\/foto-55-500x500.jpg 500w, https:\/\/ciudadanosdelmundo.org\/wp-content\/uploads\/2017\/12\/foto-55-1000x1000.jpg 1000w\" sizes=\"auto, (max-width: 150px) 100vw, 150px\" \/><\/a>\n\t\t\t<\/dt><\/dl><dl class='gallery-item'>\n\t\t\t<dt class='gallery-icon landscape'>\n\t\t\t\t<a rel=\"prettyPhoto[pp_gal]\" href='https:\/\/ciudadanosdelmundo.org\/wp-content\/uploads\/2017\/12\/foto-57.jpg'><img loading=\"lazy\" decoding=\"async\" width=\"150\" height=\"150\" src=\"https:\/\/ciudadanosdelmundo.org\/wp-content\/uploads\/2017\/12\/foto-57-150x150.jpg\" class=\"attachment-thumbnail size-thumbnail\" alt=\"\" srcset=\"https:\/\/ciudadanosdelmundo.org\/wp-content\/uploads\/2017\/12\/foto-57-150x150.jpg 150w, https:\/\/ciudadanosdelmundo.org\/wp-content\/uploads\/2017\/12\/foto-57-80x80.jpg 80w, https:\/\/ciudadanosdelmundo.org\/wp-content\/uploads\/2017\/12\/foto-57-500x500.jpg 500w, https:\/\/ciudadanosdelmundo.org\/wp-content\/uploads\/2017\/12\/foto-57-1000x1000.jpg 1000w\" sizes=\"auto, (max-width: 150px) 100vw, 150px\" \/><\/a>\n\t\t\t<\/dt><\/dl><dl class='gallery-item'>\n\t\t\t<dt class='gallery-icon landscape'>\n\t\t\t\t<a rel=\"prettyPhoto[pp_gal]\" href='https:\/\/ciudadanosdelmundo.org\/wp-content\/uploads\/2017\/12\/foto-60.jpg'><img loading=\"lazy\" decoding=\"async\" width=\"150\" height=\"150\" src=\"https:\/\/ciudadanosdelmundo.org\/wp-content\/uploads\/2017\/12\/foto-60-150x150.jpg\" class=\"attachment-thumbnail size-thumbnail\" alt=\"\" srcset=\"https:\/\/ciudadanosdelmundo.org\/wp-content\/uploads\/2017\/12\/foto-60-150x150.jpg 150w, https:\/\/ciudadanosdelmundo.org\/wp-content\/uploads\/2017\/12\/foto-60-80x80.jpg 80w, https:\/\/ciudadanosdelmundo.org\/wp-content\/uploads\/2017\/12\/foto-60-500x500.jpg 500w, https:\/\/ciudadanosdelmundo.org\/wp-content\/uploads\/2017\/12\/foto-60-1000x1000.jpg 1000w\" sizes=\"auto, (max-width: 150px) 100vw, 150px\" \/><\/a>\n\t\t\t<\/dt><\/dl><br style=\"clear: both\" \/><dl class='gallery-item'>\n\t\t\t<dt class='gallery-icon portrait'>\n\t\t\t\t<a rel=\"prettyPhoto[pp_gal]\" href='https:\/\/ciudadanosdelmundo.org\/wp-content\/uploads\/2017\/12\/foto-44-1.jpg'><img loading=\"lazy\" decoding=\"async\" width=\"150\" height=\"150\" src=\"https:\/\/ciudadanosdelmundo.org\/wp-content\/uploads\/2017\/12\/foto-44-1-150x150.jpg\" class=\"attachment-thumbnail size-thumbnail\" alt=\"\" srcset=\"https:\/\/ciudadanosdelmundo.org\/wp-content\/uploads\/2017\/12\/foto-44-1-150x150.jpg 150w, https:\/\/ciudadanosdelmundo.org\/wp-content\/uploads\/2017\/12\/foto-44-1-80x80.jpg 80w, https:\/\/ciudadanosdelmundo.org\/wp-content\/uploads\/2017\/12\/foto-44-1-500x500.jpg 500w, https:\/\/ciudadanosdelmundo.org\/wp-content\/uploads\/2017\/12\/foto-44-1-1000x1000.jpg 1000w\" sizes=\"auto, (max-width: 150px) 100vw, 150px\" \/><\/a>\n\t\t\t<\/dt><\/dl>\n\t\t\t<br style='clear: both' \/>\n\t\t<\/div>\n<\/div><div class=\"newdivider align-center\" style=\"border-bottom-style: solid; border-color: #f2f2f2; border-bottom-width: 1px; margin-top: 60px; margin-bottom: 60px; width: 100%; \"><\/div><div class=\"clear\"><\/div><div class=\"divider-title align-center\" >Inauguraci\u00f3n del jard\u00edn Ni\u00f1os del Mundo. Mayo de 2014<\/div>[vc_column_text]<\/p>\n<p class=\"p1\"><span class=\"s1\">El 5 de mayo de 2014 se inaugur\u00f3 el Espacio de Primera Infancia \u00abNi\u00f1os del Mundo\u00bb. Este logro fue producto de un gran esfuerzo realizado por todos los que formamos parte de la Fundaci\u00f3n: voluntarios, directivos y colaboradores en general.<\/span><\/p>\n<p class=\"p1\"><span class=\"s2\">Fue <\/span><span class=\"s1\">una gran alegr\u00eda dar inicio a un espacio educativo totalmente gratuito para ni\u00f1as y ni\u00f1os en situaci\u00f3n de vulnerabilidad, en el que tambi\u00e9n invitamos a integrarse a las familias y el barrio.<\/span><\/p>\n<p>[\/vc_column_text]<div class=\"gallery-style-2\">\n\t\t<style>\n\t\t\t#gallery-2 {\n\t\t\t\tmargin: auto;\n\t\t\t}\n\t\t\t#gallery-2 .gallery-item {\n\t\t\t\tfloat: left;\n\t\t\t\tmargin-top: 10px;\n\t\t\t\ttext-align: center;\n\t\t\t\twidth: 16%;\n\t\t\t}\n\t\t\t#gallery-2 img {\n\t\t\t\tborder: 2px solid #cfcfcf;\n\t\t\t}\n\t\t\t#gallery-2 .gallery-caption {\n\t\t\t\tmargin-left: 0;\n\t\t\t}\n\t\t\t\/* see gallery_shortcode() in wp-includes\/media.php *\/\n\t\t<\/style>\n\t\t<div id='gallery-2' class='gallery galleryid-13630 gallery-columns-6 gallery-size-thumbnail'><dl class='gallery-item'>\n\t\t\t<dt class='gallery-icon portrait'>\n\t\t\t\t<a rel=\"prettyPhoto[pp_gal]\" href='https:\/\/ciudadanosdelmundo.org\/wp-content\/uploads\/2017\/12\/foto-35.jpg'><img loading=\"lazy\" decoding=\"async\" width=\"150\" height=\"150\" src=\"https:\/\/ciudadanosdelmundo.org\/wp-content\/uploads\/2017\/12\/foto-35-150x150.jpg\" class=\"attachment-thumbnail size-thumbnail\" alt=\"\" srcset=\"https:\/\/ciudadanosdelmundo.org\/wp-content\/uploads\/2017\/12\/foto-35-150x150.jpg 150w, https:\/\/ciudadanosdelmundo.org\/wp-content\/uploads\/2017\/12\/foto-35-80x80.jpg 80w, https:\/\/ciudadanosdelmundo.org\/wp-content\/uploads\/2017\/12\/foto-35-500x500.jpg 500w\" sizes=\"auto, (max-width: 150px) 100vw, 150px\" \/><\/a>\n\t\t\t<\/dt><\/dl><dl class='gallery-item'>\n\t\t\t<dt class='gallery-icon landscape'>\n\t\t\t\t<a rel=\"prettyPhoto[pp_gal]\" href='https:\/\/ciudadanosdelmundo.org\/wp-content\/uploads\/2017\/12\/foto-34-1.jpg'><img loading=\"lazy\" decoding=\"async\" width=\"150\" height=\"150\" src=\"https:\/\/ciudadanosdelmundo.org\/wp-content\/uploads\/2017\/12\/foto-34-1-150x150.jpg\" class=\"attachment-thumbnail size-thumbnail\" alt=\"\" srcset=\"https:\/\/ciudadanosdelmundo.org\/wp-content\/uploads\/2017\/12\/foto-34-1-150x150.jpg 150w, https:\/\/ciudadanosdelmundo.org\/wp-content\/uploads\/2017\/12\/foto-34-1-80x80.jpg 80w, https:\/\/ciudadanosdelmundo.org\/wp-content\/uploads\/2017\/12\/foto-34-1-500x500.jpg 500w\" sizes=\"auto, (max-width: 150px) 100vw, 150px\" \/><\/a>\n\t\t\t<\/dt><\/dl><dl class='gallery-item'>\n\t\t\t<dt class='gallery-icon landscape'>\n\t\t\t\t<a rel=\"prettyPhoto[pp_gal]\" href='https:\/\/ciudadanosdelmundo.org\/wp-content\/uploads\/2017\/12\/foto-33-1.jpg'><img loading=\"lazy\" decoding=\"async\" width=\"150\" height=\"150\" src=\"https:\/\/ciudadanosdelmundo.org\/wp-content\/uploads\/2017\/12\/foto-33-1-150x150.jpg\" class=\"attachment-thumbnail size-thumbnail\" alt=\"\" srcset=\"https:\/\/ciudadanosdelmundo.org\/wp-content\/uploads\/2017\/12\/foto-33-1-150x150.jpg 150w, https:\/\/ciudadanosdelmundo.org\/wp-content\/uploads\/2017\/12\/foto-33-1-80x80.jpg 80w, https:\/\/ciudadanosdelmundo.org\/wp-content\/uploads\/2017\/12\/foto-33-1-500x500.jpg 500w\" sizes=\"auto, (max-width: 150px) 100vw, 150px\" \/><\/a>\n\t\t\t<\/dt><\/dl><dl class='gallery-item'>\n\t\t\t<dt class='gallery-icon landscape'>\n\t\t\t\t<a rel=\"prettyPhoto[pp_gal]\" href='https:\/\/ciudadanosdelmundo.org\/wp-content\/uploads\/2017\/12\/foto-32.jpg'><img loading=\"lazy\" decoding=\"async\" width=\"150\" height=\"150\" src=\"https:\/\/ciudadanosdelmundo.org\/wp-content\/uploads\/2017\/12\/foto-32-150x150.jpg\" class=\"attachment-thumbnail size-thumbnail\" alt=\"\" srcset=\"https:\/\/ciudadanosdelmundo.org\/wp-content\/uploads\/2017\/12\/foto-32-150x150.jpg 150w, https:\/\/ciudadanosdelmundo.org\/wp-content\/uploads\/2017\/12\/foto-32-80x80.jpg 80w, https:\/\/ciudadanosdelmundo.org\/wp-content\/uploads\/2017\/12\/foto-32-500x500.jpg 500w\" sizes=\"auto, (max-width: 150px) 100vw, 150px\" \/><\/a>\n\t\t\t<\/dt><\/dl><dl class='gallery-item'>\n\t\t\t<dt class='gallery-icon landscape'>\n\t\t\t\t<a rel=\"prettyPhoto[pp_gal]\" href='https:\/\/ciudadanosdelmundo.org\/wp-content\/uploads\/2017\/12\/foto-31-1.jpg'><img loading=\"lazy\" decoding=\"async\" width=\"150\" height=\"150\" src=\"https:\/\/ciudadanosdelmundo.org\/wp-content\/uploads\/2017\/12\/foto-31-1-150x150.jpg\" class=\"attachment-thumbnail size-thumbnail\" alt=\"\" srcset=\"https:\/\/ciudadanosdelmundo.org\/wp-content\/uploads\/2017\/12\/foto-31-1-150x150.jpg 150w, https:\/\/ciudadanosdelmundo.org\/wp-content\/uploads\/2017\/12\/foto-31-1-80x80.jpg 80w, https:\/\/ciudadanosdelmundo.org\/wp-content\/uploads\/2017\/12\/foto-31-1-500x500.jpg 500w\" sizes=\"auto, (max-width: 150px) 100vw, 150px\" \/><\/a>\n\t\t\t<\/dt><\/dl><dl class='gallery-item'>\n\t\t\t<dt class='gallery-icon landscape'>\n\t\t\t\t<a rel=\"prettyPhoto[pp_gal]\" href='https:\/\/ciudadanosdelmundo.org\/wp-content\/uploads\/2017\/12\/foto-30-1.jpg'><img loading=\"lazy\" decoding=\"async\" width=\"150\" height=\"150\" src=\"https:\/\/ciudadanosdelmundo.org\/wp-content\/uploads\/2017\/12\/foto-30-1-150x150.jpg\" class=\"attachment-thumbnail size-thumbnail\" alt=\"\" srcset=\"https:\/\/ciudadanosdelmundo.org\/wp-content\/uploads\/2017\/12\/foto-30-1-150x150.jpg 150w, https:\/\/ciudadanosdelmundo.org\/wp-content\/uploads\/2017\/12\/foto-30-1-80x80.jpg 80w, https:\/\/ciudadanosdelmundo.org\/wp-content\/uploads\/2017\/12\/foto-30-1-500x500.jpg 500w\" sizes=\"auto, (max-width: 150px) 100vw, 150px\" \/><\/a>\n\t\t\t<\/dt><\/dl><br style=\"clear: both\" \/>\n\t\t<\/div>\n<\/div><div class=\"newdivider align-center\" style=\"border-bottom-style: solid; border-color: #f2f2f2; border-bottom-width: 1px; margin-top: 60px; margin-bottom: 60px; width: 100%; \"><\/div><div class=\"clear\"><\/div><div class=\"divider-title align-center\" >Visita a Temaik\u00e9n. A\u00f1o 2014<\/div>[vc_column_text]<\/p>\n<p class=\"p1\"><span class=\"s1\">Gracias al trabajo y al esfuerzo que realizamos todos los d\u00edas desde la Fundaci\u00f3n Ciudadanos del Mundo, las ni\u00f1as y ni\u00f1os que concurren\u00a0al Jard\u00edn Ni\u00f1os del Mundo compartieron un d\u00eda de juegos y aprendizaje en Temaik\u00e9n. Agradecemos a la coordinaci\u00f3n y al equipo docente que acompa\u00f1aron la organizaci\u00f3n de la visita, as\u00ed como tambi\u00e9n a las mam\u00e1s y los pap\u00e1s que nos acompa\u00f1aron para compartir este d\u00eda en el que disfrutamos de la naturaleza y seguimos aprendiendo, esta vez afuera de la sala.<\/span><\/p>\n<p class=\"p1\"><span class=\"s1\">Para las ni\u00f1as y los ni\u00f1os del jard\u00edn se trat\u00f3 de su primera experiencia de contacto con estos animales y nos enorgullece haberlo compartido con ellos. Continuaremos trabajando para generar m\u00e1s oportunidades para quienes d\u00eda a d\u00eda concurren a nuestro jard\u00edn.<\/span><\/p>\n<p>[\/vc_column_text]<div class=\"gallery-style-2\">\n\t\t<style>\n\t\t\t#gallery-3 {\n\t\t\t\tmargin: auto;\n\t\t\t}\n\t\t\t#gallery-3 .gallery-item {\n\t\t\t\tfloat: left;\n\t\t\t\tmargin-top: 10px;\n\t\t\t\ttext-align: center;\n\t\t\t\twidth: 16%;\n\t\t\t}\n\t\t\t#gallery-3 img {\n\t\t\t\tborder: 2px solid #cfcfcf;\n\t\t\t}\n\t\t\t#gallery-3 .gallery-caption {\n\t\t\t\tmargin-left: 0;\n\t\t\t}\n\t\t\t\/* see gallery_shortcode() in wp-includes\/media.php *\/\n\t\t<\/style>\n\t\t<div id='gallery-3' class='gallery galleryid-13630 gallery-columns-6 gallery-size-thumbnail'><dl class='gallery-item'>\n\t\t\t<dt class='gallery-icon landscape'>\n\t\t\t\t<a rel=\"prettyPhoto[pp_gal]\" href='https:\/\/ciudadanosdelmundo.org\/wp-content\/uploads\/2017\/12\/foto-158.jpg'><img loading=\"lazy\" decoding=\"async\" width=\"150\" height=\"150\" src=\"https:\/\/ciudadanosdelmundo.org\/wp-content\/uploads\/2017\/12\/foto-158-150x150.jpg\" class=\"attachment-thumbnail size-thumbnail\" alt=\"\" srcset=\"https:\/\/ciudadanosdelmundo.org\/wp-content\/uploads\/2017\/12\/foto-158-150x150.jpg 150w, https:\/\/ciudadanosdelmundo.org\/wp-content\/uploads\/2017\/12\/foto-158-80x80.jpg 80w, https:\/\/ciudadanosdelmundo.org\/wp-content\/uploads\/2017\/12\/foto-158-500x500.jpg 500w\" sizes=\"auto, (max-width: 150px) 100vw, 150px\" \/><\/a>\n\t\t\t<\/dt><\/dl><dl class='gallery-item'>\n\t\t\t<dt class='gallery-icon landscape'>\n\t\t\t\t<a rel=\"prettyPhoto[pp_gal]\" href='https:\/\/ciudadanosdelmundo.org\/wp-content\/uploads\/2017\/12\/foto-161.jpg'><img loading=\"lazy\" decoding=\"async\" width=\"150\" height=\"150\" src=\"https:\/\/ciudadanosdelmundo.org\/wp-content\/uploads\/2017\/12\/foto-161-150x150.jpg\" class=\"attachment-thumbnail size-thumbnail\" alt=\"\" srcset=\"https:\/\/ciudadanosdelmundo.org\/wp-content\/uploads\/2017\/12\/foto-161-150x150.jpg 150w, https:\/\/ciudadanosdelmundo.org\/wp-content\/uploads\/2017\/12\/foto-161-80x80.jpg 80w, https:\/\/ciudadanosdelmundo.org\/wp-content\/uploads\/2017\/12\/foto-161-500x500.jpg 500w\" sizes=\"auto, (max-width: 150px) 100vw, 150px\" \/><\/a>\n\t\t\t<\/dt><\/dl><dl class='gallery-item'>\n\t\t\t<dt class='gallery-icon landscape'>\n\t\t\t\t<a rel=\"prettyPhoto[pp_gal]\" href='https:\/\/ciudadanosdelmundo.org\/wp-content\/uploads\/2017\/12\/foto-162.jpg'><img loading=\"lazy\" decoding=\"async\" width=\"150\" height=\"150\" src=\"https:\/\/ciudadanosdelmundo.org\/wp-content\/uploads\/2017\/12\/foto-162-150x150.jpg\" class=\"attachment-thumbnail size-thumbnail\" alt=\"\" srcset=\"https:\/\/ciudadanosdelmundo.org\/wp-content\/uploads\/2017\/12\/foto-162-150x150.jpg 150w, https:\/\/ciudadanosdelmundo.org\/wp-content\/uploads\/2017\/12\/foto-162-80x80.jpg 80w, https:\/\/ciudadanosdelmundo.org\/wp-content\/uploads\/2017\/12\/foto-162-500x500.jpg 500w\" sizes=\"auto, (max-width: 150px) 100vw, 150px\" \/><\/a>\n\t\t\t<\/dt><\/dl><dl class='gallery-item'>\n\t\t\t<dt class='gallery-icon landscape'>\n\t\t\t\t<a rel=\"prettyPhoto[pp_gal]\" href='https:\/\/ciudadanosdelmundo.org\/wp-content\/uploads\/2017\/12\/foto-164.jpg'><img loading=\"lazy\" decoding=\"async\" width=\"150\" height=\"150\" src=\"https:\/\/ciudadanosdelmundo.org\/wp-content\/uploads\/2017\/12\/foto-164-150x150.jpg\" class=\"attachment-thumbnail size-thumbnail\" alt=\"\" srcset=\"https:\/\/ciudadanosdelmundo.org\/wp-content\/uploads\/2017\/12\/foto-164-150x150.jpg 150w, https:\/\/ciudadanosdelmundo.org\/wp-content\/uploads\/2017\/12\/foto-164-80x80.jpg 80w, https:\/\/ciudadanosdelmundo.org\/wp-content\/uploads\/2017\/12\/foto-164-500x500.jpg 500w\" sizes=\"auto, (max-width: 150px) 100vw, 150px\" \/><\/a>\n\t\t\t<\/dt><\/dl><dl class='gallery-item'>\n\t\t\t<dt class='gallery-icon landscape'>\n\t\t\t\t<a rel=\"prettyPhoto[pp_gal]\" href='https:\/\/ciudadanosdelmundo.org\/wp-content\/uploads\/2017\/12\/foto-165.jpg'><img loading=\"lazy\" decoding=\"async\" width=\"150\" height=\"150\" src=\"https:\/\/ciudadanosdelmundo.org\/wp-content\/uploads\/2017\/12\/foto-165-150x150.jpg\" class=\"attachment-thumbnail size-thumbnail\" alt=\"\" srcset=\"https:\/\/ciudadanosdelmundo.org\/wp-content\/uploads\/2017\/12\/foto-165-150x150.jpg 150w, https:\/\/ciudadanosdelmundo.org\/wp-content\/uploads\/2017\/12\/foto-165-80x80.jpg 80w, https:\/\/ciudadanosdelmundo.org\/wp-content\/uploads\/2017\/12\/foto-165-500x500.jpg 500w\" sizes=\"auto, (max-width: 150px) 100vw, 150px\" \/><\/a>\n\t\t\t<\/dt><\/dl><dl class='gallery-item'>\n\t\t\t<dt class='gallery-icon landscape'>\n\t\t\t\t<a rel=\"prettyPhoto[pp_gal]\" href='https:\/\/ciudadanosdelmundo.org\/wp-content\/uploads\/2017\/12\/foto-166.jpg'><img loading=\"lazy\" decoding=\"async\" width=\"150\" height=\"150\" src=\"https:\/\/ciudadanosdelmundo.org\/wp-content\/uploads\/2017\/12\/foto-166-150x150.jpg\" class=\"attachment-thumbnail size-thumbnail\" alt=\"\" srcset=\"https:\/\/ciudadanosdelmundo.org\/wp-content\/uploads\/2017\/12\/foto-166-150x150.jpg 150w, https:\/\/ciudadanosdelmundo.org\/wp-content\/uploads\/2017\/12\/foto-166-80x80.jpg 80w, https:\/\/ciudadanosdelmundo.org\/wp-content\/uploads\/2017\/12\/foto-166-500x500.jpg 500w\" sizes=\"auto, (max-width: 150px) 100vw, 150px\" \/><\/a>\n\t\t\t<\/dt><\/dl><br style=\"clear: both\" \/><dl class='gallery-item'>\n\t\t\t<dt class='gallery-icon landscape'>\n\t\t\t\t<a rel=\"prettyPhoto[pp_gal]\" href='https:\/\/ciudadanosdelmundo.org\/wp-content\/uploads\/2017\/12\/foto-167.jpg'><img loading=\"lazy\" decoding=\"async\" width=\"150\" height=\"150\" src=\"https:\/\/ciudadanosdelmundo.org\/wp-content\/uploads\/2017\/12\/foto-167-150x150.jpg\" class=\"attachment-thumbnail size-thumbnail\" alt=\"\" srcset=\"https:\/\/ciudadanosdelmundo.org\/wp-content\/uploads\/2017\/12\/foto-167-150x150.jpg 150w, https:\/\/ciudadanosdelmundo.org\/wp-content\/uploads\/2017\/12\/foto-167-80x80.jpg 80w, https:\/\/ciudadanosdelmundo.org\/wp-content\/uploads\/2017\/12\/foto-167-500x500.jpg 500w\" sizes=\"auto, (max-width: 150px) 100vw, 150px\" \/><\/a>\n\t\t\t<\/dt><\/dl><dl class='gallery-item'>\n\t\t\t<dt class='gallery-icon portrait'>\n\t\t\t\t<a rel=\"prettyPhoto[pp_gal]\" href='https:\/\/ciudadanosdelmundo.org\/wp-content\/uploads\/2017\/12\/foto-169.jpg'><img loading=\"lazy\" decoding=\"async\" width=\"150\" height=\"150\" src=\"https:\/\/ciudadanosdelmundo.org\/wp-content\/uploads\/2017\/12\/foto-169-150x150.jpg\" class=\"attachment-thumbnail size-thumbnail\" alt=\"\" srcset=\"https:\/\/ciudadanosdelmundo.org\/wp-content\/uploads\/2017\/12\/foto-169-150x150.jpg 150w, https:\/\/ciudadanosdelmundo.org\/wp-content\/uploads\/2017\/12\/foto-169-80x80.jpg 80w, https:\/\/ciudadanosdelmundo.org\/wp-content\/uploads\/2017\/12\/foto-169-500x500.jpg 500w\" sizes=\"auto, (max-width: 150px) 100vw, 150px\" \/><\/a>\n\t\t\t<\/dt><\/dl><dl class='gallery-item'>\n\t\t\t<dt class='gallery-icon landscape'>\n\t\t\t\t<a rel=\"prettyPhoto[pp_gal]\" href='https:\/\/ciudadanosdelmundo.org\/wp-content\/uploads\/2017\/12\/foto-170.jpg'><img loading=\"lazy\" decoding=\"async\" width=\"150\" height=\"150\" src=\"https:\/\/ciudadanosdelmundo.org\/wp-content\/uploads\/2017\/12\/foto-170-150x150.jpg\" class=\"attachment-thumbnail size-thumbnail\" alt=\"\" srcset=\"https:\/\/ciudadanosdelmundo.org\/wp-content\/uploads\/2017\/12\/foto-170-150x150.jpg 150w, https:\/\/ciudadanosdelmundo.org\/wp-content\/uploads\/2017\/12\/foto-170-80x80.jpg 80w, https:\/\/ciudadanosdelmundo.org\/wp-content\/uploads\/2017\/12\/foto-170-500x500.jpg 500w\" sizes=\"auto, (max-width: 150px) 100vw, 150px\" \/><\/a>\n\t\t\t<\/dt><\/dl><dl class='gallery-item'>\n\t\t\t<dt class='gallery-icon landscape'>\n\t\t\t\t<a rel=\"prettyPhoto[pp_gal]\" href='https:\/\/ciudadanosdelmundo.org\/wp-content\/uploads\/2017\/12\/foto-171.jpg'><img loading=\"lazy\" decoding=\"async\" width=\"150\" height=\"150\" src=\"https:\/\/ciudadanosdelmundo.org\/wp-content\/uploads\/2017\/12\/foto-171-150x150.jpg\" class=\"attachment-thumbnail size-thumbnail\" alt=\"\" srcset=\"https:\/\/ciudadanosdelmundo.org\/wp-content\/uploads\/2017\/12\/foto-171-150x150.jpg 150w, https:\/\/ciudadanosdelmundo.org\/wp-content\/uploads\/2017\/12\/foto-171-80x80.jpg 80w, https:\/\/ciudadanosdelmundo.org\/wp-content\/uploads\/2017\/12\/foto-171-500x500.jpg 500w\" sizes=\"auto, (max-width: 150px) 100vw, 150px\" \/><\/a>\n\t\t\t<\/dt><\/dl><dl class='gallery-item'>\n\t\t\t<dt class='gallery-icon landscape'>\n\t\t\t\t<a rel=\"prettyPhoto[pp_gal]\" href='https:\/\/ciudadanosdelmundo.org\/wp-content\/uploads\/2017\/12\/foto-172.jpg'><img loading=\"lazy\" decoding=\"async\" width=\"150\" height=\"150\" src=\"https:\/\/ciudadanosdelmundo.org\/wp-content\/uploads\/2017\/12\/foto-172-150x150.jpg\" class=\"attachment-thumbnail size-thumbnail\" alt=\"\" srcset=\"https:\/\/ciudadanosdelmundo.org\/wp-content\/uploads\/2017\/12\/foto-172-150x150.jpg 150w, https:\/\/ciudadanosdelmundo.org\/wp-content\/uploads\/2017\/12\/foto-172-80x80.jpg 80w, https:\/\/ciudadanosdelmundo.org\/wp-content\/uploads\/2017\/12\/foto-172-500x500.jpg 500w\" sizes=\"auto, (max-width: 150px) 100vw, 150px\" \/><\/a>\n\t\t\t<\/dt><\/dl>\n\t\t\t<br style='clear: both' \/>\n\t\t<\/div>\n<\/div><div class=\"newdivider align-center\" style=\"border-bottom-style: solid; border-color: #f2f2f2; border-bottom-width: 1px; margin-top: 60px; margin-bottom: 60px; width: 100%; \"><\/div><div class=\"clear\"><\/div><div class=\"divider-title align-center\" >Jornada de integraci\u00f3n de las familias. A\u00f1o 2014<\/div>[vc_column_text]<\/p>\n<p class=\"p1\"><span class=\"s1\">El Jard\u00edn Ni\u00f1os del Mundo llev\u00f3 adelante la Jornada de Integraci\u00f3n de las Familias. Compartimos un momento de trabajo y juego con mam\u00e1s y pap\u00e1s que se acercaron al jard\u00edn y conocieron algunas de las actividades que realizan todos los d\u00edas las chicas y chicos que vienen todos los d\u00edas.<\/span><\/p>\n<p class=\"p1\"><span class=\"s1\">Agradecemos nuevamente la confianza que depositan en nosotros para participar de la educaci\u00f3n de sus hijos y nos comprometemos a seguir trabajando para mejorar este proyecto en el que estamos todos involucrados.<\/span><\/p>\n<p>[\/vc_column_text]<div class=\"gallery-style-2\">\n\t\t<style>\n\t\t\t#gallery-4 {\n\t\t\t\tmargin: auto;\n\t\t\t}\n\t\t\t#gallery-4 .gallery-item {\n\t\t\t\tfloat: left;\n\t\t\t\tmargin-top: 10px;\n\t\t\t\ttext-align: center;\n\t\t\t\twidth: 16%;\n\t\t\t}\n\t\t\t#gallery-4 img {\n\t\t\t\tborder: 2px solid #cfcfcf;\n\t\t\t}\n\t\t\t#gallery-4 .gallery-caption {\n\t\t\t\tmargin-left: 0;\n\t\t\t}\n\t\t\t\/* see gallery_shortcode() in wp-includes\/media.php *\/\n\t\t<\/style>\n\t\t<div id='gallery-4' class='gallery galleryid-13630 gallery-columns-6 gallery-size-thumbnail'><dl class='gallery-item'>\n\t\t\t<dt class='gallery-icon landscape'>\n\t\t\t\t<a rel=\"prettyPhoto[pp_gal]\" href='https:\/\/ciudadanosdelmundo.org\/wp-content\/uploads\/2017\/12\/foto-173.jpg'><img loading=\"lazy\" decoding=\"async\" width=\"150\" height=\"150\" src=\"https:\/\/ciudadanosdelmundo.org\/wp-content\/uploads\/2017\/12\/foto-173-150x150.jpg\" class=\"attachment-thumbnail size-thumbnail\" alt=\"\" srcset=\"https:\/\/ciudadanosdelmundo.org\/wp-content\/uploads\/2017\/12\/foto-173-150x150.jpg 150w, https:\/\/ciudadanosdelmundo.org\/wp-content\/uploads\/2017\/12\/foto-173-80x80.jpg 80w, https:\/\/ciudadanosdelmundo.org\/wp-content\/uploads\/2017\/12\/foto-173-500x500.jpg 500w\" sizes=\"auto, (max-width: 150px) 100vw, 150px\" \/><\/a>\n\t\t\t<\/dt><\/dl><dl class='gallery-item'>\n\t\t\t<dt class='gallery-icon landscape'>\n\t\t\t\t<a rel=\"prettyPhoto[pp_gal]\" href='https:\/\/ciudadanosdelmundo.org\/wp-content\/uploads\/2017\/12\/foto-174.jpg'><img loading=\"lazy\" decoding=\"async\" width=\"150\" height=\"150\" src=\"https:\/\/ciudadanosdelmundo.org\/wp-content\/uploads\/2017\/12\/foto-174-150x150.jpg\" class=\"attachment-thumbnail size-thumbnail\" alt=\"\" srcset=\"https:\/\/ciudadanosdelmundo.org\/wp-content\/uploads\/2017\/12\/foto-174-150x150.jpg 150w, https:\/\/ciudadanosdelmundo.org\/wp-content\/uploads\/2017\/12\/foto-174-80x80.jpg 80w, https:\/\/ciudadanosdelmundo.org\/wp-content\/uploads\/2017\/12\/foto-174-500x500.jpg 500w\" sizes=\"auto, (max-width: 150px) 100vw, 150px\" \/><\/a>\n\t\t\t<\/dt><\/dl><dl class='gallery-item'>\n\t\t\t<dt class='gallery-icon landscape'>\n\t\t\t\t<a rel=\"prettyPhoto[pp_gal]\" href='https:\/\/ciudadanosdelmundo.org\/wp-content\/uploads\/2017\/12\/foto-175.jpg'><img loading=\"lazy\" decoding=\"async\" width=\"150\" height=\"150\" src=\"https:\/\/ciudadanosdelmundo.org\/wp-content\/uploads\/2017\/12\/foto-175-150x150.jpg\" class=\"attachment-thumbnail size-thumbnail\" alt=\"\" srcset=\"https:\/\/ciudadanosdelmundo.org\/wp-content\/uploads\/2017\/12\/foto-175-150x150.jpg 150w, https:\/\/ciudadanosdelmundo.org\/wp-content\/uploads\/2017\/12\/foto-175-80x80.jpg 80w, https:\/\/ciudadanosdelmundo.org\/wp-content\/uploads\/2017\/12\/foto-175-500x500.jpg 500w\" sizes=\"auto, (max-width: 150px) 100vw, 150px\" \/><\/a>\n\t\t\t<\/dt><\/dl><dl class='gallery-item'>\n\t\t\t<dt class='gallery-icon landscape'>\n\t\t\t\t<a rel=\"prettyPhoto[pp_gal]\" href='https:\/\/ciudadanosdelmundo.org\/wp-content\/uploads\/2017\/12\/foto-176.jpg'><img loading=\"lazy\" decoding=\"async\" width=\"150\" height=\"150\" src=\"https:\/\/ciudadanosdelmundo.org\/wp-content\/uploads\/2017\/12\/foto-176-150x150.jpg\" class=\"attachment-thumbnail size-thumbnail\" alt=\"\" srcset=\"https:\/\/ciudadanosdelmundo.org\/wp-content\/uploads\/2017\/12\/foto-176-150x150.jpg 150w, https:\/\/ciudadanosdelmundo.org\/wp-content\/uploads\/2017\/12\/foto-176-80x80.jpg 80w, https:\/\/ciudadanosdelmundo.org\/wp-content\/uploads\/2017\/12\/foto-176-500x500.jpg 500w\" sizes=\"auto, (max-width: 150px) 100vw, 150px\" \/><\/a>\n\t\t\t<\/dt><\/dl><dl class='gallery-item'>\n\t\t\t<dt class='gallery-icon landscape'>\n\t\t\t\t<a rel=\"prettyPhoto[pp_gal]\" href='https:\/\/ciudadanosdelmundo.org\/wp-content\/uploads\/2017\/12\/foto-177.jpg'><img loading=\"lazy\" decoding=\"async\" width=\"150\" height=\"150\" src=\"https:\/\/ciudadanosdelmundo.org\/wp-content\/uploads\/2017\/12\/foto-177-150x150.jpg\" class=\"attachment-thumbnail size-thumbnail\" alt=\"\" srcset=\"https:\/\/ciudadanosdelmundo.org\/wp-content\/uploads\/2017\/12\/foto-177-150x150.jpg 150w, https:\/\/ciudadanosdelmundo.org\/wp-content\/uploads\/2017\/12\/foto-177-80x80.jpg 80w, https:\/\/ciudadanosdelmundo.org\/wp-content\/uploads\/2017\/12\/foto-177-500x500.jpg 500w\" sizes=\"auto, (max-width: 150px) 100vw, 150px\" \/><\/a>\n\t\t\t<\/dt><\/dl>\n\t\t\t<br style='clear: both' \/>\n\t\t<\/div>\n<\/div>[\/vc_column][\/vc_row][\/vc_section][vc_section full_width=\u00bbstretch_row\u00bb][vc_row top_padding=\u00bb40&#8243; bottom_padding=\u00bb40&#8243;][vc_column width=\u00bb1\/1&#8243;][\/vc_column][\/vc_row][\/vc_section]<\/p>\n","protected":false},"excerpt":{"rendered":"<p>[vc_section][vc_row][vc_column width=\u00bb1\/1&#8243;][vc_column_text] Los jardines de la Fundaci\u00f3n trabajan con el concepto pedag\u00f3gico de Reggio Emilia. Esta pedagog\u00eda novedosa fue implementada en nuestro Jard\u00edn Ni\u00f1os del Mundo por iniciativa del gobierno de la Ciudad de Buenos Aires. Reconocida mundialmente como una de las mejores propuestas educativas para la primera infancia, naci\u00f3 en 1945 en el norte de Italia, en la ciudad de Reggio Emilia. El concepto pedag\u00f3gico Reggio Emilia se caracteriza por fomentar la autonom\u00eda, la creatividad y la responsabilidad de los ni\u00f1os en primera infancia. Esta pedagog\u00eda se propuso repensar las relaciones entre arte, educaci\u00f3n y sociedad, en contextos cr\u00edticos de necesidad de reconstrucci\u00f3n social y revalorizaci\u00f3n del sujeto. Hay una fuerte convivencia con el arte a partir del concepto de aprendizaje con alegr\u00eda y de un docente disponible desde lo l\u00fadico y con una apertura mental que le permita contemplar los matices en los que se mueve la mirada infantil. Otra caracter\u00edstica distintiva es la profunda interacci\u00f3n grupal entre los miembros del equipo docente, que da lugar a una gesti\u00f3n colegiada, \u00a0la importancia otorgada al ambiente como interlocutor educativo y la presencia del \u201catelier\u201d (un espacio en el cual los ni\u00f1os pueden\u00a0expresarse a trav\u00e9s de la m\u00fasica, la pintura [&hellip;]<\/p>\n","protected":false},"author":1,"featured_media":0,"parent":0,"menu_order":0,"comment_status":"closed","ping_status":"closed","template":"","meta":{"footnotes":""},"class_list":["post-13630","page","type-page","status-publish","hentry"],"_links":{"self":[{"href":"https:\/\/ciudadanosdelmundo.org\/index.php?rest_route=\/wp\/v2\/pages\/13630","targetHints":{"allow":["GET"]}}],"collection":[{"href":"https:\/\/ciudadanosdelmundo.org\/index.php?rest_route=\/wp\/v2\/pages"}],"about":[{"href":"https:\/\/ciudadanosdelmundo.org\/index.php?rest_route=\/wp\/v2\/types\/page"}],"author":[{"embeddable":true,"href":"https:\/\/ciudadanosdelmundo.org\/index.php?rest_route=\/wp\/v2\/users\/1"}],"replies":[{"embeddable":true,"href":"https:\/\/ciudadanosdelmundo.org\/index.php?rest_route=%2Fwp%2Fv2%2Fcomments&post=13630"}],"version-history":[{"count":19,"href":"https:\/\/ciudadanosdelmundo.org\/index.php?rest_route=\/wp\/v2\/pages\/13630\/revisions"}],"predecessor-version":[{"id":13688,"href":"https:\/\/ciudadanosdelmundo.org\/index.php?rest_route=\/wp\/v2\/pages\/13630\/revisions\/13688"}],"wp:attachment":[{"href":"https:\/\/ciudadanosdelmundo.org\/index.php?rest_route=%2Fwp%2Fv2%2Fmedia&parent=13630"}],"curies":[{"name":"wp","href":"https:\/\/api.w.org\/{rel}","templated":true}]}}