{"id":13584,"date":"2017-12-29T16:39:49","date_gmt":"2017-12-29T16:39:49","guid":{"rendered":"http:\/\/ciudadanosdelmundo.org\/sitio\/?page_id=13584"},"modified":"2020-02-03T18:43:53","modified_gmt":"2020-02-03T18:43:53","slug":"suplemento-del-inmigrante","status":"publish","type":"page","link":"https:\/\/ciudadanosdelmundo.org\/?page_id=13584","title":{"rendered":"Suplemento del Inmigrante"},"content":{"rendered":"<p>[vc_section][vc_row][vc_column width=\u00bb1\/1&#8243;][vc_column_text]<\/p>\n<h3 class=\"p1\" style=\"text-align: center;\"><span class=\"s1\">El suplemento del Inmigrante es un proyecto de la Fundaci\u00f3n Ciudadanos del Mundo, con el fin de darle una voz a los que no tienen<\/span><span class=\"s2\"> voz.<\/span><\/h3>\n<p style=\"text-align: center;\"><span class=\"s1\">Auspiciado por la Secretar\u00eda de Derechos Humanos del Ministerio de Justicia y Derechos Humanos de la Naci\u00f3n.<\/span><\/p>\n<p style=\"text-align: center;\"><span class=\"s1\">Declarado de inter\u00e9s por la Honorable C\u00e1mara de Diputados de la Naci\u00f3n.<\/span><\/p>\n<p>[\/vc_column_text][\/vc_column][\/vc_row][\/vc_section][vc_section][vc_row top_padding=\u00bb40&#8243;][vc_column width=\u00bb1\/3&#8243;]<div onclick=\"location.href='http:\/\/ciudadanosdelmundo.org\/wp-content\/uploads\/2018\/06\/edicion10_print.pdf';\" style=\"cursor:pointer;\"><div class=\"flip\"><div class=\"iconbox  iconbox-style-9 icon-color-accent color-dark card clearfix\"><div class=\"iconbox-box1 face front\"><table><tr><td><img src='https:\/\/ciudadanosdelmundo.org\/wp-content\/uploads\/2020\/02\/Captura-de-Pantalla-2020-02-03-a-las-1.41.52-p.-m.-e1580755495631.png' class='iconimg' alt='N\u00ba 10 \u2013 Abril de 2019' \/><h3>N\u00ba 10 \u2013 Abril de 2019<\/h3><\/td><\/tr><\/table><\/div><div class=\"iconbox-box2 face back\"><table><tr><td><h3>N\u00ba 10 \u2013 Abril de 2019<\/h3><p>En esta edici\u00f3n:<\/p>\n<p>Entrevista a <b>Hern\u00e1n Berisso<\/b>, Diputado Nacional<\/p><\/td><\/tr><\/table><\/div><\/div><\/div><\/div>[\/vc_column][vc_column width=\u00bb1\/3&#8243;]<div onclick=\"location.href='http:\/\/ciudadanosdelmundo.org\/sitio\/wp-content\/uploads\/2018\/12\/Edicion9_web.pdf';\" style=\"cursor:pointer;\"><div class=\"flip\"><div class=\"iconbox  iconbox-style-9 icon-color-accent color-dark card clearfix\"><div class=\"iconbox-box1 face front\"><table><tr><td><img src='https:\/\/ciudadanosdelmundo.org\/wp-content\/uploads\/2017\/12\/portada9.jpg' class='iconimg' alt='N\u00ba 9 \u2013 Agosto de 2017' \/><h3>N\u00ba 9 \u2013 Agosto de 2017<\/h3><\/td><\/tr><\/table><\/div><div class=\"iconbox-box2 face back\"><table><tr><td><h3>N\u00ba 9 \u2013 Agosto de 2017<\/h3><p>En esta edici\u00f3n:<\/p>\n<p><strong>El microcr\u00e9dito:<\/strong> una herramienta para transformar realidades:<br \/>\nEntrevista con Alberto Gandulfo, director del Programa de Microcr\u00e9ditos para la Econom\u00eda Social<\/p><\/td><\/tr><\/table><\/div><\/div><\/div><\/div>[\/vc_column][vc_column width=\u00bb1\/3&#8243;]<div onclick=\"location.href='http:\/\/ciudadanosdelmundo.org\/sitio\/wp-content\/uploads\/2017\/12\/Edicion8_web.pdf';\" style=\"cursor:pointer;\"><div class=\"flip\"><div class=\"iconbox  iconbox-style-9 icon-color-accent color-dark card clearfix\"><div class=\"iconbox-box1 face front\"><table><tr><td><img src='https:\/\/ciudadanosdelmundo.org\/wp-content\/uploads\/2017\/12\/portada8.jpg' class='iconimg' alt='N\u00ba 8 - Diciembre de 2013' \/><h3>N\u00ba 8 - Diciembre de 2013<\/h3><\/td><\/tr><\/table><\/div><div class=\"iconbox-box2 face back\"><table><tr><td><h3>N\u00ba 8 - Diciembre de 2013<\/h3><p>En esta edici\u00f3n:<\/p>\n<p>&#8211; Entrevista Franco Fiumara. El voto del ciudadano Italiano en el exterior.<br \/>\n&#8211; La Fundaci\u00f3n en la Matanza.<\/p><\/td><\/tr><\/table><\/div><\/div><\/div><\/div>[\/vc_column][\/vc_row][vc_row top_padding=\u00bb40&#8243;][vc_column width=\u00bb1\/3&#8243;]<div onclick=\"location.href='http:\/\/ciudadanosdelmundo.org\/sitio\/wp-content\/uploads\/2017\/12\/Edicion7.pdf';\" style=\"cursor:pointer;\"><div class=\"flip\"><div class=\"iconbox  iconbox-style-9 icon-color-accent color-dark card clearfix\"><div class=\"iconbox-box1 face front\"><table><tr><td><img src='https:\/\/ciudadanosdelmundo.org\/wp-content\/uploads\/2017\/12\/portada7.jpg' class='iconimg' alt='N\u00ba 7 - Octubre de 2013' \/><h3>N\u00ba 7 - Octubre de 2013<\/h3><\/td><\/tr><\/table><\/div><div class=\"iconbox-box2 face back\"><table><tr><td><h3>N\u00ba 7 - Octubre de 2013<\/h3><p>En esta edici\u00f3n:<\/p>\n<p>&#8211; Entrevista al Dr. Luis Cigogna.<br \/>\n&#8211; Un camino hacia la inclusi\u00f3n social y la regularizaci\u00f3n migratoria.<br \/>\n&#8211; Mercosur en contexto.<\/p><\/td><\/tr><\/table><\/div><\/div><\/div><\/div>[\/vc_column][vc_column width=\u00bb1\/3&#8243;]<div onclick=\"location.href='http:\/\/ciudadanosdelmundo.org\/sitio\/wp-content\/uploads\/2017\/12\/Edicion6_2_WEB.pdf';\" style=\"cursor:pointer;\"><div class=\"flip\"><div class=\"iconbox  iconbox-style-9 icon-color-accent color-dark card clearfix\"><div class=\"iconbox-box1 face front\"><table><tr><td><img src='https:\/\/ciudadanosdelmundo.org\/wp-content\/uploads\/2017\/12\/portada6.jpg' class='iconimg' alt='N\u00ba 6 - Agosto de 2013' \/><h3>N\u00ba 6 - Agosto de 2013<\/h3><\/td><\/tr><\/table><\/div><div class=\"iconbox-box2 face back\"><table><tr><td><h3>N\u00ba 6 - Agosto de 2013<\/h3><p>En esta edici\u00f3n:<\/p>\n<p>&#8211; El voto del ciudadano Italiano en el exterior.<br \/>\n&#8211; El derecho a migrar en una d\u00e9cada de reconstrucci\u00f3n del Estado.<br \/>\n&#8211; Un camino hacia la inclusi\u00f3n social y la regularizaci\u00f3n migratoria.<\/p><\/td><\/tr><\/table><\/div><\/div><\/div><\/div>[\/vc_column][vc_column width=\u00bb1\/3&#8243;]<div onclick=\"location.href='http:\/\/ciudadanosdelmundo.org\/sitio\/wp-content\/uploads\/2017\/12\/Edicion5.pdf';\" style=\"cursor:pointer;\"><div class=\"flip\"><div class=\"iconbox  iconbox-style-9 icon-color-accent color-dark card clearfix\"><div class=\"iconbox-box1 face front\"><table><tr><td><img src='https:\/\/ciudadanosdelmundo.org\/wp-content\/uploads\/2017\/12\/Portada5.jpg' class='iconimg' alt='N\u00ba 5 - Septiembre de 2012' \/><h3>N\u00ba 5 - Septiembre de 2012<\/h3><\/td><\/tr><\/table><\/div><div class=\"iconbox-box2 face back\"><table><tr><td><h3>N\u00ba 5 - Septiembre de 2012<\/h3><p>En esta edici\u00f3n:<\/p>\n<p>&#8211; Organizaciones de Afrodescendientes.<br \/>\n&#8211; Entrevista a Vitu Barraza.<br \/>\n&#8211; Cuando las memorias de la guerra emigran.<\/p><\/td><\/tr><\/table><\/div><\/div><\/div><\/div>[\/vc_column][\/vc_row][vc_row top_padding=\u00bb40&#8243;][vc_column width=\u00bb1\/3&#8243;]<div onclick=\"location.href='http:\/\/ciudadanosdelmundo.org\/sitio\/wp-content\/uploads\/2017\/12\/Edicion4.pdf';\" style=\"cursor:pointer;\"><div class=\"flip\"><div class=\"iconbox  iconbox-style-9 icon-color-accent color-dark card clearfix\"><div class=\"iconbox-box1 face front\"><table><tr><td><img src='https:\/\/ciudadanosdelmundo.org\/wp-content\/uploads\/2017\/12\/Portada4.jpg' class='iconimg' alt='N\u00ba 4 - Mayo de 2012' \/><h3>N\u00ba 4 - Mayo de 2012<\/h3><\/td><\/tr><\/table><\/div><div class=\"iconbox-box2 face back\"><table><tr><td><h3>N\u00ba 4 - Mayo de 2012<\/h3><p>En esta edici\u00f3n:<\/p>\n<p>&#8211; Entrevista a Victor Hugo Morales, periodista Uruguayo.<br \/>\n&#8211; La historia del negro Manuel.<br \/>\n&#8211; Los inmigrantes en la elecciones presidenciales de EEUU y Europa.<\/p><\/td><\/tr><\/table><\/div><\/div><\/div><\/div>[\/vc_column][vc_column width=\u00bb1\/3&#8243;]<div onclick=\"location.href='http:\/\/ciudadanosdelmundo.org\/sitio\/wp-content\/uploads\/2017\/12\/Edicion-3.pdf';\" style=\"cursor:pointer;\"><div class=\"flip\"><div class=\"iconbox  iconbox-style-9 icon-color-accent color-dark card clearfix\"><div class=\"iconbox-box1 face front\"><table><tr><td><img src='https:\/\/ciudadanosdelmundo.org\/wp-content\/uploads\/2017\/12\/Portada3.jpg' class='iconimg' alt='N\u00ba 3 - Febrero de 2012' \/><h3>N\u00ba 3 - Febrero de 2012<\/h3><\/td><\/tr><\/table><\/div><div class=\"iconbox-box2 face back\"><table><tr><td><h3>N\u00ba 3 - Febrero de 2012<\/h3><p>En esta edici\u00f3n:<\/p>\n<p>&#8211; Entrevista a Marita Perceval, Subsecretaria de Promoci\u00f3n de Derechos Humanos.<br \/>\n&#8211; Un Camino hacia la integraci\u00f3n<br \/>\n&#8211; La mirada del Inmigrante a trav\u00e9s del cine.<\/p><\/td><\/tr><\/table><\/div><\/div><\/div><\/div>[\/vc_column][vc_column width=\u00bb1\/3&#8243;]<div onclick=\"location.href='http:\/\/ciudadanosdelmundo.org\/sitio\/wp-content\/uploads\/2017\/12\/Edicion2.pdf';\" style=\"cursor:pointer;\"><div class=\"flip\"><div class=\"iconbox  iconbox-style-9 icon-color-accent color-dark card clearfix\"><div class=\"iconbox-box1 face front\"><table><tr><td><img src='https:\/\/ciudadanosdelmundo.org\/wp-content\/uploads\/2017\/12\/Portada2.jpg' class='iconimg' alt='N\u00ba 2 - Noviembre de 2011' \/><h3>N\u00ba 2 - Noviembre de 2011<\/h3><\/td><\/tr><\/table><\/div><div class=\"iconbox-box2 face back\"><table><tr><td><h3>N\u00ba 2 - Noviembre de 2011<\/h3><p>&#8211; Entrevista al Dr. Eugenio Zaffaroni, Ministro de la Corte Suprema de Justicia de la Naci\u00f3n.<br \/>\n&#8211; Lo que el Censo nos dej\u00f3.<br \/>\n&#8211; Historias de Vidas migrantes.<br \/>\n&#8211; Cultura: Inmigrantes Big Band.<\/p><\/td><\/tr><\/table><\/div><\/div><\/div><\/div>[\/vc_column][\/vc_row][vc_row top_padding=\u00bb40&#8243;][vc_column width=\u00bb1\/3&#8243;]<div onclick=\"location.href='#';\" style=\"cursor:pointer;\"><div class=\"flip\"><div class=\"iconbox  iconbox-style-9 icon-color-accent color-dark card clearfix\"><div class=\"iconbox-box1 face front\"><table><tr><td><img src='https:\/\/ciudadanosdelmundo.org\/wp-content\/uploads\/2017\/12\/Portada1.jpg' class='iconimg' alt='N\u00ba 1 - Septiembre de 2011' \/><h3>N\u00ba 1 - Septiembre de 2011<\/h3><\/td><\/tr><\/table><\/div><div class=\"iconbox-box2 face back\"><table><tr><td><h3>N\u00ba 1 - Septiembre de 2011<\/h3><p>&#8211; Entrevista al Dr. Mart\u00edn Arias Duval, Director Nacional de Migraciones.<br \/>\n&#8211; Inmigraci\u00f3n y teatro: BABEL BOEDO BABILONIA, nadie es ilegal en ninguna parte.<br \/>\n&#8211; Historia de vida de una inmigrante Dominicana.<br \/>\n&#8211; El problema de la indocumentaci\u00f3n.<\/p><\/td><\/tr><\/table><\/div><\/div><\/div><\/div>[\/vc_column][vc_column width=\u00bb1\/3&#8243;][\/vc_column][vc_column width=\u00bb1\/3&#8243;][\/vc_column][\/vc_row][\/vc_section]<\/p>\n","protected":false},"excerpt":{"rendered":"<p>[vc_section][vc_row][vc_column width=\u00bb1\/1&#8243;][vc_column_text] El suplemento del Inmigrante es un proyecto de la Fundaci\u00f3n Ciudadanos del Mundo, con el fin de darle una voz a los que no tienen voz. Auspiciado por la Secretar\u00eda de Derechos Humanos del Ministerio de Justicia y Derechos Humanos de la Naci\u00f3n. Declarado de inter\u00e9s por la Honorable C\u00e1mara de Diputados de la Naci\u00f3n. [\/vc_column_text][\/vc_column][\/vc_row][\/vc_section][vc_section][vc_row top_padding=\u00bb40&#8243;][vc_column width=\u00bb1\/3&#8243;][\/vc_column][vc_column width=\u00bb1\/3&#8243;][\/vc_column][vc_column width=\u00bb1\/3&#8243;][\/vc_column][\/vc_row][vc_row top_padding=\u00bb40&#8243;][vc_column width=\u00bb1\/3&#8243;][\/vc_column][vc_column width=\u00bb1\/3&#8243;][\/vc_column][vc_column width=\u00bb1\/3&#8243;][\/vc_column][\/vc_row][vc_row top_padding=\u00bb40&#8243;][vc_column width=\u00bb1\/3&#8243;][\/vc_column][vc_column width=\u00bb1\/3&#8243;][\/vc_column][vc_column width=\u00bb1\/3&#8243;][\/vc_column][\/vc_row][vc_row top_padding=\u00bb40&#8243;][vc_column width=\u00bb1\/3&#8243;][\/vc_column][vc_column width=\u00bb1\/3&#8243;][\/vc_column][vc_column width=\u00bb1\/3&#8243;][\/vc_column][\/vc_row][\/vc_section]<\/p>\n","protected":false},"author":1,"featured_media":0,"parent":0,"menu_order":0,"comment_status":"closed","ping_status":"closed","template":"","meta":{"footnotes":""},"class_list":["post-13584","page","type-page","status-publish","hentry"],"_links":{"self":[{"href":"https:\/\/ciudadanosdelmundo.org\/index.php?rest_route=\/wp\/v2\/pages\/13584","targetHints":{"allow":["GET"]}}],"collection":[{"href":"https:\/\/ciudadanosdelmundo.org\/index.php?rest_route=\/wp\/v2\/pages"}],"about":[{"href":"https:\/\/ciudadanosdelmundo.org\/index.php?rest_route=\/wp\/v2\/types\/page"}],"author":[{"embeddable":true,"href":"https:\/\/ciudadanosdelmundo.org\/index.php?rest_route=\/wp\/v2\/users\/1"}],"replies":[{"embeddable":true,"href":"https:\/\/ciudadanosdelmundo.org\/index.php?rest_route=%2Fwp%2Fv2%2Fcomments&post=13584"}],"version-history":[{"count":21,"href":"https:\/\/ciudadanosdelmundo.org\/index.php?rest_route=\/wp\/v2\/pages\/13584\/revisions"}],"predecessor-version":[{"id":13913,"href":"https:\/\/ciudadanosdelmundo.org\/index.php?rest_route=\/wp\/v2\/pages\/13584\/revisions\/13913"}],"wp:attachment":[{"href":"https:\/\/ciudadanosdelmundo.org\/index.php?rest_route=%2Fwp%2Fv2%2Fmedia&parent=13584"}],"curies":[{"name":"wp","href":"https:\/\/api.w.org\/{rel}","templated":true}]}}