{"id":13549,"date":"2017-12-29T16:02:10","date_gmt":"2017-12-29T16:02:10","guid":{"rendered":"http:\/\/ciudadanosdelmundo.org\/sitio\/?page_id=13549"},"modified":"2019-09-12T21:10:27","modified_gmt":"2019-09-12T21:10:27","slug":"proyectos","status":"publish","type":"page","link":"https:\/\/ciudadanosdelmundo.org\/?page_id=13549","title":{"rendered":"Proyectos"},"content":{"rendered":"<p>[vc_section full_width=\u00bbstretch_row_content\u00bb css=\u00bb.vc_custom_1514564962844{margin-top: -60px !important;margin-bottom: -40px !important;padding-top: 0px !important;padding-bottom: 0px !important;background-color: #383838 !important;}\u00bb][\/vc_section][vc_section full_width=\u00bbstretch_row_content\u00bb css=\u00bb.vc_custom_1514564973294{margin-top: -60px !important;}\u00bb][vc_row type=\u00bbfull_width_section\u00bb][vc_column bg_color=\u00bb#00b4d8&#8243; bg_image=\u00bb13554&#8243; column_padding=\u00bbpadding-5&#8243; text_color=\u00bblight\u00bb width=\u00bb1\/2&#8243;][\/vc_column][vc_column bg_color=\u00bb#727272&#8243; column_padding=\u00bbpadding-5&#8243; column_center=\u00bbtrue\u00bb text_color=\u00bblight\u00bb width=\u00bb1\/2&#8243;]<div class=\"divider-title align-left\" >Investigaciones<\/div>[vc_column_text]<span class=\"s2\">El departamento de Investigaciones planea ampliar sus tem\u00e1ticas de estudio sobre migraci\u00f3n, incorporando estudios sobre la ni\u00f1ez migrante y la situaci\u00f3n de esa problem\u00e1tica en los municipios de La Matanza. <\/span>[\/vc_column_text][\/vc_column][\/vc_row][\/vc_section][vc_section full_width=\u00bbstretch_row_content\u00bb][vc_row type=\u00bbfull_width_section\u00bb][vc_column column_padding=\u00bbpadding-5&#8243; text_align=\u00bbcenter\u00bb width=\u00bb1\/1&#8243;]<div class=\"divider-title align-center\" >Microcr\u00e9ditos<\/div>[vc_column_text]<span class=\"s2\">Relanzar una nueva etapa de otorgamiento de microcr\u00e9ditos enfocado en la poblaci\u00f3n migrante, de acuerdo a las disponibilidades del Ministerio de Desarrollo Social de la Naci\u00f3n.<\/span>[\/vc_column_text][\/vc_column][\/vc_row][\/vc_section][vc_section full_width=\u00bbstretch_row_content\u00bb css=\u00bb.vc_custom_1514579566774{margin-top: -60px !important;margin-bottom: -80px !important;}\u00bb][vc_row type=\u00bbfull_width_section\u00bb][vc_column bg_color=\u00bb#00b4d8&#8243; column_padding=\u00bbpadding-5&#8243; text_color=\u00bblight\u00bb width=\u00bb1\/2&#8243;]<div class=\"divider-title align-left\" >Asistencia jur\u00eddica<\/div>[vc_column_text]<span class=\"s2\">Colocar un punto permanente de asistencia jur\u00eddica a migrantes, que acerque derechos a las personas.<\/span>[\/vc_column_text][\/vc_column][vc_column bg_color=\u00bb#727272&#8243; bg_image=\u00bb13580&#8243; column_padding=\u00bbpadding-5&#8243; column_center=\u00bbtrue\u00bb text_color=\u00bblight\u00bb width=\u00bb1\/2&#8243;][\/vc_column][\/vc_row][\/vc_section]<\/p>\n","protected":false},"excerpt":{"rendered":"<p>[vc_section full_width=\u00bbstretch_row_content\u00bb css=\u00bb.vc_custom_1514564962844{margin-top: -60px !important;margin-bottom: -40px !important;padding-top: 0px !important;padding-bottom: 0px !important;background-color: #383838 !important;}\u00bb][\/vc_section][vc_section full_width=\u00bbstretch_row_content\u00bb css=\u00bb.vc_custom_1514564973294{margin-top: -60px !important;}\u00bb][vc_row type=\u00bbfull_width_section\u00bb][vc_column bg_color=\u00bb#00b4d8&#8243; bg_image=\u00bb13554&#8243; column_padding=\u00bbpadding-5&#8243; text_color=\u00bblight\u00bb width=\u00bb1\/2&#8243;][\/vc_column][vc_column bg_color=\u00bb#727272&#8243; column_padding=\u00bbpadding-5&#8243; column_center=\u00bbtrue\u00bb text_color=\u00bblight\u00bb width=\u00bb1\/2&#8243;][vc_column_text]El departamento de Investigaciones planea ampliar sus tem\u00e1ticas de estudio sobre migraci\u00f3n, incorporando estudios sobre la ni\u00f1ez migrante y la situaci\u00f3n de esa problem\u00e1tica en los municipios de La Matanza. [\/vc_column_text][\/vc_column][\/vc_row][\/vc_section][vc_section full_width=\u00bbstretch_row_content\u00bb][vc_row type=\u00bbfull_width_section\u00bb][vc_column column_padding=\u00bbpadding-5&#8243; text_align=\u00bbcenter\u00bb width=\u00bb1\/1&#8243;][vc_column_text]Relanzar una nueva etapa de otorgamiento de microcr\u00e9ditos enfocado en la poblaci\u00f3n migrante, de acuerdo a las disponibilidades del Ministerio de Desarrollo Social de la Naci\u00f3n.[\/vc_column_text][\/vc_column][\/vc_row][\/vc_section][vc_section full_width=\u00bbstretch_row_content\u00bb css=\u00bb.vc_custom_1514579566774{margin-top: -60px !important;margin-bottom: -80px !important;}\u00bb][vc_row type=\u00bbfull_width_section\u00bb][vc_column bg_color=\u00bb#00b4d8&#8243; column_padding=\u00bbpadding-5&#8243; text_color=\u00bblight\u00bb width=\u00bb1\/2&#8243;][vc_column_text]Colocar un punto permanente de asistencia jur\u00eddica a migrantes, que acerque derechos a las personas.[\/vc_column_text][\/vc_column][vc_column bg_color=\u00bb#727272&#8243; bg_image=\u00bb13580&#8243; column_padding=\u00bbpadding-5&#8243; column_center=\u00bbtrue\u00bb text_color=\u00bblight\u00bb width=\u00bb1\/2&#8243;][\/vc_column][\/vc_row][\/vc_section]<\/p>\n","protected":false},"author":1,"featured_media":0,"parent":0,"menu_order":0,"comment_status":"closed","ping_status":"closed","template":"","meta":{"footnotes":""},"class_list":["post-13549","page","type-page","status-publish","hentry"],"_links":{"self":[{"href":"https:\/\/ciudadanosdelmundo.org\/index.php?rest_route=\/wp\/v2\/pages\/13549","targetHints":{"allow":["GET"]}}],"collection":[{"href":"https:\/\/ciudadanosdelmundo.org\/index.php?rest_route=\/wp\/v2\/pages"}],"about":[{"href":"https:\/\/ciudadanosdelmundo.org\/index.php?rest_route=\/wp\/v2\/types\/page"}],"author":[{"embeddable":true,"href":"https:\/\/ciudadanosdelmundo.org\/index.php?rest_route=\/wp\/v2\/users\/1"}],"replies":[{"embeddable":true,"href":"https:\/\/ciudadanosdelmundo.org\/index.php?rest_route=%2Fwp%2Fv2%2Fcomments&post=13549"}],"version-history":[{"count":33,"href":"https:\/\/ciudadanosdelmundo.org\/index.php?rest_route=\/wp\/v2\/pages\/13549\/revisions"}],"predecessor-version":[{"id":13902,"href":"https:\/\/ciudadanosdelmundo.org\/index.php?rest_route=\/wp\/v2\/pages\/13549\/revisions\/13902"}],"wp:attachment":[{"href":"https:\/\/ciudadanosdelmundo.org\/index.php?rest_route=%2Fwp%2Fv2%2Fmedia&parent=13549"}],"curies":[{"name":"wp","href":"https:\/\/api.w.org\/{rel}","templated":true}]}}