{"id":13464,"date":"2017-12-29T13:53:58","date_gmt":"2017-12-29T13:53:58","guid":{"rendered":"http:\/\/ciudadanosdelmundo.org\/sitio\/?page_id=13464"},"modified":"2021-08-21T16:02:31","modified_gmt":"2021-08-21T16:02:31","slug":"actividades","status":"publish","type":"page","link":"https:\/\/ciudadanosdelmundo.org\/?page_id=13464","title":{"rendered":"Actividades migraci\u00f3n"},"content":{"rendered":"<p>[vc_section full_width=\u00bbstretch_row\u00bb css=\u00bb.vc_custom_1514558658286{margin-top: -60px !important;margin-bottom: -75px !important;background-color: #4c4c4c !important;}\u00bb][vc_row text_color=\u00bblight\u00bb top_padding=\u00bb40&#8243; bottom_padding=\u00bb40&#8243;][vc_column text_color=\u00bblight\u00bb width=\u00bb1\/1&#8243;][vc_column_text]<\/p>\n<h3 class=\"p1\" style=\"text-align: center;\"><span class=\"s1\">Desde sus inicios en el a\u00f1o 2008 la Fundaci\u00f3n realiz\u00f3 una enorme cantidad de actividades en favor de los migrantes. Aqu\u00ed se detallan algunas pocas, solo para ofrecer un pantallazo gr\u00e1fico de lo que hemos hecho:<\/span><\/h3>\n<p>[\/vc_column_text][\/vc_column][\/vc_row][\/vc_section][vc_section full_width=\u00bbstretch_row_content\u00bb content_placement=\u00bbmiddle\u00bb][vc_row top_padding=\u00bb40&#8243; bottom_padding=\u00bb40&#8243; full_height=\u00bbtrue\u00bb][vc_column bg_color=\u00bb#009bd3&#8243; column_padding=\u00bbpadding-5&#8243; column_center=\u00bbtrue\u00bb text_color=\u00bblight\u00bb width=\u00bb1\/2&#8243;]<h3 class=\"headline font-inherit fontsize-xl fontweight-600 lh-inherit align-left transform-inherit \" style=\"margin: 0 0 20px 0; color: #ffffff;\">Sobre el voto de los extranjeros<\/h3><div class=\"newdivider align-left\" style=\"border-bottom-style: solid; border-color: #ffffff; border-bottom-width: 3px; margin-top: 0; margin-bottom: 30px; width: 120px; \"><\/div><div class=\"clear\"><\/div><h4 class=\"headline font-inherit fontsize-s fontweight-300 lh-inherit align-left transform-uppercase \" style=\"margin: 0 0 20px 0; color: #ffffff;\">A\u00f1o 2012<br \/>\n<\/h4>[vc_column_text]<\/p>\n<p class=\"p1\"><span class=\"s1\">Conferencia \u201cEl voto del ciudadano extranjero: la integraci\u00f3n a trav\u00e9s de la participaci\u00f3n pol\u00edtica\u201d. Centro Cultural Paraguayo Silvio Mor\u00ednigo<\/span><\/p>\n<p class=\"p2\"><span class=\"s2\">La Fundaci\u00f3n Ciudadanos del Mundo en conjunto con el Programa para la Promoci\u00f3n y el Fortalecimiento de los Derechos de los Inmigrantes, Refugiados y Ap\u00e1tridas del Ministerio de Justicia y Derechos Humanos de La Naci\u00f3n y la subsecretaria de Discapacidad La Matanza, inici\u00f3 un ciclo de conferencias sobre <\/span><span class=\"s1\">\u201cEl voto del ciudadano extranjero: la integraci\u00f3n a trav\u00e9s de la participaci\u00f3n pol\u00edtica\u201d.<\/span><\/p>\n<p class=\"p3\"><span class=\"s1\">Dicho evento se llev\u00f3 a cabo en el Centro Cultural Paraguayo \u00abSilvio Mor\u00ednigo\u00bb sito\u00a0en la calle Labard\u00e9n 5396 entre Berna y Atenas, Villa Luzuriaga, La Matanza, Pcia. Bs. As. con una gran concurrencia de inmigrantes.<\/span><\/p>\n<p>[\/vc_column_text][\/vc_column][vc_column bg_image=\u00bb13491&#8243; column_padding=\u00bbpadding-9&#8243; column_center=\u00bbtrue\u00bb width=\u00bb1\/2&#8243;][\/vc_column][\/vc_row][\/vc_section][vc_section][vc_row top_padding=\u00bb40&#8243; bottom_padding=\u00bb40&#8243;][vc_column width=\u00bb1\/3&#8243;]<h3 class=\"headline font-inherit fontsize-xl fontweight-600 lh-12 align-left transform-inherit \" style=\"margin: 0 0 20px 0;\">Conferencia \u201cEl voto del ciudadano extranjero<\/h3><div class=\"newdivider align-left\" style=\"border-bottom-style: solid; border-color: #00aeef; border-bottom-width: 3px; margin-top: 0; margin-bottom: 30px; width: 120px; \"><\/div><div class=\"clear\"><\/div>[vc_column_text]<span class=\"s2\">La integraci\u00f3n a trav\u00e9s de la participaci\u00f3n pol\u00edtica\u201d. Museo Roca, Vicente L\u00f3pez 2220, CABA<\/span><\/p>\n<p class=\"p2\"><span class=\"s3\"><a style=\"word-break: break-word;\" href=\"http:\/\/fundacionciudadanosdelmundo.blogspot.com.ar\/2010\/04\/conferencia-sobre-la-inclusion-de-los.html\">http:\/\/fundacionciudadanosdelmundo.blogspot.com.ar\/2010\/04\/conferencia-sobre-la-inclusion-de-los.html<\/a><\/span><\/p>\n<p>[\/vc_column_text][\/vc_column][vc_column width=\u00bb1\/3&#8243;]<h3 class=\"headline font-inherit fontsize-xl fontweight-600 lh-12 align-left transform-inherit \" style=\"margin: 0 0 20px 0;\">Audiencia en la Comisi\u00f3n de Asuntos<\/h3><div class=\"newdivider align-left\" style=\"border-bottom-style: solid; border-color: #00aeef; border-bottom-width: 3px; margin-top: 0; margin-bottom: 30px; width: 120px; \"><\/div><div class=\"clear\"><\/div>[vc_column_text]<span class=\"s2\">En la\u00a0<\/span><span class=\"s2\">Comisi\u00f3n de Asuntos Constitucionales del Senado de la Naci\u00f3n.\u00a0<\/span><span class=\"s2\">Presentaci\u00f3n del proyecto de Ley para el voto de los extranjeros. A\u00f1o 2012.<\/span>[\/vc_column_text][\/vc_column][vc_column width=\u00bb1\/3&#8243;]<h3 class=\"headline font-inherit fontsize-xl fontweight-600 lh-12 align-left transform-inherit \" style=\"margin: 0 0 20px 0;\">Regularizaci\u00f3n migratoria<\/h3><div class=\"newdivider align-left\" style=\"border-bottom-style: solid; border-color: #00aeef; border-bottom-width: 3px; margin-top: 0; margin-bottom: 30px; width: 120px; \"><\/div><div class=\"clear\"><\/div>[vc_column_text]<span class=\"s2\">Y monotributo social para extranjeros de nacionalidad dominicana y senegalesa. A\u00f1o 2013.<\/span>[\/vc_column_text][\/vc_column][\/vc_row][vc_row top_padding=\u00bb40&#8243; bottom_padding=\u00bb40&#8243;][vc_column width=\u00bb1\/1&#8243;]<div class=\"newdivider align-center\" style=\"border-bottom-style: solid; border-color: #eaeaea; border-bottom-width: 1px; margin-top: 0; margin-bottom: 40px; width: 100%; \"><\/div><div class=\"clear\"><\/div>[vc_column_text]<\/p>\n<p class=\"p1\"><span class=\"s1\">En el marco del trabajo conjunto de asesoramiento y acompa\u00f1amiento personalizado a ciudadanas y ciudadanos de origen dominicano y senegal\u00e9s que han decidido participar en el R\u00e9gimen Especial de Regularizaci\u00f3n Migratoria dispuesto por las resoluciones 1\/2013 y 2\/2013 de la Direcci\u00f3n Nacional de Migraciones, la Agrupaci\u00f3n Xang\u00f3 y la Fundaci\u00f3n Ciudadanos del Mundo concretamos, en conjunto con el Ministerio de Desarrollo Social y la Secretar\u00eda de Derechos Humanos de la Naci\u00f3n la Primera Jornada de Inscripci\u00f3n en el Monotributo Social.<\/span><\/p>\n<p class=\"p1\"><span class=\"s1\">La actividad cont\u00f3 con la presencia del Cdor. H\u00e9ctor Camps, Director Nacional de Fomento del Monotributo Social y autoridades de la Secretar\u00eda de Derechos Humanos, quienes junto a Carlos \u00c1lvarez, miembro de la Agrupaci\u00f3n XANG\u00d3 y Manuel Aldaz, presidente de la Fundaci\u00f3n Ciudadanos del Mundo informaron acerca de los derechos y responsabilidades implicados en este r\u00e9gimen tributario.\u00a0<\/span><\/p>\n<p class=\"p2\"><span class=\"s2\"><a href=\"http:\/\/fundacionciudadanosdelmundo.blogspot.com.ar\/2013\/03\/nuestra-intervencion-ante-el-plan-de.html\">http:\/\/fundacionciudadanosdelmundo.blogspot.com.ar\/2013\/03\/nuestra-intervencion-ante-el-plan-de.html<\/a><\/span><\/p>\n<p>[\/vc_column_text]<div class=\"gallery-style-2\">\n\t\t<style>\n\t\t\t#gallery-1 {\n\t\t\t\tmargin: auto;\n\t\t\t}\n\t\t\t#gallery-1 .gallery-item {\n\t\t\t\tfloat: left;\n\t\t\t\tmargin-top: 10px;\n\t\t\t\ttext-align: center;\n\t\t\t\twidth: 25%;\n\t\t\t}\n\t\t\t#gallery-1 img {\n\t\t\t\tborder: 2px solid #cfcfcf;\n\t\t\t}\n\t\t\t#gallery-1 .gallery-caption {\n\t\t\t\tmargin-left: 0;\n\t\t\t}\n\t\t\t\/* see gallery_shortcode() in wp-includes\/media.php *\/\n\t\t<\/style>\n\t\t<div id='gallery-1' class='gallery galleryid-13464 gallery-columns-4 gallery-size-thumbnail'><dl class='gallery-item'>\n\t\t\t<dt class='gallery-icon landscape'>\n\t\t\t\t<img loading=\"lazy\" decoding=\"async\" width=\"150\" height=\"150\" src=\"https:\/\/ciudadanosdelmundo.org\/wp-content\/uploads\/2017\/12\/foto-56-150x150.jpg\" class=\"attachment-thumbnail size-thumbnail\" alt=\"\" srcset=\"https:\/\/ciudadanosdelmundo.org\/wp-content\/uploads\/2017\/12\/foto-56-150x150.jpg 150w, https:\/\/ciudadanosdelmundo.org\/wp-content\/uploads\/2017\/12\/foto-56-80x80.jpg 80w, https:\/\/ciudadanosdelmundo.org\/wp-content\/uploads\/2017\/12\/foto-56-500x500.jpg 500w, https:\/\/ciudadanosdelmundo.org\/wp-content\/uploads\/2017\/12\/foto-56-1000x1000.jpg 1000w\" sizes=\"auto, (max-width: 150px) 100vw, 150px\" \/>\n\t\t\t<\/dt><\/dl><dl class='gallery-item'>\n\t\t\t<dt class='gallery-icon landscape'>\n\t\t\t\t<img loading=\"lazy\" decoding=\"async\" width=\"150\" height=\"150\" src=\"https:\/\/ciudadanosdelmundo.org\/wp-content\/uploads\/2017\/12\/foto-180-150x150.jpg\" class=\"attachment-thumbnail size-thumbnail\" alt=\"\" srcset=\"https:\/\/ciudadanosdelmundo.org\/wp-content\/uploads\/2017\/12\/foto-180-150x150.jpg 150w, https:\/\/ciudadanosdelmundo.org\/wp-content\/uploads\/2017\/12\/foto-180-80x80.jpg 80w, https:\/\/ciudadanosdelmundo.org\/wp-content\/uploads\/2017\/12\/foto-180-500x500.jpg 500w\" sizes=\"auto, (max-width: 150px) 100vw, 150px\" \/>\n\t\t\t<\/dt><\/dl><dl class='gallery-item'>\n\t\t\t<dt class='gallery-icon landscape'>\n\t\t\t\t<img loading=\"lazy\" decoding=\"async\" width=\"150\" height=\"150\" src=\"https:\/\/ciudadanosdelmundo.org\/wp-content\/uploads\/2017\/12\/foto-181-150x150.jpg\" class=\"attachment-thumbnail size-thumbnail\" alt=\"\" srcset=\"https:\/\/ciudadanosdelmundo.org\/wp-content\/uploads\/2017\/12\/foto-181-150x150.jpg 150w, https:\/\/ciudadanosdelmundo.org\/wp-content\/uploads\/2017\/12\/foto-181-80x80.jpg 80w, https:\/\/ciudadanosdelmundo.org\/wp-content\/uploads\/2017\/12\/foto-181-500x500.jpg 500w\" sizes=\"auto, (max-width: 150px) 100vw, 150px\" \/>\n\t\t\t<\/dt><\/dl><dl class='gallery-item'>\n\t\t\t<dt class='gallery-icon landscape'>\n\t\t\t\t<img loading=\"lazy\" decoding=\"async\" width=\"150\" height=\"150\" src=\"https:\/\/ciudadanosdelmundo.org\/wp-content\/uploads\/2017\/12\/foto-182-150x150.jpg\" class=\"attachment-thumbnail size-thumbnail\" alt=\"\" srcset=\"https:\/\/ciudadanosdelmundo.org\/wp-content\/uploads\/2017\/12\/foto-182-150x150.jpg 150w, https:\/\/ciudadanosdelmundo.org\/wp-content\/uploads\/2017\/12\/foto-182-80x80.jpg 80w, https:\/\/ciudadanosdelmundo.org\/wp-content\/uploads\/2017\/12\/foto-182-500x500.jpg 500w\" sizes=\"auto, (max-width: 150px) 100vw, 150px\" \/>\n\t\t\t<\/dt><\/dl><br style=\"clear: both\" \/>\n\t\t<\/div>\n<\/div>[\/vc_column][\/vc_row][\/vc_section][vc_section full_width=\u00bbstretch_row\u00bb css=\u00bb.vc_custom_1514559720469{background-color: #f7f7f7 !important;}\u00bb][vc_row top_padding=\u00bb40&#8243; bottom_padding=\u00bb40&#8243;][vc_column width=\u00bb1\/1&#8243;]<h3 class=\"headline font-inherit fontsize-xl fontweight-600 lh-12 align-center transform-inherit \" style=\"margin: 0 0 20px 0;\">Difusi\u00f3n de derechos migrantes en La Matanza<\/h3><div class=\"newdivider align-center\" style=\"border-bottom-style: solid; border-color: #00aeef; border-bottom-width: 3px; margin-top: 0; margin-bottom: 30px; width: 120px; \"><\/div><div class=\"clear\"><\/div><h4 class=\"headline font-inherit fontsize-s fontweight-300 lh-inherit align-center transform-inherit \" style=\"margin: 0 0 20px 0;\">A\u00f1o 2013<\/h4>[vc_column_text]<\/p>\n<p class=\"p1\"><span class=\"s1\">Integrantes de la Fundaci\u00f3n Ciudadanos del Mundo recorrieron distintas ferias donde se re\u00fanen colectividades migrantes de las localidades de Gregorio de Laferrere y Villa Celina con el fin de relevar las problem\u00e1ticas que los afectan desde la voz de los propios protagonistas.<\/span><span class=\"s2\"><br \/>\n<\/span><span class=\"s1\">Tambi\u00e9n compartimos la publicaci\u00f3n del \u201cSuplemento del Inmigrante\u201d y dialogamos sobre la importancia de la inclusi\u00f3n social, la participaci\u00f3n pol\u00edtica y la defensa de los derechos humanos de los migrantes.<\/span><\/p>\n<p class=\"p2\"><span class=\"s2\">Las conclusiones del relevamiento sirvieron de insumo para el trabajo que luego se emprendi\u00f3 en el territorio de La Matanza, en conjunto con autoridades municipales y distintos niveles del Estado nacional. <\/span><\/p>\n<p><a href=\"http:\/\/fundacionciudadanosdelmundo.blogspot.com.ar\/2013\/10\/campana-de-difusion-e-intercambio-en-la.html\">http:\/\/fundacionciudadanosdelmundo.blogspot.com.ar\/2013\/10\/campana-de-difusion-e-intercambio-en-la.html<\/a>[\/vc_column_text]<div class=\"gallery-style-2\">\n\t\t<style>\n\t\t\t#gallery-2 {\n\t\t\t\tmargin: auto;\n\t\t\t}\n\t\t\t#gallery-2 .gallery-item {\n\t\t\t\tfloat: left;\n\t\t\t\tmargin-top: 10px;\n\t\t\t\ttext-align: center;\n\t\t\t\twidth: 25%;\n\t\t\t}\n\t\t\t#gallery-2 img {\n\t\t\t\tborder: 2px solid #cfcfcf;\n\t\t\t}\n\t\t\t#gallery-2 .gallery-caption {\n\t\t\t\tmargin-left: 0;\n\t\t\t}\n\t\t\t\/* see gallery_shortcode() in wp-includes\/media.php *\/\n\t\t<\/style>\n\t\t<div id='gallery-2' class='gallery galleryid-13464 gallery-columns-4 gallery-size-thumbnail'><dl class='gallery-item'>\n\t\t\t<dt class='gallery-icon landscape'>\n\t\t\t\t<img loading=\"lazy\" decoding=\"async\" width=\"150\" height=\"150\" src=\"https:\/\/ciudadanosdelmundo.org\/wp-content\/uploads\/2017\/12\/foto-109-150x150.jpg\" class=\"attachment-thumbnail size-thumbnail\" alt=\"\" srcset=\"https:\/\/ciudadanosdelmundo.org\/wp-content\/uploads\/2017\/12\/foto-109-150x150.jpg 150w, https:\/\/ciudadanosdelmundo.org\/wp-content\/uploads\/2017\/12\/foto-109-80x80.jpg 80w, https:\/\/ciudadanosdelmundo.org\/wp-content\/uploads\/2017\/12\/foto-109-500x500.jpg 500w\" sizes=\"auto, (max-width: 150px) 100vw, 150px\" \/>\n\t\t\t<\/dt><\/dl><dl class='gallery-item'>\n\t\t\t<dt class='gallery-icon landscape'>\n\t\t\t\t<img loading=\"lazy\" decoding=\"async\" width=\"150\" height=\"150\" src=\"https:\/\/ciudadanosdelmundo.org\/wp-content\/uploads\/2017\/12\/foto-110-150x150.jpg\" class=\"attachment-thumbnail size-thumbnail\" alt=\"\" srcset=\"https:\/\/ciudadanosdelmundo.org\/wp-content\/uploads\/2017\/12\/foto-110-150x150.jpg 150w, https:\/\/ciudadanosdelmundo.org\/wp-content\/uploads\/2017\/12\/foto-110-80x80.jpg 80w, https:\/\/ciudadanosdelmundo.org\/wp-content\/uploads\/2017\/12\/foto-110-500x500.jpg 500w\" sizes=\"auto, (max-width: 150px) 100vw, 150px\" \/>\n\t\t\t<\/dt><\/dl><dl class='gallery-item'>\n\t\t\t<dt class='gallery-icon landscape'>\n\t\t\t\t<img loading=\"lazy\" decoding=\"async\" width=\"150\" height=\"150\" src=\"https:\/\/ciudadanosdelmundo.org\/wp-content\/uploads\/2017\/12\/foto-111-150x150.jpg\" class=\"attachment-thumbnail size-thumbnail\" alt=\"\" srcset=\"https:\/\/ciudadanosdelmundo.org\/wp-content\/uploads\/2017\/12\/foto-111-150x150.jpg 150w, https:\/\/ciudadanosdelmundo.org\/wp-content\/uploads\/2017\/12\/foto-111-80x80.jpg 80w, https:\/\/ciudadanosdelmundo.org\/wp-content\/uploads\/2017\/12\/foto-111-500x500.jpg 500w\" sizes=\"auto, (max-width: 150px) 100vw, 150px\" \/>\n\t\t\t<\/dt><\/dl><dl class='gallery-item'>\n\t\t\t<dt class='gallery-icon landscape'>\n\t\t\t\t<img loading=\"lazy\" decoding=\"async\" width=\"150\" height=\"150\" src=\"https:\/\/ciudadanosdelmundo.org\/wp-content\/uploads\/2017\/12\/foto-112-150x150.jpg\" class=\"attachment-thumbnail size-thumbnail\" alt=\"\" srcset=\"https:\/\/ciudadanosdelmundo.org\/wp-content\/uploads\/2017\/12\/foto-112-150x150.jpg 150w, https:\/\/ciudadanosdelmundo.org\/wp-content\/uploads\/2017\/12\/foto-112-80x80.jpg 80w, https:\/\/ciudadanosdelmundo.org\/wp-content\/uploads\/2017\/12\/foto-112-500x500.jpg 500w\" sizes=\"auto, (max-width: 150px) 100vw, 150px\" \/>\n\t\t\t<\/dt><\/dl><br style=\"clear: both\" \/><dl class='gallery-item'>\n\t\t\t<dt class='gallery-icon landscape'>\n\t\t\t\t<img loading=\"lazy\" decoding=\"async\" width=\"150\" height=\"150\" src=\"https:\/\/ciudadanosdelmundo.org\/wp-content\/uploads\/2017\/12\/foto-113-150x150.jpg\" class=\"attachment-thumbnail size-thumbnail\" alt=\"\" srcset=\"https:\/\/ciudadanosdelmundo.org\/wp-content\/uploads\/2017\/12\/foto-113-150x150.jpg 150w, https:\/\/ciudadanosdelmundo.org\/wp-content\/uploads\/2017\/12\/foto-113-80x80.jpg 80w, https:\/\/ciudadanosdelmundo.org\/wp-content\/uploads\/2017\/12\/foto-113-500x500.jpg 500w\" sizes=\"auto, (max-width: 150px) 100vw, 150px\" \/>\n\t\t\t<\/dt><\/dl><dl class='gallery-item'>\n\t\t\t<dt class='gallery-icon landscape'>\n\t\t\t\t<img loading=\"lazy\" decoding=\"async\" width=\"150\" height=\"150\" src=\"https:\/\/ciudadanosdelmundo.org\/wp-content\/uploads\/2017\/12\/foto-114-150x150.jpg\" class=\"attachment-thumbnail size-thumbnail\" alt=\"\" srcset=\"https:\/\/ciudadanosdelmundo.org\/wp-content\/uploads\/2017\/12\/foto-114-150x150.jpg 150w, https:\/\/ciudadanosdelmundo.org\/wp-content\/uploads\/2017\/12\/foto-114-80x80.jpg 80w, https:\/\/ciudadanosdelmundo.org\/wp-content\/uploads\/2017\/12\/foto-114-500x500.jpg 500w\" sizes=\"auto, (max-width: 150px) 100vw, 150px\" \/>\n\t\t\t<\/dt><\/dl><dl class='gallery-item'>\n\t\t\t<dt class='gallery-icon landscape'>\n\t\t\t\t<img loading=\"lazy\" decoding=\"async\" width=\"150\" height=\"150\" src=\"https:\/\/ciudadanosdelmundo.org\/wp-content\/uploads\/2017\/12\/foto-115-150x150.jpg\" class=\"attachment-thumbnail size-thumbnail\" alt=\"\" srcset=\"https:\/\/ciudadanosdelmundo.org\/wp-content\/uploads\/2017\/12\/foto-115-150x150.jpg 150w, https:\/\/ciudadanosdelmundo.org\/wp-content\/uploads\/2017\/12\/foto-115-80x80.jpg 80w, https:\/\/ciudadanosdelmundo.org\/wp-content\/uploads\/2017\/12\/foto-115-500x500.jpg 500w\" sizes=\"auto, (max-width: 150px) 100vw, 150px\" \/>\n\t\t\t<\/dt><\/dl>\n\t\t\t<br style='clear: both' \/>\n\t\t<\/div>\n<\/div>[\/vc_column][\/vc_row][\/vc_section][vc_section][vc_row top_padding=\u00bb40&#8243; bottom_padding=\u00bb40&#8243;][vc_column width=\u00bb1\/1&#8243;]<h3 class=\"headline font-inherit fontsize-xl fontweight-600 lh-12 align-center transform-inherit \" style=\"margin: 0 0 20px 0;\">Ayuda a inundados<\/h3><div class=\"newdivider align-center\" style=\"border-bottom-style: solid; border-color: #00aeef; border-bottom-width: 3px; margin-top: 0; margin-bottom: 30px; width: 120px; \"><\/div><div class=\"clear\"><\/div><h4 class=\"headline font-inherit fontsize-s fontweight-300 lh-inherit align-center transform-inherit \" style=\"margin: 0 0 20px 0;\">A\u00f1o 2013<\/h4>[vc_column_text]<\/p>\n<p class=\"p1\"><span class=\"s1\">Ante los desastres clim\u00e1ticos que afectaron a todos, nuestros hermanos inmigrantes se autoconvocaron en la Fundaci\u00f3n trayendo ropa y alimentos no perecederos para ayudar a las v\u00edctimas de las inundaciones. Hemos juntado varias bolsas de ropa y varios kilos de alimentos. Dichas donaciones fueron entregadas para su distribuci\u00f3n en las zonas m\u00e1s afectadas. <\/span><\/p>\n<p>[\/vc_column_text]<div class=\"flexslider wpb_content_element\"><ul class=\"slides\"><li><img decoding=\"async\" src=\"https:\/\/ciudadanosdelmundo.org\/wp-content\/uploads\/2017\/12\/foto-59.jpg\" alt=\"\" \/><\/li><li><img decoding=\"async\" src=\"https:\/\/ciudadanosdelmundo.org\/wp-content\/uploads\/2017\/12\/foto-58.jpg\" alt=\"\" \/><\/li><li><img decoding=\"async\" src=\"https:\/\/ciudadanosdelmundo.org\/wp-content\/uploads\/2017\/12\/foto-57-1.jpg\" alt=\"\" \/><\/li><\/ul><\/div><h3 class=\"headline font-inherit fontsize-xl fontweight-600 lh-12 align-center transform-inherit \" style=\"margin: 0 0 20px 0;\">Reuni\u00f3n en Casa Rosada<\/h3><div class=\"newdivider align-center\" style=\"border-bottom-style: solid; border-color: #00aeef; border-bottom-width: 3px; margin-top: 0; margin-bottom: 30px; width: 120px; \"><\/div><div class=\"clear\"><\/div>[vc_column_text]<\/p>\n<p class=\"p1\"><span class=\"s1\">Nos reunimos en Casa Rosada con funcionarios de la Jefatura de Gabinete de Ministros de la Naci\u00f3n y la Secretar\u00eda General de la Presidencia, a fin de evaluar conjuntamente posibilidades de articulaci\u00f3n entre el Estado Nacional y la Fundaci\u00f3n Ciudadanos del Mundo en favor de los derechos de los migrantes y refugiados.<\/span><\/p>\n<p>[\/vc_column_text]<div class=\"single_image wpb_content_element align-left    \" data-animation=\"none\" data-delay=\"0\"><img loading=\"lazy\" decoding=\"async\" width=\"2048\" height=\"1228\" src=\"https:\/\/ciudadanosdelmundo.org\/wp-content\/uploads\/2017\/12\/foto-150.jpg\" class=\"attachment-full\" alt=\"\" srcset=\"https:\/\/ciudadanosdelmundo.org\/wp-content\/uploads\/2017\/12\/foto-150.jpg 2048w, https:\/\/ciudadanosdelmundo.org\/wp-content\/uploads\/2017\/12\/foto-150-300x180.jpg 300w, https:\/\/ciudadanosdelmundo.org\/wp-content\/uploads\/2017\/12\/foto-150-768x461.jpg 768w, https:\/\/ciudadanosdelmundo.org\/wp-content\/uploads\/2017\/12\/foto-150-1024x614.jpg 1024w\" sizes=\"auto, (max-width: 2048px) 100vw, 2048px\" \/><\/div><h3 class=\"headline font-inherit fontsize-xl fontweight-600 lh-12 align-center transform-inherit \" style=\"margin: 0 0 20px 0;\">Guardapolvos para los ni\u00f1os de Villa Zavaleta<\/h3><div class=\"newdivider align-center\" style=\"border-bottom-style: solid; border-color: #00aeef; border-bottom-width: 3px; margin-top: 0; margin-bottom: 30px; width: 120px; \"><\/div><div class=\"clear\"><\/div>[vc_column_text]<\/p>\n<p class=\"p1\"><span class=\"s1\">Durante el a\u00f1o 2016 nos acercamos cada semana al barrio de Zavaleta, donde nos encontramos con miembros de la comunidad que solicitan desde art\u00edculos de primera necesidad hasta asesoramiento en tr\u00e1mites migratorios. <\/span><\/p>\n<p class=\"p1\"><span class=\"s1\">En el mes de marzo realizamos la entrega de guardapolvos a chicas y chicos que concurren a la escuela primaria. Agradecemos a la Subsecretaria de Promoci\u00f3n Social, Itat\u00ed Canido, por su colaboraci\u00f3n para que pudi\u00e9ramos llevar adelante esta tarea.<\/span><\/p>\n<p>[\/vc_column_text]<div class=\"flexslider wpb_content_element\"><ul class=\"slides\"><li><img decoding=\"async\" src=\"https:\/\/ciudadanosdelmundo.org\/wp-content\/uploads\/2017\/12\/foto-62.jpg\" alt=\"\" \/><\/li><li><img decoding=\"async\" src=\"https:\/\/ciudadanosdelmundo.org\/wp-content\/uploads\/2017\/12\/foto-63.jpg\" alt=\"\" \/><\/li><li><img decoding=\"async\" src=\"https:\/\/ciudadanosdelmundo.org\/wp-content\/uploads\/2017\/12\/foto-64.jpg\" alt=\"\" \/><\/li><li><img decoding=\"async\" src=\"https:\/\/ciudadanosdelmundo.org\/wp-content\/uploads\/2017\/12\/foto-65.jpg\" alt=\"\" \/><\/li><li><img decoding=\"async\" src=\"https:\/\/ciudadanosdelmundo.org\/wp-content\/uploads\/2017\/12\/foto-66.jpg\" alt=\"\" \/><\/li><li><img decoding=\"async\" src=\"https:\/\/ciudadanosdelmundo.org\/wp-content\/uploads\/2017\/12\/foto-68.jpg\" alt=\"\" \/><\/li><li><img decoding=\"async\" src=\"https:\/\/ciudadanosdelmundo.org\/wp-content\/uploads\/2017\/12\/foto-72.jpg\" alt=\"\" \/><\/li><li><img decoding=\"async\" src=\"https:\/\/ciudadanosdelmundo.org\/wp-content\/uploads\/2017\/12\/foto-73.jpg\" alt=\"\" \/><\/li><li><img decoding=\"async\" src=\"https:\/\/ciudadanosdelmundo.org\/wp-content\/uploads\/2017\/12\/foto-60-1.jpg\" alt=\"\" \/><\/li><li><img decoding=\"async\" src=\"https:\/\/ciudadanosdelmundo.org\/wp-content\/uploads\/2017\/12\/foto-61.jpg\" alt=\"\" \/><\/li><\/ul><\/div><h3 class=\"headline font-inherit fontsize-xl fontweight-600 lh-12 align-center transform-inherit \" style=\"margin: 0 0 20px 0;\">Programa Siria<\/h3><div class=\"newdivider align-center\" style=\"border-bottom-style: solid; border-color: #00aeef; border-bottom-width: 3px; margin-top: 0; margin-bottom: 30px; width: 120px; \"><\/div><div class=\"clear\"><\/div>[vc_column_text]<\/p>\n<p class=\"p1\"><span class=\"s1\">Nos reunimos en Casa Rosada con funcionarios de la Jefatura de Gabinete de Ministros de la Naci\u00f3n y la Secretar\u00eda General de la Presidencia, a fin de evaluar conjuntamente posibilidades de articulaci\u00f3n entre el Estado Nacional y la Fundaci\u00f3n Ciudadanos del Mundo en favor de los derechos de los migrantes y refugiados.<\/span><\/p>\n<p>[\/vc_column_text]<div class=\"single_image wpb_content_element align-left    \" data-animation=\"none\" data-delay=\"0\"><img loading=\"lazy\" decoding=\"async\" width=\"1280\" height=\"768\" src=\"https:\/\/ciudadanosdelmundo.org\/wp-content\/uploads\/2017\/12\/foto-108.jpg\" class=\"attachment-full\" alt=\"\" srcset=\"https:\/\/ciudadanosdelmundo.org\/wp-content\/uploads\/2017\/12\/foto-108.jpg 1280w, https:\/\/ciudadanosdelmundo.org\/wp-content\/uploads\/2017\/12\/foto-108-300x180.jpg 300w, https:\/\/ciudadanosdelmundo.org\/wp-content\/uploads\/2017\/12\/foto-108-768x461.jpg 768w, https:\/\/ciudadanosdelmundo.org\/wp-content\/uploads\/2017\/12\/foto-108-1024x614.jpg 1024w\" sizes=\"auto, (max-width: 1280px) 100vw, 1280px\" \/><\/div><h3 class=\"headline font-inherit fontsize-xl fontweight-600 lh-12 align-center transform-inherit \" style=\"margin: 0 0 20px 0;\">Reuni\u00f3n con autoridades: Claudia Vernazza<\/h3><div class=\"newdivider align-center\" style=\"border-bottom-style: solid; border-color: #00aeef; border-bottom-width: 3px; margin-top: 0; margin-bottom: 30px; width: 120px; \"><\/div><div class=\"clear\"><\/div>[vc_column_text]<\/p>\n<p class=\"p1\"><span class=\"s1\">En julio de 2016 la Fundaci\u00f3n se reuni\u00f3 con la Ing. Claudia Bernazza, Secretaria de Desarrollo Social de la Municipalidad de La Matanza, con el objetivo de coordinar el trabajo conjunto entre la Fundaci\u00f3n Ciudadanos del Mundo y el Municipio en distintas \u00e1reas de intervenci\u00f3n social.<\/span><\/p>\n<p class=\"p1\"><span class=\"s1\">Busc\u00e1bamos avanzar en la implementaci\u00f3n del Plan Nacional de Primera Infancia en La Matanza, a trav\u00e9s de la creaci\u00f3n y el fortalecimiento de Centros de Primera Infancia para las ni\u00f1as y los ni\u00f1os m\u00e1s vulnerables del municipio.<\/span><\/p>\n<p>[\/vc_column_text]<div class=\"single_image wpb_content_element align-left    \" data-animation=\"none\" data-delay=\"0\"><img loading=\"lazy\" decoding=\"async\" width=\"2048\" height=\"1228\" src=\"https:\/\/ciudadanosdelmundo.org\/wp-content\/uploads\/2017\/12\/foto-116.jpg\" class=\"attachment-full\" alt=\"\" srcset=\"https:\/\/ciudadanosdelmundo.org\/wp-content\/uploads\/2017\/12\/foto-116.jpg 2048w, https:\/\/ciudadanosdelmundo.org\/wp-content\/uploads\/2017\/12\/foto-116-300x180.jpg 300w, https:\/\/ciudadanosdelmundo.org\/wp-content\/uploads\/2017\/12\/foto-116-768x461.jpg 768w, https:\/\/ciudadanosdelmundo.org\/wp-content\/uploads\/2017\/12\/foto-116-1024x614.jpg 1024w\" sizes=\"auto, (max-width: 2048px) 100vw, 2048px\" \/><\/div><h3 class=\"headline font-inherit fontsize-xl fontweight-600 lh-12 align-center transform-inherit \" style=\"margin: 0 0 20px 0;\">Reuni\u00f3n con autoridades: Cecilia Stanley<\/h3><div class=\"newdivider align-center\" style=\"border-bottom-style: solid; border-color: #00aeef; border-bottom-width: 3px; margin-top: 0; margin-bottom: 30px; width: 120px; \"><\/div><div class=\"clear\"><\/div>[vc_column_text]<\/p>\n<p class=\"p1\"><span class=\"s1\">Nos reunimos con la Jefa de Gabinete del Ministerio de Desarrollo Social de la Naci\u00f3n, la Lic. Cecilia Stanley. Conversamos sobre las alternativas para continuar y extender nuestro trabajo con el Ministerio, en favor de la inclusi\u00f3n social.<\/span><\/p>\n<p>[\/vc_column_text]<div class=\"single_image wpb_content_element align-center    \" data-animation=\"none\" data-delay=\"0\"><\/div>[\/vc_column][\/vc_row][\/vc_section][vc_section full_width=\u00bbstretch_row\u00bb css=\u00bb.vc_custom_1514561527656{background-color: #f7f7f7 !important;}\u00bb][vc_row top_padding=\u00bb40&#8243; bottom_padding=\u00bb40&#8243;][vc_column width=\u00bb1\/2&#8243;]<h3 class=\"headline font-inherit fontsize-xl fontweight-600 lh-12 align-left transform-inherit \" style=\"margin: 0 0 20px 0;\">Reuni\u00f3n con autoridades: Luis Cicogna<\/h3><div class=\"newdivider align-left\" style=\"border-bottom-style: solid; border-color: #00aeef; border-bottom-width: 3px; margin-top: 0; margin-bottom: 30px; width: 120px; \"><\/div><div class=\"clear\"><\/div>[vc_column_text]<\/p>\n<p class=\"p1\"><span class=\"s1\">El Diputado Luis Cigogna siempre brind\u00f3 su apoyo a la Fundaci\u00f3n, gracias al cual fue posible continuar profundizando nuestro trabajo en favor de los derechos de los migrantes en el Partido de La Matanza.<\/span><\/p>\n<p><a href=\"http:\/\/fundacionciudadanosdelmundo.blogspot.com.ar\/2013\/11\/junto-al-diputado-luis-cigogna-para.html\">http:\/\/fundacionciudadanosdelmundo.blogspot.com.ar\/2013\/11\/junto-al-diputado-luis-cigogna-para.html<\/a>[\/vc_column_text][\/vc_column][vc_column width=\u00bb1\/2&#8243;]<div class=\"gallery-style-2\">\n\t\t<style>\n\t\t\t#gallery-3 {\n\t\t\t\tmargin: auto;\n\t\t\t}\n\t\t\t#gallery-3 .gallery-item {\n\t\t\t\tfloat: left;\n\t\t\t\tmargin-top: 10px;\n\t\t\t\ttext-align: center;\n\t\t\t\twidth: 50%;\n\t\t\t}\n\t\t\t#gallery-3 img {\n\t\t\t\tborder: 2px solid #cfcfcf;\n\t\t\t}\n\t\t\t#gallery-3 .gallery-caption {\n\t\t\t\tmargin-left: 0;\n\t\t\t}\n\t\t\t\/* see gallery_shortcode() in wp-includes\/media.php *\/\n\t\t<\/style>\n\t\t<div id='gallery-3' class='gallery galleryid-13464 gallery-columns-2 gallery-size-thumbnail'><dl class='gallery-item'>\n\t\t\t<dt class='gallery-icon landscape'>\n\t\t\t\t<img loading=\"lazy\" decoding=\"async\" width=\"150\" height=\"150\" src=\"https:\/\/ciudadanosdelmundo.org\/wp-content\/uploads\/2017\/12\/foto-118-150x150.jpg\" class=\"attachment-thumbnail size-thumbnail\" alt=\"\" srcset=\"https:\/\/ciudadanosdelmundo.org\/wp-content\/uploads\/2017\/12\/foto-118-150x150.jpg 150w, https:\/\/ciudadanosdelmundo.org\/wp-content\/uploads\/2017\/12\/foto-118-80x80.jpg 80w, https:\/\/ciudadanosdelmundo.org\/wp-content\/uploads\/2017\/12\/foto-118-500x500.jpg 500w, https:\/\/ciudadanosdelmundo.org\/wp-content\/uploads\/2017\/12\/foto-118-1000x1000.jpg 1000w\" sizes=\"auto, (max-width: 150px) 100vw, 150px\" \/>\n\t\t\t<\/dt><\/dl><dl class='gallery-item'>\n\t\t\t<dt class='gallery-icon portrait'>\n\t\t\t\t<img loading=\"lazy\" decoding=\"async\" width=\"150\" height=\"150\" src=\"https:\/\/ciudadanosdelmundo.org\/wp-content\/uploads\/2017\/12\/foto-119-150x150.jpg\" class=\"attachment-thumbnail size-thumbnail\" alt=\"\" srcset=\"https:\/\/ciudadanosdelmundo.org\/wp-content\/uploads\/2017\/12\/foto-119-150x150.jpg 150w, https:\/\/ciudadanosdelmundo.org\/wp-content\/uploads\/2017\/12\/foto-119-80x80.jpg 80w, https:\/\/ciudadanosdelmundo.org\/wp-content\/uploads\/2017\/12\/foto-119-500x500.jpg 500w\" sizes=\"auto, (max-width: 150px) 100vw, 150px\" \/>\n\t\t\t<\/dt><\/dl><br style=\"clear: both\" \/>\n\t\t<\/div>\n<\/div>[\/vc_column][\/vc_row][\/vc_section][vc_section][vc_row top_padding=\u00bb40&#8243; bottom_padding=\u00bb40&#8243;][vc_column width=\u00bb1\/2&#8243;]<div class=\"imagebox wpb_content_element style-1\"><div class=\"imagebox-img\"><img decoding=\"async\" src=\"https:\/\/ciudadanosdelmundo.org\/wp-content\/uploads\/2017\/12\/foto-144.jpg\" alt=\"\" \/><\/div>\n<h3 style=\"text-align: center;\">Reuni\u00f3n con el presidente de ACNUR.<\/h3>\n<p style=\"text-align: center;\">A\u00f1o 2009<\/p>\n<p style=\"text-align: center;\"><a href=\"http:\/\/fundacionciudadanosdelmundo.blogspot.com.ar\/2009\/11\/la-fundacion-fue-recibido-por-el.html\">http:\/\/fundacionciudadanosdelmundo.blogspot.com.ar\/2009\/11\/la-fundacion-fue-recibido-por-el.html<\/a><\/p>\n<\/div>[\/vc_column][vc_column width=\u00bb1\/2&#8243;]<div class=\"imagebox wpb_content_element style-1\"><div class=\"imagebox-img\"><img decoding=\"async\" src=\"https:\/\/ciudadanosdelmundo.org\/wp-content\/uploads\/2017\/12\/foto-120.jpg\" alt=\"\" \/><\/div>\n<h3 style=\"text-align: center;\"><span class=\"s2\">Charla sobre Derechos Humanos en la Fundaci\u00f3n Fundamind. <\/span><\/h3>\n<p style=\"text-align: center;\"><span class=\"s2\">A\u00f1o 2010.<\/span><\/p>\n<p class=\"p2\" style=\"text-align: center;\"><span class=\"s3\">La Fundaci\u00f3n dict\u00f3 un taller sobre Derechos Humanos, en FUNDAMIND Fundaci\u00f3n Asistencial Materno &#8211; Infantil de Ayuda a Ni\u00f1os Carenciados y Discapacitados.\u00a0<\/span><\/p>\n<p class=\"p3\" style=\"text-align: center;\"><span class=\"s4\"><a href=\"http:\/\/fundacionciudadanosdelmundo.blogspot.com.ar\/2010\/07\/la-fundacion-ciudadanos-del-mundo-dicto.html\"><i>http:\/\/fundacionciudadanosdelmundo.blogspot.com.ar\/2010\/07\/la-fundacion-ciudadanos-del-mundo-dicto.html<\/i><\/a><\/span><\/p>\n<\/div>[\/vc_column][\/vc_row][vc_row top_padding=\u00bb40&#8243; bottom_padding=\u00bb40&#8243;][vc_column width=\u00bb1\/2&#8243;]<h3 class=\"headline font-inherit fontsize-xl fontweight-600 lh-12 align-left transform-inherit \" style=\"margin: 0 0 20px 0;\">Intervenci\u00f3n de la Fundaci\u00f3n ante un homicidio de una ciudadana dominicana<\/h3><div class=\"newdivider align-left\" style=\"border-bottom-style: solid; border-color: #00aeef; border-bottom-width: 3px; margin-top: 0; margin-bottom: 30px; width: 120px; \"><\/div><div class=\"clear\"><\/div>[vc_column_text]<\/p>\n<p class=\"p1\"><span class=\"s1\">En octubre de 2010 la Fundaci\u00f3n intervino en el caso de la ciudadana dominicana Mairelis Estrella Mora, asesinada a golpes y quemada en Olavarr\u00eda. En ese momento, acompa\u00f1amos a familiares y amigos que ten\u00edan un reclamo claro hacia las autoridades, que apareciera el culpable y este delito no quedara impune.\u00a0<\/span><\/p>\n<p class=\"p1\"><span class=\"s2\">En 2013, <\/span><span class=\"s1\">m\u00e1s de tres a\u00f1os despu\u00e9s, el asesino fue identificado a trav\u00e9s de su ADN. <\/span><\/p>\n<p class=\"p2\"><span class=\"s2\">El art\u00edculo del Diario Cr\u00f3nica dio cuenta del hecho y del reclamo al que acompa\u00f1amos.<\/span><\/p>\n<p>[\/vc_column_text][\/vc_column][vc_column width=\u00bb1\/2&#8243;]<div class=\"single_image wpb_content_element align-left    \" data-animation=\"none\" data-delay=\"0\"><img loading=\"lazy\" decoding=\"async\" width=\"666\" height=\"720\" src=\"https:\/\/ciudadanosdelmundo.org\/wp-content\/uploads\/2017\/12\/foto-179.jpg\" class=\"attachment-full\" alt=\"\" srcset=\"https:\/\/ciudadanosdelmundo.org\/wp-content\/uploads\/2017\/12\/foto-179.jpg 666w, https:\/\/ciudadanosdelmundo.org\/wp-content\/uploads\/2017\/12\/foto-179-278x300.jpg 278w\" sizes=\"auto, (max-width: 666px) 100vw, 666px\" \/><\/div>[\/vc_column][\/vc_row][\/vc_section]<\/p>\n","protected":false},"excerpt":{"rendered":"<p>[vc_section full_width=\u00bbstretch_row\u00bb css=\u00bb.vc_custom_1514558658286{margin-top: -60px !important;margin-bottom: -75px !important;background-color: #4c4c4c !important;}\u00bb][vc_row text_color=\u00bblight\u00bb top_padding=\u00bb40&#8243; bottom_padding=\u00bb40&#8243;][vc_column text_color=\u00bblight\u00bb width=\u00bb1\/1&#8243;][vc_column_text] Desde sus inicios en el a\u00f1o 2008 la Fundaci\u00f3n realiz\u00f3 una enorme cantidad de actividades en favor de los migrantes. Aqu\u00ed se detallan algunas pocas, solo para ofrecer un pantallazo gr\u00e1fico de lo que hemos hecho: [\/vc_column_text][\/vc_column][\/vc_row][\/vc_section][vc_section full_width=\u00bbstretch_row_content\u00bb content_placement=\u00bbmiddle\u00bb][vc_row top_padding=\u00bb40&#8243; bottom_padding=\u00bb40&#8243; full_height=\u00bbtrue\u00bb][vc_column bg_color=\u00bb#009bd3&#8243; column_padding=\u00bbpadding-5&#8243; column_center=\u00bbtrue\u00bb text_color=\u00bblight\u00bb width=\u00bb1\/2&#8243;][vc_column_text] Conferencia \u201cEl voto del ciudadano extranjero: la integraci\u00f3n a trav\u00e9s de la participaci\u00f3n pol\u00edtica\u201d. Centro Cultural Paraguayo Silvio Mor\u00ednigo La Fundaci\u00f3n Ciudadanos del Mundo en conjunto con el Programa para la Promoci\u00f3n y el Fortalecimiento de los Derechos de los Inmigrantes, Refugiados y Ap\u00e1tridas del Ministerio de Justicia y Derechos Humanos de La Naci\u00f3n y la subsecretaria de Discapacidad La Matanza, inici\u00f3 un ciclo de conferencias sobre \u201cEl voto del ciudadano extranjero: la integraci\u00f3n a trav\u00e9s de la participaci\u00f3n pol\u00edtica\u201d. Dicho evento se llev\u00f3 a cabo en el Centro Cultural Paraguayo \u00abSilvio Mor\u00ednigo\u00bb sito\u00a0en la calle Labard\u00e9n 5396 entre Berna y Atenas, Villa Luzuriaga, La Matanza, Pcia. Bs. As. con una gran concurrencia de inmigrantes. [\/vc_column_text][\/vc_column][vc_column bg_image=\u00bb13491&#8243; column_padding=\u00bbpadding-9&#8243; column_center=\u00bbtrue\u00bb width=\u00bb1\/2&#8243;][\/vc_column][\/vc_row][\/vc_section][vc_section][vc_row top_padding=\u00bb40&#8243; bottom_padding=\u00bb40&#8243;][vc_column width=\u00bb1\/3&#8243;][vc_column_text]La integraci\u00f3n a trav\u00e9s de la participaci\u00f3n pol\u00edtica\u201d. Museo Roca, Vicente L\u00f3pez 2220, CABA http:\/\/fundacionciudadanosdelmundo.blogspot.com.ar\/2010\/04\/conferencia-sobre-la-inclusion-de-los.html [\/vc_column_text][\/vc_column][vc_column width=\u00bb1\/3&#8243;][vc_column_text]En [&hellip;]<\/p>\n","protected":false},"author":1,"featured_media":0,"parent":0,"menu_order":0,"comment_status":"closed","ping_status":"closed","template":"","meta":{"footnotes":""},"class_list":["post-13464","page","type-page","status-publish","hentry"],"_links":{"self":[{"href":"https:\/\/ciudadanosdelmundo.org\/index.php?rest_route=\/wp\/v2\/pages\/13464","targetHints":{"allow":["GET"]}}],"collection":[{"href":"https:\/\/ciudadanosdelmundo.org\/index.php?rest_route=\/wp\/v2\/pages"}],"about":[{"href":"https:\/\/ciudadanosdelmundo.org\/index.php?rest_route=\/wp\/v2\/types\/page"}],"author":[{"embeddable":true,"href":"https:\/\/ciudadanosdelmundo.org\/index.php?rest_route=\/wp\/v2\/users\/1"}],"replies":[{"embeddable":true,"href":"https:\/\/ciudadanosdelmundo.org\/index.php?rest_route=%2Fwp%2Fv2%2Fcomments&post=13464"}],"version-history":[{"count":51,"href":"https:\/\/ciudadanosdelmundo.org\/index.php?rest_route=\/wp\/v2\/pages\/13464\/revisions"}],"predecessor-version":[{"id":14183,"href":"https:\/\/ciudadanosdelmundo.org\/index.php?rest_route=\/wp\/v2\/pages\/13464\/revisions\/14183"}],"wp:attachment":[{"href":"https:\/\/ciudadanosdelmundo.org\/index.php?rest_route=%2Fwp%2Fv2%2Fmedia&parent=13464"}],"curies":[{"name":"wp","href":"https:\/\/api.w.org\/{rel}","templated":true}]}}