{"id":13436,"date":"2017-12-29T13:15:25","date_gmt":"2017-12-29T13:15:25","guid":{"rendered":"http:\/\/ciudadanosdelmundo.org\/sitio\/?page_id=13436"},"modified":"2017-12-29T16:11:37","modified_gmt":"2017-12-29T16:11:37","slug":"microcreditos","status":"publish","type":"page","link":"https:\/\/ciudadanosdelmundo.org\/?page_id=13436","title":{"rendered":"Microcr\u00e9ditos"},"content":{"rendered":"<p>[vc_section][vc_row top_padding=\u00bb40&#8243; bottom_padding=\u00bb40&#8243;][vc_column width=\u00bb1\/1&#8243;][vc_column_text]<\/p>\n<p class=\"p1\"><span class=\"s1\">El Proyecto de Microcr\u00e9ditos de la Fundaci\u00f3n Ciudadanos del Mundo<b> <\/b>se desarroll\u00f3 durante el a\u00f1o 2013 en los dos territorios de incidencia cotidiana de la organizaci\u00f3n, que fueron divididos en dos grandes zonas, la <\/span><span class=\"s2\">Zona Buenos Aires<\/span><span class=\"s1\"> y la <\/span><span class=\"s2\">Zona La Matanza<\/span><span class=\"s1\">. En funci\u00f3n de los usuarios m\u00e1s activos de la organizaci\u00f3n, se enfocaron las acciones en los migrantes dominicanos, senegaleses y poblaci\u00f3n afrodescendiente en general, pero no se excluy\u00f3 a migrantes de otras nacionalidades o ciudadanos argentinos que desarrollaban actividades econ\u00f3micas acordes con los criterios del programa en el territorio delimitado.<\/span><\/p>\n<p class=\"p1\"><span class=\"s1\">En la <\/span><span class=\"s2\">Zona Buenos Aires<\/span><span class=\"s1\"> (Constituci\u00f3n, Monserrat, Retiro, San Telmo y Balvanera) hab\u00eda mayormente inmigrantes senegaleses y dominicanos que constitu\u00edan entonces el n\u00facleo mayoritario de personas con las que la Fundaci\u00f3n ten\u00eda contacto. <\/span><\/p>\n<p class=\"p1\"><span class=\"s1\">Los inmigrantes senegaleses trabajan en el comercio callejero, por lo que la posibilidad de acceso a los microcr\u00e9ditos pudo promocionar y transparentar su actividad, dot\u00e1ndola de una din\u00e1mica netamente comercial. Esta transformaci\u00f3n trajo consecuencias positivas en su proceso de integraci\u00f3n a la sociedad argentina, al mismo tiempo que los alejaba de las caracter\u00edsticas inestables del comercio callejero, tan cercano<span class=\"Apple-converted-space\">\u00a0 <\/span>a la \u00absituaci\u00f3n de calle\u00bb y sus problem\u00e1ticas de riesgo.<\/span><\/p>\n<p class=\"p1\"><span class=\"s1\">En el caso de los dominicanos las opciones de acceso a microcr\u00e9ditos fueron m\u00e1s personalizadas, de acuerdo a los proyectos que cada uno de ellos pueda o decida emprender, siendo las actividades de peluquer\u00eda y comercio ambulante las m\u00e1s comunes.<\/span><\/p>\n<p>[\/vc_column_text][\/vc_column][\/vc_row][\/vc_section][vc_section full_width=\u00bbstretch_row\u00bb css=\u00bb.vc_custom_1514553380784{background-color: #f7f7f7 !important;}\u00bb][vc_row top_padding=\u00bb40&#8243; bottom_padding=\u00bb40&#8243;][vc_column width=\u00bb1\/2&#8243;][vc_column_text]<\/p>\n<p class=\"p1\"><span class=\"s1\">En s\u00edntesis, en la Zona Buenos Aires los microcr\u00e9ditos estuvieron destinados al desarrollo de actividades comerciales formales, con distinto impacto de acuerdo a cada comunidad pero con acento en la formalizaci\u00f3n de los mecanismos de trabajo.<\/span><\/p>\n<p class=\"p1\"><span class=\"s1\">Esto permiti\u00f3 una mejor y r\u00e1pida integraci\u00f3n de los miembros de estas comunidades en la vida nacional y les dio mejores herramientas para el acceso a derechos, a fin de evitar (o tener mejores mecanismos de defensa frente a) las circunstancias de discriminaci\u00f3n e ilegalidad, sobre todo en el caso de senegaleses y dominicanos.<\/span><\/p>\n<p class=\"p1\"><span class=\"s1\">En septiembre de 2015 entregamos microcr\u00e9ditos en el Barrio Zavaleta de la Ciudad Aut\u00f3noma de Buenos Aires, gracias a la ayuda de la agrupaci\u00f3n Kolina de la Comuna 4 y la confianza depositada por el Ministerio de Desarrollo Social de la Naci\u00f3n. Con estos nuevos emprendedores la Fundaci\u00f3n Ciudadanos del Mundo hizo entrega de Microcr\u00e9ditos a 83 microemprendedores.<\/span><\/p>\n<p class=\"p1\"><span class=\"s1\">En la <\/span><span class=\"s2\">Zona La Matanza<\/span><span class=\"s1\"> (Virrey del Pino, Laferrere, Villa Madero, Villa Luzuriaga, San Justo, La Tablada, Rafael Castillo, 20 de junio, Barrio Da Vinci), donde la Fundaci\u00f3n tiene un asentamiento territorial extenso a lo largo de distintos puntos de la Ruta 3, incluso con planes de expansi\u00f3n que se est\u00e1n concretando en el a\u00f1o 2017, la importancia del acceso a microcr\u00e9ditos tuvo que ver con la poblaci\u00f3n de destino y las caracter\u00edsticas socio-ambientales en que viv\u00edan.<\/span><\/p>\n<p class=\"p1\"><span class=\"s1\">Se trata de barrios muy pobres con carencias de infraestructura urbana y problemas de violencia interpersonal e intrafamiliar.<\/span><\/p>\n<p>[\/vc_column_text][\/vc_column][vc_column width=\u00bb1\/2&#8243;]<div class=\"flexslider wpb_content_element\"><ul class=\"slides\"><li><img decoding=\"async\" src=\"https:\/\/ciudadanosdelmundo.org\/wp-content\/uploads\/2017\/12\/foto-29.jpg\" alt=\"\" \/><\/li><li><img decoding=\"async\" src=\"https:\/\/ciudadanosdelmundo.org\/wp-content\/uploads\/2017\/12\/foto-28.jpg\" alt=\"\" \/><\/li><li><img decoding=\"async\" src=\"https:\/\/ciudadanosdelmundo.org\/wp-content\/uploads\/2017\/12\/foto-27.jpg\" alt=\"\" \/><\/li><li><img decoding=\"async\" src=\"https:\/\/ciudadanosdelmundo.org\/wp-content\/uploads\/2017\/12\/foto-26.jpg\" alt=\"\" \/><\/li><li><img decoding=\"async\" src=\"https:\/\/ciudadanosdelmundo.org\/wp-content\/uploads\/2017\/12\/foto-25.jpg\" alt=\"\" \/><\/li><li><img decoding=\"async\" src=\"https:\/\/ciudadanosdelmundo.org\/wp-content\/uploads\/2017\/12\/foto-24.jpg\" alt=\"\" \/><\/li><li><img decoding=\"async\" src=\"https:\/\/ciudadanosdelmundo.org\/wp-content\/uploads\/2017\/12\/foto-23.jpg\" alt=\"\" \/><\/li><li><img decoding=\"async\" src=\"https:\/\/ciudadanosdelmundo.org\/wp-content\/uploads\/2017\/12\/foto-21.jpg\" alt=\"\" \/><\/li><\/ul><\/div>[\/vc_column][\/vc_row][\/vc_section][vc_section full_width=\u00bbstretch_row\u00bb][vc_row top_padding=\u00bb40&#8243; bottom_padding=\u00bb40&#8243;][vc_column width=\u00bb1\/1&#8243;][vc_column_text]<\/p>\n<p class=\"p1\"><span class=\"s1\">Los emprendimientos que all\u00ed se apoyaron ten\u00edan que ver con econom\u00edas de subsistencia familiar, como panader\u00edas, pizzer\u00edas, kioscos, etc. Fueron un aporte m\u00e1s para la constituci\u00f3n de unidades socio-ambientales de mejor calidad urbana y humana. Paraguayos, bolivianos y peruanos, las comunidades m\u00e1s extendidas en las zonas de La Matanza donde la Fundaci\u00f3n realiz\u00f3 su trabajo, fueron apoyados mediante los<span class=\"Apple-converted-space\">\u00a0 <\/span>microcr\u00e9ditos en sus intentos por \u00absalir adelante\u00bb y al mismo tiempo pudieron convertirse en pioneros de sus comunidades.<\/span><\/p>\n<p>[\/vc_column_text]<div class=\"gallery-style-2\">\n\t\t<style>\n\t\t\t#gallery-1 {\n\t\t\t\tmargin: auto;\n\t\t\t}\n\t\t\t#gallery-1 .gallery-item {\n\t\t\t\tfloat: left;\n\t\t\t\tmargin-top: 10px;\n\t\t\t\ttext-align: center;\n\t\t\t\twidth: 25%;\n\t\t\t}\n\t\t\t#gallery-1 img {\n\t\t\t\tborder: 2px solid #cfcfcf;\n\t\t\t}\n\t\t\t#gallery-1 .gallery-caption {\n\t\t\t\tmargin-left: 0;\n\t\t\t}\n\t\t\t\/* see gallery_shortcode() in wp-includes\/media.php *\/\n\t\t<\/style>\n\t\t<div id='gallery-1' class='gallery galleryid-13436 gallery-columns-4 gallery-size-thumbnail'><dl class='gallery-item'>\n\t\t\t<dt class='gallery-icon portrait'>\n\t\t\t\t<img loading=\"lazy\" decoding=\"async\" width=\"150\" height=\"150\" src=\"https:\/\/ciudadanosdelmundo.org\/wp-content\/uploads\/2017\/12\/foto-44-150x150.jpg\" class=\"attachment-thumbnail size-thumbnail\" alt=\"\" srcset=\"https:\/\/ciudadanosdelmundo.org\/wp-content\/uploads\/2017\/12\/foto-44-150x150.jpg 150w, https:\/\/ciudadanosdelmundo.org\/wp-content\/uploads\/2017\/12\/foto-44-80x80.jpg 80w, https:\/\/ciudadanosdelmundo.org\/wp-content\/uploads\/2017\/12\/foto-44-500x500.jpg 500w\" sizes=\"auto, (max-width: 150px) 100vw, 150px\" \/>\n\t\t\t<\/dt><\/dl><dl class='gallery-item'>\n\t\t\t<dt class='gallery-icon landscape'>\n\t\t\t\t<img loading=\"lazy\" decoding=\"async\" width=\"150\" height=\"150\" src=\"https:\/\/ciudadanosdelmundo.org\/wp-content\/uploads\/2017\/12\/foto-45-150x150.jpg\" class=\"attachment-thumbnail size-thumbnail\" alt=\"\" srcset=\"https:\/\/ciudadanosdelmundo.org\/wp-content\/uploads\/2017\/12\/foto-45-150x150.jpg 150w, https:\/\/ciudadanosdelmundo.org\/wp-content\/uploads\/2017\/12\/foto-45-80x80.jpg 80w, https:\/\/ciudadanosdelmundo.org\/wp-content\/uploads\/2017\/12\/foto-45-500x500.jpg 500w\" sizes=\"auto, (max-width: 150px) 100vw, 150px\" \/>\n\t\t\t<\/dt><\/dl><dl class='gallery-item'>\n\t\t\t<dt class='gallery-icon landscape'>\n\t\t\t\t<img loading=\"lazy\" decoding=\"async\" width=\"150\" height=\"150\" src=\"https:\/\/ciudadanosdelmundo.org\/wp-content\/uploads\/2017\/12\/foto-46-150x150.jpg\" class=\"attachment-thumbnail size-thumbnail\" alt=\"\" srcset=\"https:\/\/ciudadanosdelmundo.org\/wp-content\/uploads\/2017\/12\/foto-46-150x150.jpg 150w, https:\/\/ciudadanosdelmundo.org\/wp-content\/uploads\/2017\/12\/foto-46-80x80.jpg 80w, https:\/\/ciudadanosdelmundo.org\/wp-content\/uploads\/2017\/12\/foto-46-500x500.jpg 500w\" sizes=\"auto, (max-width: 150px) 100vw, 150px\" \/>\n\t\t\t<\/dt><\/dl><dl class='gallery-item'>\n\t\t\t<dt class='gallery-icon landscape'>\n\t\t\t\t<img loading=\"lazy\" decoding=\"async\" width=\"150\" height=\"150\" src=\"https:\/\/ciudadanosdelmundo.org\/wp-content\/uploads\/2017\/12\/foto-47-150x150.jpg\" class=\"attachment-thumbnail size-thumbnail\" alt=\"\" srcset=\"https:\/\/ciudadanosdelmundo.org\/wp-content\/uploads\/2017\/12\/foto-47-150x150.jpg 150w, https:\/\/ciudadanosdelmundo.org\/wp-content\/uploads\/2017\/12\/foto-47-80x80.jpg 80w, https:\/\/ciudadanosdelmundo.org\/wp-content\/uploads\/2017\/12\/foto-47-500x500.jpg 500w\" sizes=\"auto, (max-width: 150px) 100vw, 150px\" \/>\n\t\t\t<\/dt><\/dl><br style=\"clear: both\" \/>\n\t\t<\/div>\n<\/div>[\/vc_column][\/vc_row][\/vc_section][vc_section full_width=\u00bbstretch_row\u00bb parallax=\u00bbcontent-moving\u00bb parallax_image=\u00bb13554&#8243; css=\u00bb.vc_custom_1514563902212{margin-bottom: -60px !important;background-color: #f7f7f7 !important;}\u00bb][vc_row top_padding=\u00bb40&#8243; bottom_padding=\u00bb40&#8243;][vc_column width=\u00bb1\/2&#8243;]<div class=\"minti_boxedholder   clearfix\" style=\"padding: 0px 0px 0px 0px; margin: 0px 0px 0px 0px; \"><div class=\"single_image wpb_content_element align-left    \" data-animation=\"none\" data-delay=\"0\"><img loading=\"lazy\" decoding=\"async\" width=\"639\" height=\"221\" src=\"https:\/\/ciudadanosdelmundo.org\/wp-content\/uploads\/2017\/12\/foto-178.jpg\" class=\"attachment-full\" alt=\"\" srcset=\"https:\/\/ciudadanosdelmundo.org\/wp-content\/uploads\/2017\/12\/foto-178.jpg 639w, https:\/\/ciudadanosdelmundo.org\/wp-content\/uploads\/2017\/12\/foto-178-300x104.jpg 300w\" sizes=\"auto, (max-width: 639px) 100vw, 639px\" \/><\/div><\/div>[\/vc_column][vc_column text_color=\u00bblight\u00bb width=\u00bb1\/2&#8243;]<div class=\"divider-title align-left\" >Participaci\u00f3n en Jornada de Capacitaci\u00f3n<\/div>[vc_column_text]<\/p>\n<p class=\"p1\"><span class=\"s2\" style=\"color: #ffffff;\">La Fundaci\u00f3n Ciudadanos del Mundo particip\u00f3 de una Jornada-debate sobre la profundizaci\u00f3n pol\u00edtica de la Econom\u00eda Social y Solidaria. Junto a referentes de otras organizaciones y funcionarios del Ministerio de Desarrollo Social de la Naci\u00f3n, integrantes de la fundaci\u00f3n debatieron sobre los desaf\u00edos que caracterizan a la Econom\u00eda Social y Solidaria.<\/span><\/p>\n<p class=\"p2\"><span class=\"s3\" style=\"color: #ffffff;\"><a href=\"http:\/\/www.microcredito.org.ar\/noticia-1957.html\">http:\/\/www.microcredito.org.ar\/noticia-1957.html<\/a><\/span><\/p>\n<p>[\/vc_column_text][\/vc_column][\/vc_row][\/vc_section]<\/p>\n","protected":false},"excerpt":{"rendered":"<p>[vc_section][vc_row top_padding=\u00bb40&#8243; bottom_padding=\u00bb40&#8243;][vc_column width=\u00bb1\/1&#8243;][vc_column_text] El Proyecto de Microcr\u00e9ditos de la Fundaci\u00f3n Ciudadanos del Mundo se desarroll\u00f3 durante el a\u00f1o 2013 en los dos territorios de incidencia cotidiana de la organizaci\u00f3n, que fueron divididos en dos grandes zonas, la Zona Buenos Aires y la Zona La Matanza. En funci\u00f3n de los usuarios m\u00e1s activos de la organizaci\u00f3n, se enfocaron las acciones en los migrantes dominicanos, senegaleses y poblaci\u00f3n afrodescendiente en general, pero no se excluy\u00f3 a migrantes de otras nacionalidades o ciudadanos argentinos que desarrollaban actividades econ\u00f3micas acordes con los criterios del programa en el territorio delimitado. En la Zona Buenos Aires (Constituci\u00f3n, Monserrat, Retiro, San Telmo y Balvanera) hab\u00eda mayormente inmigrantes senegaleses y dominicanos que constitu\u00edan entonces el n\u00facleo mayoritario de personas con las que la Fundaci\u00f3n ten\u00eda contacto. Los inmigrantes senegaleses trabajan en el comercio callejero, por lo que la posibilidad de acceso a los microcr\u00e9ditos pudo promocionar y transparentar su actividad, dot\u00e1ndola de una din\u00e1mica netamente comercial. Esta transformaci\u00f3n trajo consecuencias positivas en su proceso de integraci\u00f3n a la sociedad argentina, al mismo tiempo que los alejaba de las caracter\u00edsticas inestables del comercio callejero, tan cercano\u00a0 a la \u00absituaci\u00f3n de calle\u00bb y sus problem\u00e1ticas de riesgo. En el [&hellip;]<\/p>\n","protected":false},"author":1,"featured_media":0,"parent":0,"menu_order":0,"comment_status":"closed","ping_status":"closed","template":"","meta":{"footnotes":""},"class_list":["post-13436","page","type-page","status-publish","hentry"],"_links":{"self":[{"href":"https:\/\/ciudadanosdelmundo.org\/index.php?rest_route=\/wp\/v2\/pages\/13436","targetHints":{"allow":["GET"]}}],"collection":[{"href":"https:\/\/ciudadanosdelmundo.org\/index.php?rest_route=\/wp\/v2\/pages"}],"about":[{"href":"https:\/\/ciudadanosdelmundo.org\/index.php?rest_route=\/wp\/v2\/types\/page"}],"author":[{"embeddable":true,"href":"https:\/\/ciudadanosdelmundo.org\/index.php?rest_route=\/wp\/v2\/users\/1"}],"replies":[{"embeddable":true,"href":"https:\/\/ciudadanosdelmundo.org\/index.php?rest_route=%2Fwp%2Fv2%2Fcomments&post=13436"}],"version-history":[{"count":17,"href":"https:\/\/ciudadanosdelmundo.org\/index.php?rest_route=\/wp\/v2\/pages\/13436\/revisions"}],"predecessor-version":[{"id":13557,"href":"https:\/\/ciudadanosdelmundo.org\/index.php?rest_route=\/wp\/v2\/pages\/13436\/revisions\/13557"}],"wp:attachment":[{"href":"https:\/\/ciudadanosdelmundo.org\/index.php?rest_route=%2Fwp%2Fv2%2Fmedia&parent=13436"}],"curies":[{"name":"wp","href":"https:\/\/api.w.org\/{rel}","templated":true}]}}