{"id":13413,"date":"2017-12-29T02:48:10","date_gmt":"2017-12-29T02:48:10","guid":{"rendered":"http:\/\/ciudadanosdelmundo.org\/sitio\/?page_id=13413"},"modified":"2019-09-12T18:59:20","modified_gmt":"2019-09-12T18:59:20","slug":"libros","status":"publish","type":"page","link":"https:\/\/ciudadanosdelmundo.org\/?page_id=13413","title":{"rendered":"Libros"},"content":{"rendered":"<p>[vc_section][vc_row][vc_column width=\u00bb1\/1&#8243;][vc_column_text]<\/p>\n<p class=\"p1\" style=\"text-align: center;\"><span class=\"s1\">La Fundaci\u00f3n o sus miembros han auspiciado o participado en la publicaci\u00f3n de algunos libros sobre temas migratorios. <\/span><\/p>\n<p class=\"p1\" style=\"text-align: center;\"><span class=\"s1\">La Fundaci\u00f3n tiene la ambici\u00f3n de mantener una continuidad de publicaciones sobre las tem\u00e1ticas vinculadas a poblaciones vulnerables.<\/span><\/p>\n<p>[\/vc_column_text]<div class=\"divider-title align-center\" >Los t\u00edtulos hasta el momento son:<\/div>[vc_row_inner][vc_column_inner width=\u00bb1\/4&#8243;]<div class=\"imagebox wpb_content_element style-1\"><div class=\"imagebox-img\"><img decoding=\"async\" src=\"https:\/\/ciudadanosdelmundo.org\/wp-content\/uploads\/2017\/12\/sombras.png\" alt=\"\" \/><\/div>\n<p style=\"text-align: center;\"><strong><span class=\"s2\">Vivir en las sombras. <\/span><\/strong><\/p>\n<p style=\"text-align: center;\"><em><span class=\"s2\">Pedro Guadiana Garc\u00eda<\/span><\/em><\/p>\n<p style=\"text-align: center;\"><a href=\"http:\/\/ciudadanosdelmundo.org\/sitio\/wp-content\/uploads\/2017\/12\/guadiana-vivir-en-las-sombras.pdf\" target=\"_blank\" class=\"button color-1 medium \" style=\"border-radius: 2px;\">DESCARGAR<\/a>\n<\/div>[\/vc_column_inner][vc_column_inner width=\u00bb1\/4&#8243;]<div class=\"imagebox wpb_content_element style-1\"><div class=\"imagebox-img\"><img decoding=\"async\" src=\"https:\/\/ciudadanosdelmundo.org\/wp-content\/uploads\/2017\/12\/votoitaliano.png\" alt=\"\" \/><\/div>\n<p style=\"text-align: center;\"><strong><span class=\"s2\">El voto del ciudadano italiano en el exterior.<\/span><\/strong><\/p>\n<p style=\"text-align: center;\"><em><span class=\"s2\">Franco Fiumara.<\/span><\/em><\/p>\n<p style=\"text-align: center;\"><a href=\"http:\/\/ciudadanosdelmundo.org\/sitio\/wp-content\/uploads\/2017\/12\/fiumara-el-voto-del-ciudadano-italiano-en-el-exterior.pdf\" target=\"_blank\" class=\"button color-1 medium \" style=\"border-radius: 2px;\">DESCARGAR<\/a>\n<\/div>[\/vc_column_inner][vc_column_inner width=\u00bb1\/4&#8243;]<div class=\"imagebox wpb_content_element style-1\"><div class=\"imagebox-img\"><a href='https:\/\/www.cidob.org\/es\/publicaciones\/serie_de_publicacion\/monografias\/monografias\/diaspora_y_voto_en_el_exterior_la_participacion_politica_de_los_emigrantes_bolivianos_en_las_elecciones_de_su_pais_de_origen'><img decoding=\"async\" src=\"https:\/\/ciudadanosdelmundo.org\/wp-content\/uploads\/2017\/12\/diaspora.png\" alt=\"\" \/><\/a><\/div>\n<p style=\"text-align: center;\"><strong><span class=\"s2\">Di\u00e1spora y voto en el exterior.<\/span><\/strong><\/p>\n<p style=\"text-align: center;\"><em><span class=\"s2\">Jean-Michel Lafleur.<\/span><\/em><\/p>\n<p style=\"text-align: center;\"><a href=\"http:\/\/ciudadanosdelmundo.org\/sitio\/wp-content\/uploads\/2017\/12\/lafleur-diaspora-y-voto-en-el-exterior.pdf\" target=\"_blank\" class=\"button color-1 medium \" style=\"border-radius: 2px;\">DESCARGAR<\/a>\n<\/div>[\/vc_column_inner][vc_column_inner width=\u00bb1\/4&#8243;]<div class=\"imagebox wpb_content_element style-1\"><div class=\"imagebox-img\"><a href='http:\/\/editorial.iaen.edu.ec\/teachers\/una-teoria-politica-para-el-narcotrafico\/'><img decoding=\"async\" src=\"https:\/\/ciudadanosdelmundo.org\/wp-content\/uploads\/2017\/12\/teoria.png\" alt=\"\" \/><\/a><\/div>\n<p style=\"text-align: center;\"><strong><span class=\"s2\">Una teor\u00eda pol\u00edtica para el narcotr\u00e1fico<\/span><\/strong><strong><span class=\"s2\">. <\/span><\/strong><\/p>\n<p style=\"text-align: center;\"><em><span class=\"s2\">Norberto Emmerich<\/span><\/em><\/p>\n<p style=\"text-align: center;\"><a href=\"http:\/\/editorial.iaen.edu.ec\/teachers\/una-teoria-politica-para-el-narcotrafico\/\" target=\"_blank\" class=\"button color-1 medium \" style=\"border-radius: 2px;\">DESCARGAR<\/a>\n<\/div>[\/vc_column_inner][\/vc_row_inner][vc_row_inner][vc_column_inner width=\u00bb1\/4&#8243;][\/vc_column_inner][vc_column_inner width=\u00bb1\/4&#8243;][\/vc_column_inner][vc_column_inner width=\u00bb1\/4&#8243;][\/vc_column_inner][vc_column_inner width=\u00bb1\/4&#8243;][\/vc_column_inner][\/vc_row_inner][\/vc_column][\/vc_row][\/vc_section]<\/p>\n","protected":false},"excerpt":{"rendered":"<p>[vc_section][vc_row][vc_column width=\u00bb1\/1&#8243;][vc_column_text] La Fundaci\u00f3n o sus miembros han auspiciado o participado en la publicaci\u00f3n de algunos libros sobre temas migratorios. La Fundaci\u00f3n tiene la ambici\u00f3n de mantener una continuidad de publicaciones sobre las tem\u00e1ticas vinculadas a poblaciones vulnerables. [\/vc_column_text][vc_row_inner][vc_column_inner width=\u00bb1\/4&#8243;][\/vc_column_inner][vc_column_inner width=\u00bb1\/4&#8243;][\/vc_column_inner][vc_column_inner width=\u00bb1\/4&#8243;][\/vc_column_inner][vc_column_inner width=\u00bb1\/4&#8243;][\/vc_column_inner][\/vc_row_inner][vc_row_inner][vc_column_inner width=\u00bb1\/4&#8243;][\/vc_column_inner][vc_column_inner width=\u00bb1\/4&#8243;][\/vc_column_inner][vc_column_inner width=\u00bb1\/4&#8243;][\/vc_column_inner][vc_column_inner width=\u00bb1\/4&#8243;][\/vc_column_inner][\/vc_row_inner][\/vc_column][\/vc_row][\/vc_section]<\/p>\n","protected":false},"author":1,"featured_media":0,"parent":0,"menu_order":0,"comment_status":"closed","ping_status":"closed","template":"","meta":{"footnotes":""},"class_list":["post-13413","page","type-page","status-publish","hentry"],"_links":{"self":[{"href":"https:\/\/ciudadanosdelmundo.org\/index.php?rest_route=\/wp\/v2\/pages\/13413","targetHints":{"allow":["GET"]}}],"collection":[{"href":"https:\/\/ciudadanosdelmundo.org\/index.php?rest_route=\/wp\/v2\/pages"}],"about":[{"href":"https:\/\/ciudadanosdelmundo.org\/index.php?rest_route=\/wp\/v2\/types\/page"}],"author":[{"embeddable":true,"href":"https:\/\/ciudadanosdelmundo.org\/index.php?rest_route=\/wp\/v2\/users\/1"}],"replies":[{"embeddable":true,"href":"https:\/\/ciudadanosdelmundo.org\/index.php?rest_route=%2Fwp%2Fv2%2Fcomments&post=13413"}],"version-history":[{"count":14,"href":"https:\/\/ciudadanosdelmundo.org\/index.php?rest_route=\/wp\/v2\/pages\/13413\/revisions"}],"predecessor-version":[{"id":13899,"href":"https:\/\/ciudadanosdelmundo.org\/index.php?rest_route=\/wp\/v2\/pages\/13413\/revisions\/13899"}],"wp:attachment":[{"href":"https:\/\/ciudadanosdelmundo.org\/index.php?rest_route=%2Fwp%2Fv2%2Fmedia&parent=13413"}],"curies":[{"name":"wp","href":"https:\/\/api.w.org\/{rel}","templated":true}]}}