{"id":13391,"date":"2017-12-29T02:30:11","date_gmt":"2017-12-29T02:30:11","guid":{"rendered":"http:\/\/ciudadanosdelmundo.org\/sitio\/?page_id=13391"},"modified":"2017-12-29T02:45:53","modified_gmt":"2017-12-29T02:45:53","slug":"investigaciones","status":"publish","type":"page","link":"https:\/\/ciudadanosdelmundo.org\/?page_id=13391","title":{"rendered":"Investigaciones"},"content":{"rendered":"<p>[vc_section][vc_row top_padding=\u00bb40&#8243; bottom_padding=\u00bb40&#8243;][vc_column width=\u00bb1\/3&#8243;]<div class=\"single_image wpb_content_element align-left    \" data-animation=\"none\" data-delay=\"0\"><img loading=\"lazy\" decoding=\"async\" width=\"370\" height=\"250\" src=\"https:\/\/ciudadanosdelmundo.org\/wp-content\/uploads\/2017\/12\/investigacion.png\" class=\"attachment-full\" alt=\"\" srcset=\"https:\/\/ciudadanosdelmundo.org\/wp-content\/uploads\/2017\/12\/investigacion.png 370w, https:\/\/ciudadanosdelmundo.org\/wp-content\/uploads\/2017\/12\/investigacion-300x203.png 300w\" sizes=\"auto, (max-width: 370px) 100vw, 370px\" \/><\/div>[\/vc_column][vc_column width=\u00bb2\/3&#8243;]<div class=\"divider-title align-left\" >AVISO. BUSCAMOS INVESTIGADORES<\/div>[vc_column_text]<\/p>\n<p class=\"p1\"><span class=\"s1\">La Fundaci\u00f3n Ciudadanos del Mundo busca actualizar su equipo de investigaci\u00f3n. Las tem\u00e1ticas son amplias, vinculadas a primera infancia, migraci\u00f3n, g\u00e9nero, cultura de paz y transparencia. Aquellos estudiantes avanzados o nuevos profesionales que est\u00e9n interesados en integrarse al mismo, les pedimos que se comuniquen al correo:<span class=\"Apple-converted-space\">\u00a0 <\/span><a href=\"mailto:presidente@ciudadanosdelmundo.org\"><span class=\"s2\">presidente@ciudadanosdelmundo.org<\/span><\/a> <\/span><\/p>\n<p>[\/vc_column_text][\/vc_column][\/vc_row][\/vc_section][vc_section full_width=\u00bbstretch_row\u00bb css=\u00bb.vc_custom_1514514758643{background-color: #efefef !important;}\u00bb][vc_row top_padding=\u00bb40&#8243; bottom_padding=\u00bb40&#8243;][vc_column width=\u00bb1\/1&#8243;][vc_column_text]<\/p>\n<p class=\"p1\"><span class=\"s1\">Con la finalidad de dar un sustento te\u00f3rico al trabajo de la Fundaci\u00f3n sobre la problem\u00e1ticas de las poblaciones en situaci\u00f3n de vulnerabilidad, se conform\u00f3 un grupo interdisciplinario que vincula el desempe\u00f1o acad\u00e9mico con el compromiso social. Para cumplir con dicho objetivo, se abord\u00f3 en primer lugar la cuesti\u00f3n migratoria y se expuso en un lenguaje, estilo y formato accesibles a todos, los avances de la tarea. <\/span><\/p>\n<p class=\"p1\"><span class=\"s1\">Al encarar el desarrollo de nuestro departamento de Investigaci\u00f3n nuestra intenci\u00f3n es difundir de manera m\u00e1s amplia el resultado de investigaciones acad\u00e9micas relacionadas con los temas de trabajo de la Fundaci\u00f3n. Estas investigaciones, cuando son realizadas en el \u00e1mbito acad\u00e9mico, no siempre llegan a los actores involucrados en la cuesti\u00f3n. En nuestro caso, por el contrario, esperamos que el desarrollo de trabajos de este tipo dentro del \u00e1mbito de la Fundaci\u00f3n nos permita hacer un aporte a la reflexi\u00f3n colectiva sobre distintos temas relacionados con las poblaciones vulnerables en la Argentina.<\/span><\/p>\n<p>[\/vc_column_text][\/vc_column][\/vc_row][\/vc_section][vc_section][vc_row][vc_column width=\u00bb1\/1&#8243;][vc_tta_accordion active_section=\u00bb1&#8243; css=\u00bb.vc_custom_1514515475079{padding-top: 40px !important;padding-bottom: 40px !important;}\u00bb][vc_tta_section title=\u00bbPrimer Congreso de Alice en Madrid\u00bb tab_id=\u00bb1514514956915-cc05016f-3f4c\u00bb][vc_row_inner][vc_column_inner width=\u00bb1\/2&#8243;]<div class=\"flexslider wpb_content_element\"><ul class=\"slides\"><li><img decoding=\"async\" src=\"https:\/\/ciudadanosdelmundo.org\/wp-content\/uploads\/2017\/12\/foto-43.jpg\" alt=\"\" \/><\/li><li><img decoding=\"async\" src=\"https:\/\/ciudadanosdelmundo.org\/wp-content\/uploads\/2017\/12\/foto-36.jpg\" alt=\"\" \/><\/li><li><img decoding=\"async\" src=\"https:\/\/ciudadanosdelmundo.org\/wp-content\/uploads\/2017\/12\/foto-37.jpg\" alt=\"\" \/><\/li><li><img decoding=\"async\" src=\"https:\/\/ciudadanosdelmundo.org\/wp-content\/uploads\/2017\/12\/foto-38.jpg\" alt=\"\" \/><\/li><li><img decoding=\"async\" src=\"https:\/\/ciudadanosdelmundo.org\/wp-content\/uploads\/2017\/12\/foto-39.jpg\" alt=\"\" \/><\/li><li><img decoding=\"async\" src=\"https:\/\/ciudadanosdelmundo.org\/wp-content\/uploads\/2017\/12\/foto-40.jpg\" alt=\"\" \/><\/li><\/ul><\/div>[\/vc_column_inner][vc_column_inner width=\u00bb1\/2&#8243;][vc_column_text]<\/p>\n<p class=\"p1\"><span class=\"s1\">El equipo de investigaci\u00f3n de la Fundaci\u00f3n Ciudadanos del Mundo estuvo presente en el 1\u00ba Congreso de la Asociaci\u00f3n Latinoamericana de Investigadores en Campa\u00f1as Electorales (ALICE), realizado en Madrid el 6 y 7 de julio de 2012.<\/span><\/p>\n<ul class=\"ul1\">\n<li class=\"li1\"><span class=\"s1\">En la mesa denominada \u00abImportancia del sufragio transnacional en las campa\u00f1as electorales\u00bb, Mar\u00eda Jos\u00e9 Greloni expuso sobre \u00abEl voto extranjero en la Argentina, el caso de la Ciudad Aut\u00f3noma de Buenos Aires\u00bb.<\/span><\/li>\n<li class=\"li1\"><span class=\"s1\">En la misma mesa el Dr. Norberto Emmerich expuso sobre el tema \u201cUn voto hace la diferencia. El sufragio transnacional en el mundo\u201d.<\/span><\/li>\n<\/ul>\n<p>[\/vc_column_text][\/vc_column_inner][\/vc_row_inner][\/vc_tta_section][vc_tta_section title=\u00bbProyecto de Investigaci\u00f3n: sufragio transnacional en Argentina\u00bb tab_id=\u00bb1514514956933-db8d84dc-62e9&#8243;][vc_row_inner][vc_column_inner][vc_column_text]<\/p>\n<p class=\"p1\"><span class=\"s1\">Uno de los temas que la Fundaci\u00f3n encar\u00f3 con tenacidad en el a\u00f1o 2012 fue el voto de los extranjeros. En el trabajo de Investigaci\u00f3n nuestro equipo estudi\u00f3 el denominado \u201csufragio transnacional\u201d y su desarrollo hist\u00f3rico en la Argentina. Eso implic\u00f3 investigar sobre el voto de los argentinos en el exterior y el voto de los extranjeros en Argentina.<\/span><\/p>\n<p class=\"p1\"><span class=\"s1\">Para tal fin se constituy\u00f3 un equipo de investigaci\u00f3n que desarroll\u00f3 la base te\u00f3rica y argumental de la presentaci\u00f3n de la Fundaci\u00f3n en la sesi\u00f3n de debate de la Comisi\u00f3n de Asuntos Constitucionales del Senador de la Naci\u00f3n que discuti\u00f3 el proyecto de ley S-2696-12, sobre voto de los extranjeros. <\/span><span class=\"s2\"><i>Audiencia senado<\/i><\/span><\/p>\n<p class=\"p3\"><span class=\"s1\">Integrantes del Proyecto:<\/span><\/p>\n<p class=\"p3\"><span class=\"s3\">&#8211; Juan Manuel Quiroga (Ciencia Pol\u00edtica &#8211; UBA)<\/span><\/p>\n<p class=\"p1\"><span class=\"s1\">&#8211; Sof\u00eda Guadalupe Salvo (Ciencia Pol\u00edtica &#8211; UB)<\/span><\/p>\n<p class=\"p1\"><span class=\"s1\">&#8211; Mar\u00eda Jos\u00e9 Greloni (Ciencias de la Comunicaci\u00f3n &#8211; UBA)<\/span><\/p>\n<p class=\"p1\"><span class=\"s1\">&#8211; Samanta Bona M\u00fcller (Sociolog\u00eda &#8211; USAL)<\/span><\/p>\n<p class=\"p1\"><span class=\"s1\">&#8211; Guido Iezzi (fotodocumentalista)<\/span><\/p>\n<p class=\"p3\"><span class=\"s1\">Coordinaci\u00f3n:<\/span><\/p>\n<p class=\"p1\"><span class=\"s1\">&#8211; Dr. Norberto Emmerich<\/span><\/p>\n<p>[\/vc_column_text][\/vc_column_inner][\/vc_row_inner][\/vc_tta_section][\/vc_tta_accordion][vc_column_text]<\/p>\n<p class=\"p1\" style=\"text-align: center;\"><span class=\"s1\">Otros trabajos desarrollados por el equipo de investigaci\u00f3n fueron:<\/span><\/p>\n<p>[\/vc_column_text]<div class=\"spacer\" style=\"height: 40px;\"><\/div>[vc_row_inner][vc_column_inner][vc_column_text]<\/p>\n<p class=\"p1\"><span class=\"s1\"><b>Panorama de la cuesti\u00f3n migratoria en la Argentina<\/b><b>. <\/b><\/span><\/p>\n<p class=\"p1\"><span class=\"s1\">Autores: Juan Manuel Quiroga y Daniel Ver\u00f3n<\/span><\/p>\n<p class=\"p2\"><span class=\"s2\"><a href=\"https:\/\/drive.google.com\/file\/d\/0B1HVrcdUwY6vMjUxNmM4YTYtMWQ5MC00NDFkLTg3NTUtN2ZkZGZmNTQ3OTIy\/view?ddrp=1&amp;hl=en\">https:\/\/drive.google.com\/file\/d\/0B1HVrcdUwY6vMjUxNmM4YTYtMWQ5MC00NDFkLTg3NTUtN2ZkZGZmNTQ3OTIy\/view?ddrp=1&amp;hl=en#<\/a><\/span><\/p>\n<p>[\/vc_column_text][vc_column_text]<\/p>\n<p class=\"p1\"><span class=\"s1\"><b>Aproximaci\u00f3n a la legislaci\u00f3n migratoria argentina<\/b><\/span><\/p>\n<p class=\"p1\"><span class=\"s2\">Autores: Juan Manuel Quiroga y Daniel Ver\u00f3n<\/span><\/p>\n<p class=\"p2\"><span class=\"s3\"><a href=\"https:\/\/docs.google.com\/document\/d\/1zYwuYCk7-9rcKvqYkjRHOXZ3qeQV1rnm2jH0CaRxUyg\/edit?layout=list&amp;ddrp=1&amp;sort=name&amp;num=50\">https:\/\/docs.google.com\/document\/d\/1zYwuYCk7-9rcKvqYkjRHOXZ3qeQV1rnm2jH0CaRxUyg\/edit?layout=list&amp;ddrp=1&amp;sort=name&amp;num=50#<\/a><\/span><\/p>\n<p>[\/vc_column_text][vc_column_text]<\/p>\n<p class=\"p1\"><span class=\"s1\"><b>Comparaci\u00f3n entre la legislaci\u00f3n migratoria argentina y estadounidense <\/b><\/span><\/p>\n<p class=\"p1\"><span class=\"s2\">Autora: Rebecca Kahn<\/span><\/p>\n<p class=\"p2\"><span class=\"s3\"><a href=\"http:\/\/ciudadanosdelmundo.org\/Suplemento\/Estados%2520Unidos%2520y%2520Argentina%2520-%2520La%2520legislacio%25CC%2581n%2520migratoria.pdf\">http:\/\/ciudadanosdelmundo.org\/Suplemento\/Estados%20Unidos%20y%20Argentina%20-%20La%20legislacio%CC%81n%20migratoria.pdf<\/a><\/span><\/p>\n<p>[\/vc_column_text][\/vc_column_inner][\/vc_row_inner][vc_row_inner][vc_column_inner][vc_column_text]<\/p>\n<p class=\"p1\"><span class=\"s1\"><b>Reforma migratoria en Estados Unidos<\/b><\/span><\/p>\n<p class=\"p1\"><span class=\"s1\">Autora: <\/span><span class=\"s2\">Jeannette Huezo-Rosales <\/span><\/p>\n<p class=\"p2\"><span class=\"s3\"><a href=\"http:\/\/fundacionciudadanosdelmundo.blogspot.com.ar\/2013\/03\/reforma-migratoria-en-los-estados-unidos.html\">http:\/\/fundacionciudadanosdelmundo.blogspot.com.ar\/2013\/03\/reforma-migratoria-en-los-estados-unidos.html<\/a><\/span><\/p>\n<p>[\/vc_column_text][vc_column_text]<\/p>\n<p class=\"p1\"><span class=\"s1\"><b>Proyecto de Ley sobre el reconocimiento de los derechos pol\u00edticos de los extranjeros residentes en territorio argentino. An\u00e1lisis comparado.<\/b><\/span><\/p>\n<p class=\"p1\"><span class=\"s1\">Autora: Sof\u00eda Salvo<\/span><\/p>\n<p class=\"p2\"><span class=\"s2\"><a href=\"http:\/\/fundacionciudadanosdelmundo.blogspot.com.ar\/2012\/08\/proyectos-de-ley-sobre-el.html\">http:\/\/fundacionciudadanosdelmundo.blogspot.com.ar\/2012\/08\/proyectos-de-ley-sobre-el.html<\/a><\/span><\/p>\n<p>[\/vc_column_text][\/vc_column_inner][\/vc_row_inner]<div class=\"spacer\" style=\"height: 40px;\"><\/div>[\/vc_column][\/vc_row][\/vc_section][vc_section full_width=\u00bbstretch_row\u00bb css=\u00bb.vc_custom_1514515317305{background-color: #f7f7f7 !important;}\u00bb][vc_row top_padding=\u00bb40&#8243; bottom_padding=\u00bb40&#8243;][vc_column width=\u00bb1\/2&#8243;][vc_column_text]<\/p>\n<p class=\"p1\"><span class=\"s1\"><b>Encuentro acad\u00e9mico de alto nivel internacional en la Fundaci\u00f3n. A\u00f1o 2012<\/b><\/span><\/p>\n<p class=\"p2\"><span class=\"s1\">El 3 de agosto compartimos en la sede de la Fundaci\u00f3n Ciudadanos del Mundo un encuentro de debate sobre la cuesti\u00f3n del voto extranjero a nivel nacional.<\/span><\/p>\n<p class=\"p2\"><span class=\"s1\">Estuvieron presentes el Dr. Jean Michel Lafleur, del Fondo Nacional de Investigaci\u00f3n Cient\u00edfica de B\u00e9lgica, el Dr. Hugo Prieto, ex diputado nacional, el Dr. Franco Fiumara, Juez del Tribunal Oral N\u00ba 4 de La Matanza, la Dra. Ana Paula Peschanzadeh, investigadora del Conicet y la Universidad de Lan\u00fas, el Dr. Mauro Benente, investigador del Conicet, Carlos \u00c1lvarez de la Agrupaci\u00f3n Xang\u00f3, el Dr. Mart\u00edn Saade, asesor de la diputada nacional Adela Segarra, Diego Vel\u00e1zquez de Equilibrim Global y el Dr. Norberto Emmerich, coordinador del grupo de investigaci\u00f3n de la fundaci\u00f3n, junto a directivos y voluntarios de la instituci\u00f3n. <\/span><\/p>\n<p>[\/vc_column_text][\/vc_column][vc_column width=\u00bb1\/2&#8243;]<div class=\"flexslider wpb_content_element\"><ul class=\"slides\"><li><img decoding=\"async\" src=\"https:\/\/ciudadanosdelmundo.org\/wp-content\/uploads\/2017\/12\/foto-190.jpg\" alt=\"\" \/><\/li><li><img decoding=\"async\" src=\"https:\/\/ciudadanosdelmundo.org\/wp-content\/uploads\/2017\/12\/foto-188.jpg\" alt=\"\" \/><\/li><li><img decoding=\"async\" src=\"https:\/\/ciudadanosdelmundo.org\/wp-content\/uploads\/2017\/12\/foto-189.jpg\" alt=\"\" \/><\/li><\/ul><\/div>[\/vc_column][\/vc_row][\/vc_section]<\/p>\n","protected":false},"excerpt":{"rendered":"<p>[vc_section][vc_row top_padding=\u00bb40&#8243; bottom_padding=\u00bb40&#8243;][vc_column width=\u00bb1\/3&#8243;][\/vc_column][vc_column width=\u00bb2\/3&#8243;][vc_column_text] La Fundaci\u00f3n Ciudadanos del Mundo busca actualizar su equipo de investigaci\u00f3n. Las tem\u00e1ticas son amplias, vinculadas a primera infancia, migraci\u00f3n, g\u00e9nero, cultura de paz y transparencia. Aquellos estudiantes avanzados o nuevos profesionales que est\u00e9n interesados en integrarse al mismo, les pedimos que se comuniquen al correo:\u00a0 presidente@ciudadanosdelmundo.org [\/vc_column_text][\/vc_column][\/vc_row][\/vc_section][vc_section full_width=\u00bbstretch_row\u00bb css=\u00bb.vc_custom_1514514758643{background-color: #efefef !important;}\u00bb][vc_row top_padding=\u00bb40&#8243; bottom_padding=\u00bb40&#8243;][vc_column width=\u00bb1\/1&#8243;][vc_column_text] Con la finalidad de dar un sustento te\u00f3rico al trabajo de la Fundaci\u00f3n sobre la problem\u00e1ticas de las poblaciones en situaci\u00f3n de vulnerabilidad, se conform\u00f3 un grupo interdisciplinario que vincula el desempe\u00f1o acad\u00e9mico con el compromiso social. Para cumplir con dicho objetivo, se abord\u00f3 en primer lugar la cuesti\u00f3n migratoria y se expuso en un lenguaje, estilo y formato accesibles a todos, los avances de la tarea. Al encarar el desarrollo de nuestro departamento de Investigaci\u00f3n nuestra intenci\u00f3n es difundir de manera m\u00e1s amplia el resultado de investigaciones acad\u00e9micas relacionadas con los temas de trabajo de la Fundaci\u00f3n. Estas investigaciones, cuando son realizadas en el \u00e1mbito acad\u00e9mico, no siempre llegan a los actores involucrados en la cuesti\u00f3n. En nuestro caso, por el contrario, esperamos que el desarrollo de trabajos de este tipo dentro del \u00e1mbito de la Fundaci\u00f3n nos permita [&hellip;]<\/p>\n","protected":false},"author":1,"featured_media":0,"parent":0,"menu_order":0,"comment_status":"closed","ping_status":"closed","template":"","meta":{"footnotes":""},"class_list":["post-13391","page","type-page","status-publish","hentry"],"_links":{"self":[{"href":"https:\/\/ciudadanosdelmundo.org\/index.php?rest_route=\/wp\/v2\/pages\/13391","targetHints":{"allow":["GET"]}}],"collection":[{"href":"https:\/\/ciudadanosdelmundo.org\/index.php?rest_route=\/wp\/v2\/pages"}],"about":[{"href":"https:\/\/ciudadanosdelmundo.org\/index.php?rest_route=\/wp\/v2\/types\/page"}],"author":[{"embeddable":true,"href":"https:\/\/ciudadanosdelmundo.org\/index.php?rest_route=\/wp\/v2\/users\/1"}],"replies":[{"embeddable":true,"href":"https:\/\/ciudadanosdelmundo.org\/index.php?rest_route=%2Fwp%2Fv2%2Fcomments&post=13391"}],"version-history":[{"count":12,"href":"https:\/\/ciudadanosdelmundo.org\/index.php?rest_route=\/wp\/v2\/pages\/13391\/revisions"}],"predecessor-version":[{"id":13412,"href":"https:\/\/ciudadanosdelmundo.org\/index.php?rest_route=\/wp\/v2\/pages\/13391\/revisions\/13412"}],"wp:attachment":[{"href":"https:\/\/ciudadanosdelmundo.org\/index.php?rest_route=%2Fwp%2Fv2%2Fmedia&parent=13391"}],"curies":[{"name":"wp","href":"https:\/\/api.w.org\/{rel}","templated":true}]}}