{"id":13372,"date":"2017-12-29T02:12:10","date_gmt":"2017-12-29T02:12:10","guid":{"rendered":"http:\/\/ciudadanosdelmundo.org\/sitio\/?page_id=13372"},"modified":"2017-12-29T02:28:33","modified_gmt":"2017-12-29T02:28:33","slug":"areas-de-trabajo","status":"publish","type":"page","link":"https:\/\/ciudadanosdelmundo.org\/?page_id=13372","title":{"rendered":"\u00c1reas de trabajo"},"content":{"rendered":"<p>[vc_section][vc_row top_padding=\u00bb40&#8243; bottom_padding=\u00bb40&#8243;][vc_column width=\u00bb1\/1&#8243;][vc_column_text]<\/p>\n<p class=\"p1\" style=\"text-align: center;\"><span class=\"s1\">A continuaci\u00f3n describimos el trabajo de las dos grandes \u00e1reas de la fundaci\u00f3n:<\/span><\/p>\n<p>[\/vc_column_text]<h3 class=\"headline font-inherit fontsize-xl fontweight-600 lh-inherit align-center transform-uppercase \" style=\"margin: 0 0 20px 0;\">Coordinaci\u00f3n de planificaci\u00f3n<\/h3>[vc_column_text]<\/p>\n<p style=\"text-align: center;\"><span class=\"s2\">En este nivel, como su nombre lo indica, se conciben los proyectos destinados a la promoci\u00f3n y el ejercicio efectivo de los derechos de los migrantes. Est\u00e1 compuesto, a su vez, por las \u00e1reas de Comunicaci\u00f3n Institucional, Investigaci\u00f3n y Desarrollo, y Formaci\u00f3n.<\/span><\/p>\n<p>[\/vc_column_text][vc_tta_accordion shape=\u00bbsquare\u00bb color=\u00bbpeacoc\u00bb active_section=\u00bb1&#8243;][vc_tta_section title=\u00bb\u00c1rea de Comunicaci\u00f3n Institucional\u00bb tab_id=\u00bb1514514343911-52edf9a0-8001&#8243;][vc_row_inner][vc_column_inner][vc_column_text]<\/p>\n<p class=\"p1\"><span class=\"s1\">Est\u00e1 orientada a difundir la realidad de la cuesti\u00f3n migratoria y el concepto de la migraci\u00f3n como un derecho humano. Esta tarea es emprendida por un equipo formado por periodistas y comunicadores a trav\u00e9s del sitio web oficial de la Fundaci\u00f3n (<a href=\"http:\/\/www.ciudadanosdelmundo.org\"><span class=\"s2\">www.ciudadanosdelmundo.org<\/span><\/a>) las redes sociales y nuestra propia publicaci\u00f3n para migrantes, el <i>Suplemento del Inmigrante, <\/i>que ha contado con entrevistas a destacadas personalidades de \u00e1mbitos gubernamentales, la cultura y las organizaciones sociales, as\u00ed como art\u00edculos sobre pol\u00edtica migratoria nacional e internacional y manifestaciones culturales vinculadas a la cuesti\u00f3n migratoria. <\/span><\/p>\n<p class=\"p1\"><span class=\"s1\">A su vez, desde esta \u00e1rea se realizan los contactos con los medios de comunicaci\u00f3n de mayor difusi\u00f3n a fin de dar a conocer los casos de violaci\u00f3n a los derechos humanos y las actividades de la fundaci\u00f3n en general.<\/span><\/p>\n<p>[\/vc_column_text][\/vc_column_inner][\/vc_row_inner][\/vc_tta_section][vc_tta_section title=\u00bb\u00c1rea de Investigaci\u00f3n y Desarrollo\u00bb tab_id=\u00bb1514513866397-023fd4bb-f194&#8243;][vc_row_inner][vc_column_inner][vc_column_text]<\/p>\n<p class=\"p1\"><span class=\"s1\">Conscientes de la importancia de conocer con propiedad el tema de la migraci\u00f3n en la Argentina se conform\u00f3 el <b>\u00c1rea de Investigaci\u00f3n y Desarrollo<\/b>, con la finalidad de realizar un estudio profundo y acad\u00e9mico sobre las realidades e implicancias de ser migrante en Argentina. De esta manera, contamos con abordajes rigurosos de la realidad migrante que otorgan una de base te\u00f3rica s\u00f3lida a nuestros proyectos, de modo que se apliquen sobre la poblaci\u00f3n extranjera m\u00e1s vulnerable y se reconozcan los focos m\u00e1s preocupantes de esta problem\u00e1tica. Para esta tarea se cuenta con investigadores profesionales del \u00e1mbito acad\u00e9mico y estudiantes pr\u00f3ximos a finalizar sus estudios que se orientan a una carrera de investigaci\u00f3n. A su vez se articula con investigadores de distintas universidades a fin de contar con asesoramiento e intercambiar informaci\u00f3n y experiencias de trabajo sobre la cuesti\u00f3n migratoria.<\/span><\/p>\n<p>[\/vc_column_text][\/vc_column_inner][\/vc_row_inner][\/vc_tta_section][vc_tta_section title=\u00bb\u00c1rea de Formaci\u00f3n\u00bb tab_id=\u00bb1514513900724-283833d0-a51f\u00bb][vc_row_inner][vc_column_inner][vc_column_text]<\/p>\n<p class=\"p1\"><span class=\"s1\">Finalmente, contamos con un <b>\u00c1rea de Formaci\u00f3n<\/b>. Desde una perspectiva que reconoce en la educaci\u00f3n una herramienta fundamental para que quienes sufren la vulneraci\u00f3n de sus derechos asuman la propia defensa de los mismos, as\u00ed como la necesidad de que el conjunto de la sociedad se integre a una cultura de defensa de los derechos humanos, es que nos proponemos desarrollar procesos colectivos de ense\u00f1anza y aprendizaje abiertos a la comunidad.\u00a0<\/span><\/p>\n<p class=\"p1\"><span class=\"s1\">En este plano realizamos talleres de formaci\u00f3n en escuelas e instituciones sociales, cursos de capacitaci\u00f3n destinados a inmigrantes sobre el ejercicio de derechos, legislaci\u00f3n migratoria, salud, b\u00fasqueda de empleo y derechos laborales, as\u00ed como cursos de formaci\u00f3n en oficios. Los mismos se realizan desde una metodolog\u00eda participativa, que permita al conjunto de los involucrados en el proceso de aprendizaje intervenir activamente sobre los contenidos y apelando a ejemplos pr\u00e1cticos. De esta manera, se incentiva que la experiencia pueda replicarse en otros \u00e1mbitos, con el objetivo de lograr un efecto multiplicador que funcione de forma independiente a la intervenci\u00f3n directa de la fundaci\u00f3n.<\/span><\/p>\n<p>[\/vc_column_text][\/vc_column_inner][\/vc_row_inner][\/vc_tta_section][\/vc_tta_accordion][\/vc_column][\/vc_row][vc_row][vc_column width=\u00bb1\/1&#8243;]<div class=\"newdivider align-center\" style=\"border-bottom-style: solid; border-color: #e5e5e5; border-bottom-width: 1px; margin-top: 0; margin-bottom: 0; width: 100%; \"><\/div><div class=\"clear\"><\/div>[\/vc_column][\/vc_row][\/vc_section][vc_section][vc_row top_padding=\u00bb40&#8243; bottom_padding=\u00bb40&#8243;][vc_column width=\u00bb1\/1&#8243;]<h3 class=\"headline font-inherit fontsize-xl fontweight-600 lh-inherit align-center transform-uppercase \" style=\"margin: 0 0 20px 0;\">Coordinaci\u00f3n operativa<\/h3>[vc_column_text]<\/p>\n<p style=\"text-align: center;\"><span class=\"s2\">En coincidencia con el objetivo general de la organizaci\u00f3n, pero abocada a las tareas concretas del trabajo cotidiano, esta coordinaci\u00f3n se divide en las \u00e1reas de Desarrollo Social y el \u00e1rea de Asesoramiento Legal. <\/span><\/p>\n<p>[\/vc_column_text][vc_tta_accordion shape=\u00bbsquare\u00bb color=\u00bbpeacoc\u00bb active_section=\u00bb1&#8243;][vc_tta_section title=\u00bb\u00c1rea de Desarrollo Social \u00bb tab_id=\u00bb1514514357649-3fdb6866-4a3c\u00bb][vc_row_inner][vc_column_inner][vc_column_text]<\/p>\n<p class=\"p1\"><span class=\"s1\">El <b>\u00c1rea de Desarrollo Social<\/b> est\u00e1 compuesta por <\/span><span class=\"s2\">profesionales y estudiantes avanzados en trabajo social y psicolog\u00eda, quienes desarrollan un trabajo personalizado con los migrantes que se acercan a nuestra instituci\u00f3n, relevando sus necesidades para la confecci\u00f3n de un informe que se constituye en la base del trabajo de las distintas \u00e1reas sobre las problem\u00e1ticas planteadas. <\/span><\/p>\n<p class=\"p2\"><span class=\"s1\">El trabajo del \u00e1rea se estructura a partir de 6 ejes fundamentales, sujetos a posibles variaciones en funci\u00f3n de las particularidades de cada caso. Estos ejes son, realizar un diagn\u00f3stico preciso de la situaci\u00f3n actual del migrante, orientarlo sobre los recursos disponibles de parte del Estado u otras organizaciones de la sociedad civil para garantizar el cumplimiento de sus derechos, realizar una contenci\u00f3n afectiva, asesorar al migrante en la b\u00fasqueda de empleo, asesorar al migrante acerca de los medios disponibles para regularizar su situaci\u00f3n migratoria, escuchar y abrir un espacio de acompa\u00f1amiento profesional y especializado.<\/span><\/p>\n<p>[\/vc_column_text][\/vc_column_inner][\/vc_row_inner][\/vc_tta_section][vc_tta_section title=\u00bb\u00c1rea de Asesoramiento Legal\u00bb tab_id=\u00bb1514514357730-3701ed13-c1c3&#8243;][vc_row_inner][vc_column_inner][vc_column_text]<\/p>\n<p class=\"p1\"><span class=\"s1\">Tiene como objetivo fundamental que sus usuarios puedan acceder a la justicia, conozcan sus derechos y obligaciones y se sientan acompa\u00f1ados y contenidos en caso de tener que pasar por un proceso judicial de cualquier \u00edndole. Desde esta \u00e1rea se brinda asesoramiento integral en los fueros penal, civil y comercial, laboral y migratorio. Este \u00faltimo aspecto es el que recibe mayor demanda de parte de los migrantes, interesados en regularizar su situaci\u00f3n migratoria y con la necesidad de una orientaci\u00f3n y<span class=\"Apple-converted-space\">\u00a0 <\/span>acompa\u00f1amiento especial al momento de iniciar por primera vez los tr\u00e1mites encaminados a obtener su residencia legal en la Argentina.<\/span><\/p>\n<p>[\/vc_column_text][\/vc_column_inner][\/vc_row_inner][\/vc_tta_section][\/vc_tta_accordion][\/vc_column][\/vc_row][\/vc_section]<\/p>\n","protected":false},"excerpt":{"rendered":"<p>[vc_section][vc_row top_padding=\u00bb40&#8243; bottom_padding=\u00bb40&#8243;][vc_column width=\u00bb1\/1&#8243;][vc_column_text] A continuaci\u00f3n describimos el trabajo de las dos grandes \u00e1reas de la fundaci\u00f3n: [\/vc_column_text][vc_column_text] En este nivel, como su nombre lo indica, se conciben los proyectos destinados a la promoci\u00f3n y el ejercicio efectivo de los derechos de los migrantes. Est\u00e1 compuesto, a su vez, por las \u00e1reas de Comunicaci\u00f3n Institucional, Investigaci\u00f3n y Desarrollo, y Formaci\u00f3n. [\/vc_column_text][vc_tta_accordion shape=\u00bbsquare\u00bb color=\u00bbpeacoc\u00bb active_section=\u00bb1&#8243;][vc_tta_section title=\u00bb\u00c1rea de Comunicaci\u00f3n Institucional\u00bb tab_id=\u00bb1514514343911-52edf9a0-8001&#8243;][vc_row_inner][vc_column_inner][vc_column_text] Est\u00e1 orientada a difundir la realidad de la cuesti\u00f3n migratoria y el concepto de la migraci\u00f3n como un derecho humano. Esta tarea es emprendida por un equipo formado por periodistas y comunicadores a trav\u00e9s del sitio web oficial de la Fundaci\u00f3n (www.ciudadanosdelmundo.org) las redes sociales y nuestra propia publicaci\u00f3n para migrantes, el Suplemento del Inmigrante, que ha contado con entrevistas a destacadas personalidades de \u00e1mbitos gubernamentales, la cultura y las organizaciones sociales, as\u00ed como art\u00edculos sobre pol\u00edtica migratoria nacional e internacional y manifestaciones culturales vinculadas a la cuesti\u00f3n migratoria. A su vez, desde esta \u00e1rea se realizan los contactos con los medios de comunicaci\u00f3n de mayor difusi\u00f3n a fin de dar a conocer los casos de violaci\u00f3n a los derechos humanos y las actividades de la fundaci\u00f3n en general. [\/vc_column_text][\/vc_column_inner][\/vc_row_inner][\/vc_tta_section][vc_tta_section title=\u00bb\u00c1rea [&hellip;]<\/p>\n","protected":false},"author":1,"featured_media":0,"parent":0,"menu_order":0,"comment_status":"closed","ping_status":"closed","template":"","meta":{"footnotes":""},"class_list":["post-13372","page","type-page","status-publish","hentry"],"_links":{"self":[{"href":"https:\/\/ciudadanosdelmundo.org\/index.php?rest_route=\/wp\/v2\/pages\/13372","targetHints":{"allow":["GET"]}}],"collection":[{"href":"https:\/\/ciudadanosdelmundo.org\/index.php?rest_route=\/wp\/v2\/pages"}],"about":[{"href":"https:\/\/ciudadanosdelmundo.org\/index.php?rest_route=\/wp\/v2\/types\/page"}],"author":[{"embeddable":true,"href":"https:\/\/ciudadanosdelmundo.org\/index.php?rest_route=\/wp\/v2\/users\/1"}],"replies":[{"embeddable":true,"href":"https:\/\/ciudadanosdelmundo.org\/index.php?rest_route=%2Fwp%2Fv2%2Fcomments&post=13372"}],"version-history":[{"count":17,"href":"https:\/\/ciudadanosdelmundo.org\/index.php?rest_route=\/wp\/v2\/pages\/13372\/revisions"}],"predecessor-version":[{"id":13389,"href":"https:\/\/ciudadanosdelmundo.org\/index.php?rest_route=\/wp\/v2\/pages\/13372\/revisions\/13389"}],"wp:attachment":[{"href":"https:\/\/ciudadanosdelmundo.org\/index.php?rest_route=%2Fwp%2Fv2%2Fmedia&parent=13372"}],"curies":[{"name":"wp","href":"https:\/\/api.w.org\/{rel}","templated":true}]}}