{"id":10,"date":"2017-12-28T02:16:34","date_gmt":"2017-12-28T02:16:34","guid":{"rendered":"http:\/\/ciudadanosdelmundo.org\/sitio\/?page_id=10"},"modified":"2024-09-25T14:07:20","modified_gmt":"2024-09-25T14:07:20","slug":"ciudadanos-del-mundo-argentina","status":"publish","type":"page","link":"https:\/\/ciudadanosdelmundo.org\/","title":{"rendered":"Inicio"},"content":{"rendered":"<p>[vc_row row_id=\u00bbhome-slider\u00bb][vc_column width=\u00bb1\/1&#8243;][rev_slider_vc alias=\u00bbhome-slider\u00bb][\/vc_column][\/vc_row][vc_section css=\u00bb.vc_custom_1514567655239{background-color: #f7f7f7 !important;}\u00bb][vc_row bg_color=\u00bb#ffffff\u00bb text_align=\u00bbcenter\u00bb top_padding=\u00bb60&#8243; bottom_padding=\u00bb60&#8243; row_id=\u00bbintro-cols\u00bb][vc_column]<div class=\"latest-blog style-white\"\"><div class=\"blog-carousel\"><div class=\"blog-item\"><a href=\"https:\/\/ciudadanosdelmundo.org\/?p=13873\" title=\"Barriletes al viento por el Dia de la Bandera\" class=\"blog-pic\"><img decoding=\"async\" src=\"https:\/\/ciudadanosdelmundo.org\/wp-content\/uploads\/2018\/06\/barriletes-600x400.jpg\" alt=\"Barriletes al viento por el Dia de la Bandera\" \/><span class=\"blog-overlay\"><\/span><i class=\"fa fa-align-left\"><\/i><\/a><div class=\"blog-item-description\">\n\t\t\t\t\t\t\t<h4><a href=\"https:\/\/ciudadanosdelmundo.org\/?p=13873\" title=\"Barriletes al viento por el Dia de la Bandera\">Barriletes al viento por el Dia de la Bandera<\/a><\/h4>\n\t\t\t\t\t  \t\t<div>\"Sembramos ilusi\u00f3n\". Con esa premisa, las docentes del jard\u00edn \"Rayito de Sol\", en Virrey del Pino, La Matanza, trabajaron junto... <a class=\"read-more-link\" href=\"https:\/\/ciudadanosdelmundo.org\/?p=13873\">read more  &rarr;<\/a><\/div>\n\t\t\t\t\t  \t\t<span>junio 28, 2018<\/span>\n\t\t\t\t  \t\t<\/div><\/div><div class=\"blog-item\"><a href=\"https:\/\/ciudadanosdelmundo.org\/?p=13815\" title=\"Alertamos por casos de desnutrici\u00f3n en La Matanza\" class=\"blog-pic\"><img decoding=\"async\" src=\"https:\/\/ciudadanosdelmundo.org\/wp-content\/uploads\/2018\/06\/Captura-de-pantalla-2018-06-11-a-las-4.57.23-p.m.-600x400.png\" alt=\"Alertamos por casos de desnutrici\u00f3n en La Matanza\" \/><span class=\"blog-overlay\"><\/span><i class=\"fa fa-align-left\"><\/i><\/a><div class=\"blog-item-description\">\n\t\t\t\t\t\t\t<h4><a href=\"https:\/\/ciudadanosdelmundo.org\/?p=13815\" title=\"Alertamos por casos de desnutrici\u00f3n en La Matanza\">Alertamos por casos de desnutrici\u00f3n en La Matanza<\/a><\/h4>\n\t\t\t\t\t  \t\t<div>La Fundaci\u00f3n Ciudadanos del Mundo revel\u00f3 que en los \u00faltimos meses se incrementaron los casos de desnutrici\u00f3n entre los 1200... <a class=\"read-more-link\" href=\"https:\/\/ciudadanosdelmundo.org\/?p=13815\">read more  &rarr;<\/a><\/div>\n\t\t\t\t\t  \t\t<span>junio 11, 2018<\/span>\n\t\t\t\t  \t\t<\/div><\/div><div class=\"blog-item\"><a href=\"https:\/\/ciudadanosdelmundo.org\/?p=13819\" title=\"\u00abRayito de sol\u00bb: Ciudadanos del Mundo inaugur\u00f3 un nuevo jard\u00edn en La Matanza\" class=\"blog-pic\"><img decoding=\"async\" src=\"https:\/\/ciudadanosdelmundo.org\/wp-content\/uploads\/2018\/06\/8-600x400.jpg\" alt=\"\u00abRayito de sol\u00bb: Ciudadanos del Mundo inaugur\u00f3 un nuevo jard\u00edn en La Matanza\" \/><span class=\"blog-overlay\"><\/span><i class=\"fa fa-align-left\"><\/i><\/a><div class=\"blog-item-description\">\n\t\t\t\t\t\t\t<h4><a href=\"https:\/\/ciudadanosdelmundo.org\/?p=13819\" title=\"\u00abRayito de sol\u00bb: Ciudadanos del Mundo inaugur\u00f3 un nuevo jard\u00edn en La Matanza\">\u00abRayito de sol\u00bb: Ciudadanos del Mundo inaugur\u00f3 un nuevo jard\u00edn en La Matanza<\/a><\/h4>\n\t\t\t\t\t  \t\t<div>La fundaci\u00f3n Ciudadanos del Mundo inaugur\u00f3 hoy un nuevo jard\u00edn comunitario de primera infancia en Virrey del Pino, La Matanza.... <a class=\"read-more-link\" href=\"https:\/\/ciudadanosdelmundo.org\/?p=13819\">read more  &rarr;<\/a><\/div>\n\t\t\t\t\t  \t\t<span>abril 21, 2018<\/span>\n\t\t\t\t  \t\t<\/div><\/div><div class=\"blog-item\"><a href=\"https:\/\/ciudadanosdelmundo.org\/?p=13821\" title=\"\u00abJesus de Bel\u00e9n\u00bb: nuestro jard\u00edn modelo abri\u00f3 sus puertas a la comunidad\" class=\"blog-pic\"><img decoding=\"async\" src=\"https:\/\/ciudadanosdelmundo.org\/wp-content\/uploads\/2018\/06\/nenes1-600x400.jpg\" alt=\"\u00abJesus de Bel\u00e9n\u00bb: nuestro jard\u00edn modelo abri\u00f3 sus puertas a la comunidad\" \/><span class=\"blog-overlay\"><\/span><i class=\"fa fa-align-left\"><\/i><\/a><div class=\"blog-item-description\">\n\t\t\t\t\t\t\t<h4><a href=\"https:\/\/ciudadanosdelmundo.org\/?p=13821\" title=\"\u00abJesus de Bel\u00e9n\u00bb: nuestro jard\u00edn modelo abri\u00f3 sus puertas a la comunidad\">\u00abJesus de Bel\u00e9n\u00bb: nuestro jard\u00edn modelo abri\u00f3 sus puertas a la comunidad<\/a><\/h4>\n\t\t\t\t\t  \t\t<div>Unos 180 chicos y chicas de entre dos y cinco a\u00f1os en situaci\u00f3n de vulnerabilidad social comenzaron el ciclo lectivo... <a class=\"read-more-link\" href=\"https:\/\/ciudadanosdelmundo.org\/?p=13821\">read more  &rarr;<\/a><\/div>\n\t\t\t\t\t  \t\t<span>marzo 11, 2018<\/span>\n\t\t\t\t  \t\t<\/div><\/div><\/div><\/div><div class=\"clear\"><\/div>[\/vc_column][\/vc_row][vc_row top_padding=\u00bb60&#8243; bottom_padding=\u00bb60&#8243;][vc_column width=\u00bb1\/1&#8243;]<h3 class=\"headline font-inherit fontsize-xl fontweight-600 lh-inherit align-center transform-inherit \" style=\"margin: 0 0 20px 0;\">LUCHAMOS POR SU FUTURO<\/h3>[vc_column_text]<\/p>\n<div class=\"wpb_text_column wpb_content_element \">\n<div class=\"wpb_wrapper\">\n<p class=\"p1\"><span class=\"s1\">Nuestra misi\u00f3n es ayudar, sostener y mitigar las problem\u00e1ticas de diversas poblaciones que experimentan situaciones de vulnerabilidad.<\/span><\/p>\n<\/div>\n<\/div>\n<div class=\"minti_list wpb_content_element color-accent dotcircle\">\n<ul>\n<li class=\"li1\"><span class=\"s2\">Al inmigrante o refugiado residente en la Argentina en el desaf\u00edo que representa el proceso de inserci\u00f3n en la sociedad, desarrollando programas espec\u00edficos para asistirlos permanentemente \u00a0y mejorar su calidad de vida.<\/span><\/li>\n<li class=\"li1\"><span class=\"s2\">A los ni\u00f1os de primera infancia en su maduraci\u00f3n personal para que adopten comportamientos aut\u00f3nomos y solidarios.<\/span><\/li>\n<li class=\"li1\"><span class=\"s2\">A la mujer, v\u00edctima de violencia dom\u00e9stica, acoso laboral y diversos abusos, asisti\u00e9ndola legalmente, capacit\u00e1ndola y apoyando sus proyectos de independencia y empoderamiento.<\/span><\/li>\n<li class=\"li1\"><span class=\"s2\">A la poblaci\u00f3n en general, fomentando una cultura de paz, convivencia, tolerancia y autocontrol, colaborando para una mejor calidad de vida.<\/span><\/li>\n<li class=\"li1\"><span class=\"s2\">A las organizaciones e instituciones que sufren procesos internos de crisis de transparencia, para que puedan mejorar sus est\u00e1ndares de procedimientos y erradicar las conductas y culturas organizacionales t\u00f3xicas.<\/span><\/li>\n<\/ul>\n<\/div>\n<p>[\/vc_column_text][\/vc_column][\/vc_row][\/vc_section][vc_section css=\u00bb.vc_custom_1514501325702{background-color: #ffffff !important;}\u00bb][vc_row top_padding=\u00bb60&#8243; bottom_padding=\u00bb60&#8243;][vc_column width=\u00bb1\/1&#8243;]<h2 class=\"headline font-inherit fontsize-xl fontweight-600 lh-inherit align-center transform-uppercase line-header\" style=\"margin: 0 0 20px 0;\">LO QUE HACEMOS<\/h2><div class=\"newdivider align-center\" style=\"border-bottom-style: solid; border-color: #00aeef; border-bottom-width: 3px; margin-top: 0; margin-bottom: 30px; width: 120px; \"><\/div><div class=\"clear\"><\/div>[vc_column_text]<\/p>\n<p style=\"text-align: center;\">La Fundaci\u00f3n se constituye como un espacio donde se promueve la inclusi\u00f3n, la integridad y el respeto por los derechos de inmigrantes y refugiados.<\/p>\n<p>[\/vc_column_text][\/vc_column][\/vc_row][vc_row bottom_padding=\u00bb60&#8243;][vc_column width=\u00bb1\/3&#8243;]<div class=\"imagebox wpb_content_element style-1\"><div class=\"imagebox-img\"><a href='http:\/\/ciudadanosdelmundo.org\/sitio\/index.php\/trayectoria\/'><img decoding=\"async\" src=\"https:\/\/ciudadanosdelmundo.org\/wp-content\/uploads\/2017\/12\/desarrollo.png\" alt=\"\" \/><\/a><\/div>\n<h3 style=\"text-align: center;\">DESARROLLO SOCIAL<\/h3>\n<p style=\"text-align: center;\">Se brinda orientaci\u00f3n e intervenci\u00f3n profesional para aquellas personas que en situaci\u00f3n de vulnerabilidad social puedan acceder a los distintos servicios y actividades que ofrece el Gobierno de la Ciudad.<\/p>\n<\/div>[\/vc_column][vc_column width=\u00bb1\/3&#8243;]<div class=\"imagebox wpb_content_element style-1\"><div class=\"imagebox-img\"><a href='http:\/\/ciudadanosdelmundo.org\/sitio\/index.php\/trayectoria\/'><img decoding=\"async\" src=\"https:\/\/ciudadanosdelmundo.org\/wp-content\/uploads\/2017\/12\/asesoria.png\" alt=\"\" \/><\/a><\/div>\n<h3 style=\"text-align: center;\">ASESOR\u00cdA LEGAL<\/h3>\n<p style=\"text-align: center;\">Nuestro objetivo es promover el conocimiento, ejercicio y defensa de obligaciones y derechos, velando por el respeto de la dignidad humana y el bienestar del inmigrante.<\/p>\n<\/div>[\/vc_column][vc_column width=\u00bb1\/3&#8243;]<div class=\"imagebox wpb_content_element style-1\"><div class=\"imagebox-img\"><a href='http:\/\/ciudadanosdelmundo.org\/sitio\/index.php\/trayectoria\/'><img decoding=\"async\" src=\"https:\/\/ciudadanosdelmundo.org\/wp-content\/uploads\/2017\/12\/investigacion.png\" alt=\"\" \/><\/a><\/div>\n<h3 style=\"text-align: center;\">INVESTIGACI\u00d3N<\/h3>\n<p style=\"text-align: center;\">Partiendo de la idea que la investigaci\u00f3n acad\u00e9mica debe tener un prop\u00f3sito social se ha conformado un grupo interdisciplinario que busca darle un sustento te\u00f3rico al trabajo de la fundaci\u00f3n.<\/p>\n<\/div>[\/vc_column][\/vc_row][\/vc_section][vc_section css=\u00bb.vc_custom_1514504534808{background-color: #f7f7f7 !important;}\u00bb][\/vc_section][vc_section][vc_row top_padding=\u00bb40&#8243; bottom_padding=\u00bb40&#8243;][vc_column width=\u00bb1\/1&#8243;]<h2 class=\"headline font-inherit fontsize-xl fontweight-600 lh-inherit align-center transform-uppercase line-header\" style=\"margin: 0 0 20px 0;\">NOS APOYAN<\/h2><div class=\"newdivider align-center\" style=\"border-bottom-style: solid; border-color: #00aeef; border-bottom-width: 3px; margin-top: 0; margin-bottom: 30px; width: 120px; \"><\/div><div class=\"clear\"><\/div>[vc_row_inner][vc_column_inner width=\u00bb1\/4&#8243;]<div class=\"single_image wpb_content_element align-center    \" data-animation=\"none\" data-delay=\"0\"><img loading=\"lazy\" decoding=\"async\" width=\"400\" height=\"400\" src=\"https:\/\/ciudadanosdelmundo.org\/wp-content\/uploads\/2017\/12\/logo2.png\" class=\"attachment-full\" alt=\"\" srcset=\"https:\/\/ciudadanosdelmundo.org\/wp-content\/uploads\/2017\/12\/logo2.png 400w, https:\/\/ciudadanosdelmundo.org\/wp-content\/uploads\/2017\/12\/logo2-150x150.png 150w, https:\/\/ciudadanosdelmundo.org\/wp-content\/uploads\/2017\/12\/logo2-300x300.png 300w, https:\/\/ciudadanosdelmundo.org\/wp-content\/uploads\/2017\/12\/logo2-80x80.png 80w\" sizes=\"auto, (max-width: 400px) 100vw, 400px\" \/><\/div>[\/vc_column_inner][vc_column_inner width=\u00bb1\/4&#8243;]<div class=\"single_image wpb_content_element align-center    \" data-animation=\"none\" data-delay=\"0\"><img loading=\"lazy\" decoding=\"async\" width=\"505\" height=\"120\" src=\"https:\/\/ciudadanosdelmundo.org\/wp-content\/uploads\/2021\/05\/Farmacity_logo.png\" class=\"attachment-full\" alt=\"\" srcset=\"https:\/\/ciudadanosdelmundo.org\/wp-content\/uploads\/2021\/05\/Farmacity_logo.png 505w, https:\/\/ciudadanosdelmundo.org\/wp-content\/uploads\/2021\/05\/Farmacity_logo-300x71.png 300w, https:\/\/ciudadanosdelmundo.org\/wp-content\/uploads\/2021\/05\/Farmacity_logo-500x120.png 500w\" sizes=\"auto, (max-width: 505px) 100vw, 505px\" \/><\/div>[\/vc_column_inner][vc_column_inner width=\u00bb1\/4&#8243;]<div class=\"single_image wpb_content_element align-center    \" data-animation=\"none\" data-delay=\"0\"><img loading=\"lazy\" decoding=\"async\" width=\"1080\" height=\"1080\" src=\"https:\/\/ciudadanosdelmundo.org\/wp-content\/uploads\/2024\/09\/LOGO1080-1.jpg\" class=\"attachment-full\" alt=\"\" srcset=\"https:\/\/ciudadanosdelmundo.org\/wp-content\/uploads\/2024\/09\/LOGO1080-1.jpg 1080w, https:\/\/ciudadanosdelmundo.org\/wp-content\/uploads\/2024\/09\/LOGO1080-1-150x150.jpg 150w, https:\/\/ciudadanosdelmundo.org\/wp-content\/uploads\/2024\/09\/LOGO1080-1-300x300.jpg 300w, https:\/\/ciudadanosdelmundo.org\/wp-content\/uploads\/2024\/09\/LOGO1080-1-768x768.jpg 768w, https:\/\/ciudadanosdelmundo.org\/wp-content\/uploads\/2024\/09\/LOGO1080-1-1024x1024.jpg 1024w, https:\/\/ciudadanosdelmundo.org\/wp-content\/uploads\/2024\/09\/LOGO1080-1-80x80.jpg 80w, https:\/\/ciudadanosdelmundo.org\/wp-content\/uploads\/2024\/09\/LOGO1080-1-500x500.jpg 500w, https:\/\/ciudadanosdelmundo.org\/wp-content\/uploads\/2024\/09\/LOGO1080-1-1000x1000.jpg 1000w\" sizes=\"auto, (max-width: 1080px) 100vw, 1080px\" \/><\/div>[\/vc_column_inner][vc_column_inner width=\u00bb1\/4&#8243;]<div class=\"single_image wpb_content_element align-left    \" data-animation=\"none\" data-delay=\"0\"><img loading=\"lazy\" decoding=\"async\" width=\"794\" height=\"238\" src=\"https:\/\/ciudadanosdelmundo.org\/wp-content\/uploads\/2024\/09\/LOGO-HUOKY_page-0001.jpg\" class=\"attachment-full\" alt=\"\" srcset=\"https:\/\/ciudadanosdelmundo.org\/wp-content\/uploads\/2024\/09\/LOGO-HUOKY_page-0001.jpg 794w, https:\/\/ciudadanosdelmundo.org\/wp-content\/uploads\/2024\/09\/LOGO-HUOKY_page-0001-300x90.jpg 300w, https:\/\/ciudadanosdelmundo.org\/wp-content\/uploads\/2024\/09\/LOGO-HUOKY_page-0001-768x230.jpg 768w\" sizes=\"auto, (max-width: 794px) 100vw, 794px\" \/><\/div>[\/vc_column_inner][\/vc_row_inner][\/vc_column][\/vc_row][\/vc_section]<\/p>\n","protected":false},"excerpt":{"rendered":"<p>[vc_row row_id=\u00bbhome-slider\u00bb][vc_column width=\u00bb1\/1&#8243;][rev_slider_vc alias=\u00bbhome-slider\u00bb][\/vc_column][\/vc_row][vc_section css=\u00bb.vc_custom_1514567655239{background-color: #f7f7f7 !important;}\u00bb][vc_row bg_color=\u00bb#ffffff\u00bb text_align=\u00bbcenter\u00bb top_padding=\u00bb60&#8243; bottom_padding=\u00bb60&#8243; row_id=\u00bbintro-cols\u00bb][vc_column][\/vc_column][\/vc_row][vc_row top_padding=\u00bb60&#8243; bottom_padding=\u00bb60&#8243;][vc_column width=\u00bb1\/1&#8243;][vc_column_text] Nuestra misi\u00f3n es ayudar, sostener y mitigar las problem\u00e1ticas de diversas poblaciones que experimentan situaciones de vulnerabilidad. Al inmigrante o refugiado residente en la Argentina en el desaf\u00edo que representa el proceso de inserci\u00f3n en la sociedad, desarrollando programas espec\u00edficos para asistirlos permanentemente \u00a0y mejorar su calidad de vida. A los ni\u00f1os de primera infancia en su maduraci\u00f3n personal para que adopten comportamientos aut\u00f3nomos y solidarios. A la mujer, v\u00edctima de violencia dom\u00e9stica, acoso laboral y diversos abusos, asisti\u00e9ndola legalmente, capacit\u00e1ndola y apoyando sus proyectos de independencia y empoderamiento. A la poblaci\u00f3n en general, fomentando una cultura de paz, convivencia, tolerancia y autocontrol, colaborando para una mejor calidad de vida. A las organizaciones e instituciones que sufren procesos internos de crisis de transparencia, para que puedan mejorar sus est\u00e1ndares de procedimientos y erradicar las conductas y culturas organizacionales t\u00f3xicas. [\/vc_column_text][\/vc_column][\/vc_row][\/vc_section][vc_section css=\u00bb.vc_custom_1514501325702{background-color: #ffffff !important;}\u00bb][vc_row top_padding=\u00bb60&#8243; bottom_padding=\u00bb60&#8243;][vc_column width=\u00bb1\/1&#8243;][vc_column_text] La Fundaci\u00f3n se constituye como un espacio donde se promueve la inclusi\u00f3n, la integridad y el respeto por los derechos de inmigrantes y refugiados. [\/vc_column_text][\/vc_column][\/vc_row][vc_row bottom_padding=\u00bb60&#8243;][vc_column width=\u00bb1\/3&#8243;][\/vc_column][vc_column width=\u00bb1\/3&#8243;][\/vc_column][vc_column width=\u00bb1\/3&#8243;][\/vc_column][\/vc_row][\/vc_section][vc_section css=\u00bb.vc_custom_1514504534808{background-color: #f7f7f7 !important;}\u00bb][\/vc_section][vc_section][vc_row top_padding=\u00bb40&#8243; bottom_padding=\u00bb40&#8243;][vc_column width=\u00bb1\/1&#8243;][vc_row_inner][vc_column_inner width=\u00bb1\/4&#8243;][\/vc_column_inner][vc_column_inner width=\u00bb1\/4&#8243;][\/vc_column_inner][vc_column_inner width=\u00bb1\/4&#8243;][\/vc_column_inner][vc_column_inner width=\u00bb1\/4&#8243;][\/vc_column_inner][\/vc_row_inner][\/vc_column][\/vc_row][\/vc_section]<\/p>\n","protected":false},"author":1,"featured_media":0,"parent":0,"menu_order":0,"comment_status":"closed","ping_status":"closed","template":"","meta":{"footnotes":""},"class_list":["post-10","page","type-page","status-publish","hentry"],"_links":{"self":[{"href":"https:\/\/ciudadanosdelmundo.org\/index.php?rest_route=\/wp\/v2\/pages\/10","targetHints":{"allow":["GET"]}}],"collection":[{"href":"https:\/\/ciudadanosdelmundo.org\/index.php?rest_route=\/wp\/v2\/pages"}],"about":[{"href":"https:\/\/ciudadanosdelmundo.org\/index.php?rest_route=\/wp\/v2\/types\/page"}],"author":[{"embeddable":true,"href":"https:\/\/ciudadanosdelmundo.org\/index.php?rest_route=\/wp\/v2\/users\/1"}],"replies":[{"embeddable":true,"href":"https:\/\/ciudadanosdelmundo.org\/index.php?rest_route=%2Fwp%2Fv2%2Fcomments&post=10"}],"version-history":[{"count":78,"href":"https:\/\/ciudadanosdelmundo.org\/index.php?rest_route=\/wp\/v2\/pages\/10\/revisions"}],"predecessor-version":[{"id":14344,"href":"https:\/\/ciudadanosdelmundo.org\/index.php?rest_route=\/wp\/v2\/pages\/10\/revisions\/14344"}],"wp:attachment":[{"href":"https:\/\/ciudadanosdelmundo.org\/index.php?rest_route=%2Fwp%2Fv2%2Fmedia&parent=10"}],"curies":[{"name":"wp","href":"https:\/\/api.w.org\/{rel}","templated":true}]}}